{"id":47425,"date":"2022-11-29T17:47:37","date_gmt":"2022-11-29T16:47:37","guid":{"rendered":"https:\/\/sagradafamilia-tickets.com\/visita-la-sagrada-familia\/le-torri-della-sagrada-familia\/"},"modified":"2022-12-21T11:12:17","modified_gmt":"2022-12-21T10:12:17","slug":"le-torri-della-sagrada-familia","status":"publish","type":"page","link":"https:\/\/sagradafamilia-tickets.com\/it\/visita-la-sagrada-familia\/le-torri-della-sagrada-familia\/","title":{"rendered":"Le torri della Sagrada Familia"},"content":{"rendered":"\t\t<div data-elementor-type=\"wp-page\" data-elementor-id=\"47425\" class=\"elementor elementor-47425 elementor-3210\">\n\t\t\t\t\t\t<div class=\"elementor-inner\">\n\t\t\t\t<div class=\"elementor-section-wrap\">\n\t\t\t\t\t\t\t\t\t<section class=\"elementor-section elementor-top-section elementor-element elementor-element-608995a0 elementor-section-full_width elementor-section-height-min-height elementor-section-height-default elementor-section-items-middle\" data-id=\"608995a0\" data-element_type=\"section\" data-settings=\"{&quot;background_background&quot;:&quot;classic&quot;}\">\n\t\t\t\t\t\t\t<div class=\"elementor-background-overlay\"><\/div>\n\t\t\t\t\t\t\t<div class=\"elementor-container elementor-column-gap-default\">\n\t\t\t\t\t\t\t<div class=\"elementor-row\">\n\t\t\t\t\t<div class=\"elementor-column elementor-col-100 elementor-top-column elementor-element elementor-element-1df58d95\" data-id=\"1df58d95\" data-element_type=\"column\">\n\t\t\t<div class=\"elementor-column-wrap elementor-element-populated\">\n\t\t\t\t\t\t\t<div class=\"elementor-widget-wrap\">\n\t\t\t\t\t\t<div class=\"elementor-element elementor-element-e9e9e38 elementor-widget elementor-widget-heading\" data-id=\"e9e9e38\" data-element_type=\"widget\" data-widget_type=\"heading.default\">\n\t\t\t\t<div class=\"elementor-widget-container\">\n\t\t\t<h1 class=\"elementor-heading-title elementor-size-default\">Le torri della Sagrada Familia<\/h1>\t\t<\/div>\n\t\t\t\t<\/div>\n\t\t\t\t\t\t<\/div>\n\t\t\t\t\t<\/div>\n\t\t<\/div>\n\t\t\t\t\t\t\t\t<\/div>\n\t\t\t\t\t<\/div>\n\t\t<\/section>\n\t\t\t\t<section class=\"elementor-section elementor-top-section elementor-element elementor-element-79149282 elementor-section-boxed elementor-section-height-default elementor-section-height-default\" data-id=\"79149282\" data-element_type=\"section\" data-settings=\"{&quot;background_background&quot;:&quot;classic&quot;}\">\n\t\t\t\t\t\t<div class=\"elementor-container elementor-column-gap-default\">\n\t\t\t\t\t\t\t<div class=\"elementor-row\">\n\t\t\t\t\t<div class=\"elementor-column elementor-col-100 elementor-top-column elementor-element elementor-element-5328642\" data-id=\"5328642\" data-element_type=\"column\">\n\t\t\t<div class=\"elementor-column-wrap elementor-element-populated\">\n\t\t\t\t\t\t\t<div class=\"elementor-widget-wrap\">\n\t\t\t\t\t\t<div class=\"elementor-element elementor-element-30d28cff elementor-widget elementor-widget-text-editor\" data-id=\"30d28cff\" data-element_type=\"widget\" data-widget_type=\"text-editor.default\">\n\t\t\t\t<div class=\"elementor-widget-container\">\n\t\t\t\t\t\t\t\t<div class=\"elementor-text-editor elementor-clearfix\">\n\t\t\t\t<p><b>COVID-19:<\/b> Per garantire la salute di tutti, la Sagrada FamIlia sta applicando tutte le misure sanitarie stabilite dal Ministero della Salute spagnolo. <span style=\"text-decoration: underline;\"><a style=\"color: #ffffff; text-decoration: underline;\" href=\"https:\/\/sagradafamilia-tickets.com\/covid-19-safety-measures\/\" rel=\"nofollow\">Consulta qui le regole da seguire per i turisti.<\/a><\/span><\/p>\n\t\t\t\t\t<\/div>\n\t\t\t\t\t\t<\/div>\n\t\t\t\t<\/div>\n\t\t\t\t\t\t<\/div>\n\t\t\t\t\t<\/div>\n\t\t<\/div>\n\t\t\t\t\t\t\t\t<\/div>\n\t\t\t\t\t<\/div>\n\t\t<\/section>\n\t\t\t\t<section class=\"elementor-section elementor-top-section elementor-element elementor-element-c219c46 elementor-section-boxed elementor-section-height-default elementor-section-height-default\" data-id=\"c219c46\" data-element_type=\"section\">\n\t\t\t\t\t\t<div class=\"elementor-container elementor-column-gap-default\">\n\t\t\t\t\t\t\t<div class=\"elementor-row\">\n\t\t\t\t\t<div class=\"elementor-column elementor-col-100 elementor-top-column elementor-element elementor-element-c45b833\" data-id=\"c45b833\" data-element_type=\"column\">\n\t\t\t<div class=\"elementor-column-wrap elementor-element-populated\">\n\t\t\t\t\t\t\t<div class=\"elementor-widget-wrap\">\n\t\t\t\t\t\t<div class=\"elementor-element elementor-element-b54c4d6 elementor-widget elementor-widget-woocommerce-breadcrumb\" data-id=\"b54c4d6\" data-element_type=\"widget\" data-widget_type=\"woocommerce-breadcrumb.default\">\n\t\t\t\t<div class=\"elementor-widget-container\">\n\t\t\t<nav class=\"woocommerce-breadcrumb\">Home<\/nav>\t\t<\/div>\n\t\t\t\t<\/div>\n\t\t\t\t<div class=\"elementor-element elementor-element-c180f96 elementor-widget elementor-widget-spacer\" data-id=\"c180f96\" data-element_type=\"widget\" data-widget_type=\"spacer.default\">\n\t\t\t\t<div class=\"elementor-widget-container\">\n\t\t\t\t\t<div class=\"elementor-spacer\">\n\t\t\t<div class=\"elementor-spacer-inner\"><\/div>\n\t\t<\/div>\n\t\t\t\t<\/div>\n\t\t\t\t<\/div>\n\t\t\t\t\t\t<\/div>\n\t\t\t\t\t<\/div>\n\t\t<\/div>\n\t\t\t\t\t\t\t\t<\/div>\n\t\t\t\t\t<\/div>\n\t\t<\/section>\n\t\t\t\t<section class=\"elementor-section elementor-top-section elementor-element elementor-element-7f33b9f elementor-section-boxed elementor-section-height-default elementor-section-height-default\" data-id=\"7f33b9f\" data-element_type=\"section\">\n\t\t\t\t\t\t<div class=\"elementor-container elementor-column-gap-default\">\n\t\t\t\t\t\t\t<div class=\"elementor-row\">\n\t\t\t\t\t<div class=\"elementor-column elementor-col-100 elementor-top-column elementor-element elementor-element-7eae1b8\" data-id=\"7eae1b8\" data-element_type=\"column\">\n\t\t\t<div class=\"elementor-column-wrap elementor-element-populated\">\n\t\t\t\t\t\t\t<div class=\"elementor-widget-wrap\">\n\t\t\t\t\t\t<div class=\"elementor-element elementor-element-27413a2 elementor-widget elementor-widget-text-editor\" data-id=\"27413a2\" data-element_type=\"widget\" data-widget_type=\"text-editor.default\">\n\t\t\t\t<div class=\"elementor-widget-container\">\n\t\t\t\t\t\t\t\t<div class=\"elementor-text-editor elementor-clearfix\">\n\t\t\t\t<p>La Sagrada Familia \u00e8 stata immaginata da Antonio Gaud\u00ed con un totale di 18 torri o guglie, ciascuna dedicata a un&#8217;importante figura religiosa. Le dodici torri sono realizzate in onore dei Dodici Apostoli e sono distribuite sulle tre facciate del tempio. Le altre sei torri sono dedicate ai quattro Evangelisti, alla Vergine Maria e a Ges\u00f9 Cristo. Ad oggi ne sono stati completati otto, che corrispondono ai quattro apostoli della facciata della Nativit\u00e0 e ai quattro apostoli della facciata della Passione. La facciata della Gloria e le sue torri sono attualmente in costruzione.<\/p>\n\t\t\t\t\t<\/div>\n\t\t\t\t\t\t<\/div>\n\t\t\t\t<\/div>\n\t\t\t\t\t\t<\/div>\n\t\t\t\t\t<\/div>\n\t\t<\/div>\n\t\t\t\t\t\t\t\t<\/div>\n\t\t\t\t\t<\/div>\n\t\t<\/section>\n\t\t\t\t<section class=\"elementor-section elementor-top-section elementor-element elementor-element-81ebadf elementor-section-content-middle elementor-reverse-tablet elementor-reverse-mobile elementor-section-boxed elementor-section-height-default elementor-section-height-default\" data-id=\"81ebadf\" data-element_type=\"section\">\n\t\t\t\t\t\t<div class=\"elementor-container elementor-column-gap-default\">\n\t\t\t\t\t\t\t<div class=\"elementor-row\">\n\t\t\t\t\t<div class=\"elementor-column elementor-col-50 elementor-top-column elementor-element elementor-element-a32e4a0\" data-id=\"a32e4a0\" data-element_type=\"column\">\n\t\t\t<div class=\"elementor-column-wrap elementor-element-populated\">\n\t\t\t\t\t\t\t<div class=\"elementor-widget-wrap\">\n\t\t\t\t\t\t<div class=\"elementor-element elementor-element-5ffb50f elementor-widget elementor-widget-heading\" data-id=\"5ffb50f\" data-element_type=\"widget\" data-widget_type=\"heading.default\">\n\t\t\t\t<div class=\"elementor-widget-container\">\n\t\t\t<h2 class=\"elementor-heading-title elementor-size-default\">Torri della Nativit\u00e0<\/h2>\t\t<\/div>\n\t\t\t\t<\/div>\n\t\t\t\t<div class=\"elementor-element elementor-element-69689f2 elementor-widget-divider--view-line elementor-widget elementor-widget-divider\" data-id=\"69689f2\" data-element_type=\"widget\" data-widget_type=\"divider.default\">\n\t\t\t\t<div class=\"elementor-widget-container\">\n\t\t\t\t\t<div class=\"elementor-divider\">\n\t\t\t<span class=\"elementor-divider-separator\">\n\t\t\t\t\t\t<\/span>\n\t\t<\/div>\n\t\t\t\t<\/div>\n\t\t\t\t<\/div>\n\t\t\t\t<div class=\"elementor-element elementor-element-d1c1772 elementor-widget elementor-widget-text-editor\" data-id=\"d1c1772\" data-element_type=\"widget\" data-widget_type=\"text-editor.default\">\n\t\t\t\t<div class=\"elementor-widget-container\">\n\t\t\t\t\t\t\t\t<div class=\"elementor-text-editor elementor-clearfix\">\n\t\t\t\t<p>La facciata della Nativit\u00e0 \u00e8 una parte unica del tempio, poich\u00e9 \u00e8 stata costruita sotto la diretta supervisione di Gaud\u00ed. Dopo la sua morte, avvenuta nel 1926, l&#8217;unica torre ad essere completata fu quella di San Barnaba. Le altre tre, dedicate a San Simone, San Giuda Taddeo e San Matteo, sono in fase avanzata.<\/p>\n<p>I campanili: le due torri interne sono alte 107 metri, mentre le due torri esterne sono alte 98 metri. \u00c8 uno degli elementi principali e pi\u00f9 caratteristici della facciata. Sono completamente accessibili tramite scale a chiocciola, con uno spazio vuoto rilevante che arriva fino in cima. La lunghezza di tutti i campanili \u00e8 aperta da una sorta di persiane che permette di diffondere il suono delle campane tubolari, come previsto da Gaud\u00ed. La sagoma in cima ricorda il bastone di un vescovo e, inoltre, ci sono altri simboli da ammirare: il nodo dell&#8217;anello vescovile e la croce dorata con le lettere maiuscole dell&#8217;apostolo a cui \u00e8 dedicata ogni torre.<\/p>\n\t\t\t\t\t<\/div>\n\t\t\t\t\t\t<\/div>\n\t\t\t\t<\/div>\n\t\t\t\t\t\t<\/div>\n\t\t\t\t\t<\/div>\n\t\t<\/div>\n\t\t\t\t<div class=\"elementor-column elementor-col-50 elementor-top-column elementor-element elementor-element-d954b52\" data-id=\"d954b52\" data-element_type=\"column\">\n\t\t\t<div class=\"elementor-column-wrap elementor-element-populated\">\n\t\t\t\t\t\t\t<div class=\"elementor-widget-wrap\">\n\t\t\t\t\t\t<div class=\"elementor-element elementor-element-4740f37 elementor-widget elementor-widget-image\" data-id=\"4740f37\" data-element_type=\"widget\" data-widget_type=\"image.default\">\n\t\t\t\t<div class=\"elementor-widget-container\">\n\t\t\t\t\t\t\t\t<div class=\"elementor-image\">\n\t\t\t\t\t\t\t\t\t\t\t\t<img width=\"712\" height=\"804\" src=\"https:\/\/sagradafamilia-tickets.com\/wp-content\/uploads\/2020\/07\/15.jpg\" class=\"attachment-large size-large wp-image-47287\" alt=\"\" loading=\"lazy\" srcset=\"https:\/\/sagradafamilia-tickets.com\/wp-content\/uploads\/2020\/07\/15.jpg 712w, https:\/\/sagradafamilia-tickets.com\/wp-content\/uploads\/2020\/07\/15-266x300.jpg 266w, https:\/\/sagradafamilia-tickets.com\/wp-content\/uploads\/2020\/07\/15-600x678.jpg 600w\" sizes=\"(max-width: 712px) 100vw, 712px\" \/>\t\t\t\t\t\t\t\t\t\t\t\t\t\t<\/div>\n\t\t\t\t\t\t<\/div>\n\t\t\t\t<\/div>\n\t\t\t\t\t\t<\/div>\n\t\t\t\t\t<\/div>\n\t\t<\/div>\n\t\t\t\t\t\t\t\t<\/div>\n\t\t\t\t\t<\/div>\n\t\t<\/section>\n\t\t\t\t<section class=\"elementor-section elementor-top-section elementor-element elementor-element-8386e19 elementor-section-content-middle elementor-reverse-tablet elementor-reverse-mobile elementor-section-boxed elementor-section-height-default elementor-section-height-default\" data-id=\"8386e19\" data-element_type=\"section\">\n\t\t\t\t\t\t<div class=\"elementor-container elementor-column-gap-default\">\n\t\t\t\t\t\t\t<div class=\"elementor-row\">\n\t\t\t\t\t<div class=\"elementor-column elementor-col-100 elementor-top-column elementor-element elementor-element-bbe96cb\" data-id=\"bbe96cb\" data-element_type=\"column\">\n\t\t\t<div class=\"elementor-column-wrap elementor-element-populated\">\n\t\t\t\t\t\t\t<div class=\"elementor-widget-wrap\">\n\t\t\t\t\t\t<div class=\"elementor-element elementor-element-6827c6a elementor-widget elementor-widget-text-editor\" data-id=\"6827c6a\" data-element_type=\"widget\" data-widget_type=\"text-editor.default\">\n\t\t\t\t<div class=\"elementor-widget-container\">\n\t\t\t\t\t\t\t\t<div class=\"elementor-text-editor elementor-clearfix\">\n\t\t\t\t<p>Ciascuna delle torri \u00e8 dedicata a un apostolo, rappresentato da una grande statua situata nel punto esatto in cui le torri passano da una struttura quadrata a una circolare, permettendo agli spazi triangolari risultanti di formare balconi che fungono da base e che si possono visitare per godere di ottime viste.<\/p>\n<p>La Facciata della Nativit\u00e0 \u00e8 rivolta a nord-est, luogo in cui sorge il sole e che a sua volta rappresenta la nascita di Ges\u00f9 Cristo. Dalla cima delle torri si gode della migliore vista sul lato orientale della citt\u00e0 di Barcellona, che comprende le montagne e il mare che bagna la costa. Si pu\u00f2 anche godere di una vista mozzafiato delle sculture nelle torri, che sono tutte accessibili ai visitatori e collegate tra loro da un ponte. L&#8217;accesso avviene tramite un ascensore per salire, mentre per scendere \u00e8 necessario prendere le scale.<\/p>\n\t\t\t\t\t<\/div>\n\t\t\t\t\t\t<\/div>\n\t\t\t\t<\/div>\n\t\t\t\t\t\t<\/div>\n\t\t\t\t\t<\/div>\n\t\t<\/div>\n\t\t\t\t\t\t\t\t<\/div>\n\t\t\t\t\t<\/div>\n\t\t<\/section>\n\t\t\t\t<section class=\"elementor-section elementor-top-section elementor-element elementor-element-b5969c5 elementor-section-content-middle elementor-reverse-tablet elementor-reverse-mobile elementor-section-boxed elementor-section-height-default elementor-section-height-default\" data-id=\"b5969c5\" data-element_type=\"section\">\n\t\t\t\t\t\t<div class=\"elementor-container elementor-column-gap-default\">\n\t\t\t\t\t\t\t<div class=\"elementor-row\">\n\t\t\t\t\t<div class=\"elementor-column elementor-col-50 elementor-top-column elementor-element elementor-element-2b33212\" data-id=\"2b33212\" data-element_type=\"column\">\n\t\t\t<div class=\"elementor-column-wrap elementor-element-populated\">\n\t\t\t\t\t\t\t<div class=\"elementor-widget-wrap\">\n\t\t\t\t\t\t<div class=\"elementor-element elementor-element-32a4675 elementor-widget elementor-widget-image\" data-id=\"32a4675\" data-element_type=\"widget\" data-widget_type=\"image.default\">\n\t\t\t\t<div class=\"elementor-widget-container\">\n\t\t\t\t\t\t\t\t<div class=\"elementor-image\">\n\t\t\t\t\t\t\t\t\t\t\t\t<img width=\"713\" height=\"876\" src=\"https:\/\/sagradafamilia-tickets.com\/wp-content\/uploads\/2020\/07\/16-2.jpg\" class=\"attachment-large size-large wp-image-47299\" alt=\"\" loading=\"lazy\" srcset=\"https:\/\/sagradafamilia-tickets.com\/wp-content\/uploads\/2020\/07\/16-2.jpg 713w, https:\/\/sagradafamilia-tickets.com\/wp-content\/uploads\/2020\/07\/16-2-244x300.jpg 244w, https:\/\/sagradafamilia-tickets.com\/wp-content\/uploads\/2020\/07\/16-2-600x737.jpg 600w\" sizes=\"(max-width: 713px) 100vw, 713px\" \/>\t\t\t\t\t\t\t\t\t\t\t\t\t\t<\/div>\n\t\t\t\t\t\t<\/div>\n\t\t\t\t<\/div>\n\t\t\t\t\t\t<\/div>\n\t\t\t\t\t<\/div>\n\t\t<\/div>\n\t\t\t\t<div class=\"elementor-column elementor-col-50 elementor-top-column elementor-element elementor-element-15f85c1\" data-id=\"15f85c1\" data-element_type=\"column\">\n\t\t\t<div class=\"elementor-column-wrap elementor-element-populated\">\n\t\t\t\t\t\t\t<div class=\"elementor-widget-wrap\">\n\t\t\t\t\t\t<div class=\"elementor-element elementor-element-0ea51a5 elementor-widget elementor-widget-heading\" data-id=\"0ea51a5\" data-element_type=\"widget\" data-widget_type=\"heading.default\">\n\t\t\t\t<div class=\"elementor-widget-container\">\n\t\t\t<h2 class=\"elementor-heading-title elementor-size-default\">Torri della Facciata della Passione<\/h2>\t\t<\/div>\n\t\t\t\t<\/div>\n\t\t\t\t<div class=\"elementor-element elementor-element-82be753 elementor-widget-divider--view-line elementor-widget elementor-widget-divider\" data-id=\"82be753\" data-element_type=\"widget\" data-widget_type=\"divider.default\">\n\t\t\t\t<div class=\"elementor-widget-container\">\n\t\t\t\t\t<div class=\"elementor-divider\">\n\t\t\t<span class=\"elementor-divider-separator\">\n\t\t\t\t\t\t<\/span>\n\t\t<\/div>\n\t\t\t\t<\/div>\n\t\t\t\t<\/div>\n\t\t\t\t<div class=\"elementor-element elementor-element-ee9578c elementor-widget elementor-widget-text-editor\" data-id=\"ee9578c\" data-element_type=\"widget\" data-widget_type=\"text-editor.default\">\n\t\t\t\t<div class=\"elementor-widget-container\">\n\t\t\t\t\t\t\t\t<div class=\"elementor-text-editor elementor-clearfix\">\n\t\t\t\t<p>La Facciata della Passione \u00e8 rivolta a ovest e rappresenta la sofferenza e il dolore di Cristo durante la sua crocifissione. Dal punto di vista della decorazione, \u00e8 l&#8217;opposto della Facciata della Nativit\u00e0, pi\u00f9 grezza e semplice. \u00c8 l&#8217;unica parte della Sagrada Familia che presenta linee rette e forme geometriche. La facciata, che rappresenta la passione e la morte di Ges\u00f9 Cristo e la stessa Nativit\u00e0, presenta quattro campanili dedicati ad altrettanti apostoli: San Giacomo, San Tommaso, San Filippo e San Bartolomeo. I due centrali sono alti 112 metri e quelli esterni 107 metri.<\/p>\n<p>Ciascuna delle torri \u00e8 rappresentata da un&#8217;enorme statua, posta a un terzo dell&#8217;altezza della sua lunghezza totale. Hanno una forma pi\u00f9 romboidale, ma diventano ellittici a una certa altezza, e sono completamente accessibili tramite scale a chiocciola con un grande vuoto centrale. I campanili per tutta la loro lunghezza si aprono attraverso una sorta di persiana che permette esattamente la diffusione del suono prevista da Gaud\u00ed per le campane tubolari. Le torri della Facciata della Passione sono pi\u00f9 recenti, la costruzione \u00e8 iniziata nel 1954 e completata nel 2018.<\/p>\n\t\t\t\t\t<\/div>\n\t\t\t\t\t\t<\/div>\n\t\t\t\t<\/div>\n\t\t\t\t\t\t<\/div>\n\t\t\t\t\t<\/div>\n\t\t<\/div>\n\t\t\t\t\t\t\t\t<\/div>\n\t\t\t\t\t<\/div>\n\t\t<\/section>\n\t\t\t\t<section class=\"elementor-section elementor-top-section elementor-element elementor-element-25528a8 elementor-section-content-middle elementor-reverse-tablet elementor-reverse-mobile elementor-section-boxed elementor-section-height-default elementor-section-height-default\" data-id=\"25528a8\" data-element_type=\"section\">\n\t\t\t\t\t\t<div class=\"elementor-container elementor-column-gap-default\">\n\t\t\t\t\t\t\t<div class=\"elementor-row\">\n\t\t\t\t\t<div class=\"elementor-column elementor-col-100 elementor-top-column elementor-element elementor-element-33d8aa6\" data-id=\"33d8aa6\" data-element_type=\"column\">\n\t\t\t<div class=\"elementor-column-wrap elementor-element-populated\">\n\t\t\t\t\t\t\t<div class=\"elementor-widget-wrap\">\n\t\t\t\t\t\t<div class=\"elementor-element elementor-element-5867c09 elementor-widget elementor-widget-text-editor\" data-id=\"5867c09\" data-element_type=\"widget\" data-widget_type=\"text-editor.default\">\n\t\t\t\t<div class=\"elementor-widget-container\">\n\t\t\t\t\t\t\t\t<div class=\"elementor-text-editor elementor-clearfix\">\n\t\t\t\t<p>Dalle torri della Facciata della Passione si possono ammirare due tipi di panorami: le sculture scheletriche sulle quattro torri della Facciata della Passione e una vista mozzafiato sul Mar Mediterraneo che bagna la citt\u00e0. Tutte le torri sono ora accessibili ai visitatori e si pu\u00f2 salire con l&#8217;ascensore, ma si pu\u00f2 scendere soltanto facendo le scale. Inoltre, per salire sulle torri \u00e8 necessario acquistare un biglietto di accesso.<\/p>\n\t\t\t\t\t<\/div>\n\t\t\t\t\t\t<\/div>\n\t\t\t\t<\/div>\n\t\t\t\t\t\t<\/div>\n\t\t\t\t\t<\/div>\n\t\t<\/div>\n\t\t\t\t\t\t\t\t<\/div>\n\t\t\t\t\t<\/div>\n\t\t<\/section>\n\t\t\t\t<section class=\"elementor-section elementor-top-section elementor-element elementor-element-0fb4850 elementor-section-content-middle elementor-reverse-tablet elementor-reverse-mobile elementor-section-boxed elementor-section-height-default elementor-section-height-default\" data-id=\"0fb4850\" data-element_type=\"section\">\n\t\t\t\t\t\t<div class=\"elementor-container elementor-column-gap-default\">\n\t\t\t\t\t\t\t<div class=\"elementor-row\">\n\t\t\t\t\t<div class=\"elementor-column elementor-col-50 elementor-top-column elementor-element elementor-element-ab3855e\" data-id=\"ab3855e\" data-element_type=\"column\">\n\t\t\t<div class=\"elementor-column-wrap elementor-element-populated\">\n\t\t\t\t\t\t\t<div class=\"elementor-widget-wrap\">\n\t\t\t\t\t\t<div class=\"elementor-element elementor-element-1927fb5 elementor-widget elementor-widget-heading\" data-id=\"1927fb5\" data-element_type=\"widget\" data-widget_type=\"heading.default\">\n\t\t\t\t<div class=\"elementor-widget-container\">\n\t\t\t<h2 class=\"elementor-heading-title elementor-size-default\">Torri centrali<\/h2>\t\t<\/div>\n\t\t\t\t<\/div>\n\t\t\t\t<div class=\"elementor-element elementor-element-9b88bc5 elementor-widget-divider--view-line elementor-widget elementor-widget-divider\" data-id=\"9b88bc5\" data-element_type=\"widget\" data-widget_type=\"divider.default\">\n\t\t\t\t<div class=\"elementor-widget-container\">\n\t\t\t\t\t<div class=\"elementor-divider\">\n\t\t\t<span class=\"elementor-divider-separator\">\n\t\t\t\t\t\t<\/span>\n\t\t<\/div>\n\t\t\t\t<\/div>\n\t\t\t\t<\/div>\n\t\t\t\t<div class=\"elementor-element elementor-element-92006a2 elementor-widget elementor-widget-text-editor\" data-id=\"92006a2\" data-element_type=\"widget\" data-widget_type=\"text-editor.default\">\n\t\t\t\t<div class=\"elementor-widget-container\">\n\t\t\t\t\t\t\t\t<div class=\"elementor-text-editor elementor-clearfix\">\n\t\t\t\t<p>Tra la sua nascita e i giorni nostri, la citt\u00e0 di Barcellona ha vissuto momenti storici nel tentativo di completare la costruzione della Sagrada Familia. Nel 2019, le Torri Centrali hanno guadagnato cos\u00ec tanto in altezza che ora sono pi\u00f9 alte dei campanili che hanno caratterizzato il tempio per tanti anni. Ci\u00f2 significa che l&#8217;immagine iconica che il tempio ha rappresentato per pi\u00f9 di un secolo (quella delle sagome delle torri della Facciata della Nativit\u00e0 che toccano il cielo) viene lasciata alle spalle man mano che la costruzione dell&#8217;edificio procede, con le sei Torri Centrali che dovrebbero raggiungere i 172,50 metri entro il 2022.<\/p>\n<p>Le torri centrali rappresentano: Ges\u00f9 Cristo al centro, la Vergine Maria e i quattro evangelisti intorno a lei. I quattro evangelisti sono gli autori dei Vangeli, testi che descrivono la vita esemplare di Ges\u00f9 Cristo. I quattro vangeli della Bibbia sono stati scritti da Matteo, Marco, Luca e Giovanni, il primo e l&#8217;ultimo dei quali erano discepoli diretti di Ges\u00f9. Gli evangelisti sono quindi molto importanti perch\u00e9 rappresentano, in una certa misura, la parola di Dio. Queste torri raggiungeranno i 125 metri di altezza.<\/p>\n\t\t\t\t\t<\/div>\n\t\t\t\t\t\t<\/div>\n\t\t\t\t<\/div>\n\t\t\t\t\t\t<\/div>\n\t\t\t\t\t<\/div>\n\t\t<\/div>\n\t\t\t\t<div class=\"elementor-column elementor-col-50 elementor-top-column elementor-element elementor-element-4136949\" data-id=\"4136949\" data-element_type=\"column\">\n\t\t\t<div class=\"elementor-column-wrap elementor-element-populated\">\n\t\t\t\t\t\t\t<div class=\"elementor-widget-wrap\">\n\t\t\t\t\t\t<div class=\"elementor-element elementor-element-1a1e1aa elementor-widget elementor-widget-image\" data-id=\"1a1e1aa\" data-element_type=\"widget\" data-widget_type=\"image.default\">\n\t\t\t\t<div class=\"elementor-widget-container\">\n\t\t\t\t\t\t\t\t<div class=\"elementor-image\">\n\t\t\t\t\t\t\t\t\t\t\t\t<img width=\"710\" height=\"837\" src=\"https:\/\/sagradafamilia-tickets.com\/wp-content\/uploads\/2020\/07\/17.jpg\" class=\"attachment-large size-large wp-image-47289\" alt=\"\" loading=\"lazy\" srcset=\"https:\/\/sagradafamilia-tickets.com\/wp-content\/uploads\/2020\/07\/17.jpg 710w, https:\/\/sagradafamilia-tickets.com\/wp-content\/uploads\/2020\/07\/17-254x300.jpg 254w, https:\/\/sagradafamilia-tickets.com\/wp-content\/uploads\/2020\/07\/17-600x707.jpg 600w\" sizes=\"(max-width: 710px) 100vw, 710px\" \/>\t\t\t\t\t\t\t\t\t\t\t\t\t\t<\/div>\n\t\t\t\t\t\t<\/div>\n\t\t\t\t<\/div>\n\t\t\t\t\t\t<\/div>\n\t\t\t\t\t<\/div>\n\t\t<\/div>\n\t\t\t\t\t\t\t\t<\/div>\n\t\t\t\t\t<\/div>\n\t\t<\/section>\n\t\t\t\t<section class=\"elementor-section elementor-top-section elementor-element elementor-element-e9624b3 elementor-section-content-middle elementor-reverse-tablet elementor-reverse-mobile elementor-section-boxed elementor-section-height-default elementor-section-height-default\" data-id=\"e9624b3\" data-element_type=\"section\">\n\t\t\t\t\t\t<div class=\"elementor-container elementor-column-gap-default\">\n\t\t\t\t\t\t\t<div class=\"elementor-row\">\n\t\t\t\t\t<div class=\"elementor-column elementor-col-100 elementor-top-column elementor-element elementor-element-89cd4b1\" data-id=\"89cd4b1\" data-element_type=\"column\">\n\t\t\t<div class=\"elementor-column-wrap elementor-element-populated\">\n\t\t\t\t\t\t\t<div class=\"elementor-widget-wrap\">\n\t\t\t\t\t\t<div class=\"elementor-element elementor-element-5c9c0b1 elementor-widget elementor-widget-text-editor\" data-id=\"5c9c0b1\" data-element_type=\"widget\" data-widget_type=\"text-editor.default\">\n\t\t\t\t<div class=\"elementor-widget-container\">\n\t\t\t\t\t\t\t\t<div class=\"elementor-text-editor elementor-clearfix\">\n\t\t\t\t<p>La torre della Vergine Maria \u00e8 molto importante ed \u00e8 posta di fronte a Ges\u00f9, anche se \u00e8 un po&#8217; pi\u00f9 piccola delle torri degli Evangelisti, con un&#8217;altezza di 123 metri. Al centro di tutto c&#8217;\u00e8 la Torre di Ges\u00f9 Cristo, che sar\u00e0 alta 172,50 metri e che, una volta completata, far\u00e0 della Sagrada Familia la chiesa pi\u00f9 alta del mondo. Inoltre, l&#8217;altezza della Torre Centrale fu intenzionalmente progettata da Gaud\u00ed per essere un metro pi\u00f9 bassa della collina di Montju\u00efc a Barcellona, la pi\u00f9 alta della citt\u00e0, perch\u00e9 riteneva che il suo edificio non dovesse essere pi\u00f9 alto dell&#8217;opera di Dio.<\/p>\n\t\t\t\t\t<\/div>\n\t\t\t\t\t\t<\/div>\n\t\t\t\t<\/div>\n\t\t\t\t\t\t<\/div>\n\t\t\t\t\t<\/div>\n\t\t<\/div>\n\t\t\t\t\t\t\t\t<\/div>\n\t\t\t\t\t<\/div>\n\t\t<\/section>\n\t\t\t\t<section class=\"elementor-section elementor-top-section elementor-element elementor-element-0cf5462 elementor-section-content-middle elementor-reverse-tablet elementor-reverse-mobile elementor-section-boxed elementor-section-height-default elementor-section-height-default\" data-id=\"0cf5462\" data-element_type=\"section\">\n\t\t\t\t\t\t<div class=\"elementor-container elementor-column-gap-default\">\n\t\t\t\t\t\t\t<div class=\"elementor-row\">\n\t\t\t\t\t<div class=\"elementor-column elementor-col-50 elementor-top-column elementor-element elementor-element-fe2858f\" data-id=\"fe2858f\" data-element_type=\"column\">\n\t\t\t<div class=\"elementor-column-wrap elementor-element-populated\">\n\t\t\t\t\t\t\t<div class=\"elementor-widget-wrap\">\n\t\t\t\t\t\t<div class=\"elementor-element elementor-element-ce863e0 elementor-widget elementor-widget-image\" data-id=\"ce863e0\" data-element_type=\"widget\" data-widget_type=\"image.default\">\n\t\t\t\t<div class=\"elementor-widget-container\">\n\t\t\t\t\t\t\t\t<div class=\"elementor-image\">\n\t\t\t\t\t\t\t\t\t\t\t\t<img width=\"713\" height=\"687\" src=\"https:\/\/sagradafamilia-tickets.com\/wp-content\/uploads\/2020\/07\/lift.jpg\" class=\"attachment-large size-large wp-image-47298\" alt=\"\" loading=\"lazy\" srcset=\"https:\/\/sagradafamilia-tickets.com\/wp-content\/uploads\/2020\/07\/lift.jpg 713w, https:\/\/sagradafamilia-tickets.com\/wp-content\/uploads\/2020\/07\/lift-300x289.jpg 300w, https:\/\/sagradafamilia-tickets.com\/wp-content\/uploads\/2020\/07\/lift-600x578.jpg 600w\" sizes=\"(max-width: 713px) 100vw, 713px\" \/>\t\t\t\t\t\t\t\t\t\t\t\t\t\t<\/div>\n\t\t\t\t\t\t<\/div>\n\t\t\t\t<\/div>\n\t\t\t\t\t\t<\/div>\n\t\t\t\t\t<\/div>\n\t\t<\/div>\n\t\t\t\t<div class=\"elementor-column elementor-col-50 elementor-top-column elementor-element elementor-element-21ba569\" data-id=\"21ba569\" data-element_type=\"column\">\n\t\t\t<div class=\"elementor-column-wrap elementor-element-populated\">\n\t\t\t\t\t\t\t<div class=\"elementor-widget-wrap\">\n\t\t\t\t\t\t<div class=\"elementor-element elementor-element-23a2b41 elementor-widget elementor-widget-heading\" data-id=\"23a2b41\" data-element_type=\"widget\" data-widget_type=\"heading.default\">\n\t\t\t\t<div class=\"elementor-widget-container\">\n\t\t\t<h2 class=\"elementor-heading-title elementor-size-default\">Salire sulle torri della Sagrada Familia<\/h2>\t\t<\/div>\n\t\t\t\t<\/div>\n\t\t\t\t<div class=\"elementor-element elementor-element-b0ff5f6 elementor-widget-divider--view-line elementor-widget elementor-widget-divider\" data-id=\"b0ff5f6\" data-element_type=\"widget\" data-widget_type=\"divider.default\">\n\t\t\t\t<div class=\"elementor-widget-container\">\n\t\t\t\t\t<div class=\"elementor-divider\">\n\t\t\t<span class=\"elementor-divider-separator\">\n\t\t\t\t\t\t<\/span>\n\t\t<\/div>\n\t\t\t\t<\/div>\n\t\t\t\t<\/div>\n\t\t\t\t<div class=\"elementor-element elementor-element-3595f94 elementor-widget elementor-widget-text-editor\" data-id=\"3595f94\" data-element_type=\"widget\" data-widget_type=\"text-editor.default\">\n\t\t\t\t<div class=\"elementor-widget-container\">\n\t\t\t\t\t\t\t\t<div class=\"elementor-text-editor elementor-clearfix\">\n\t\t\t\t<p>Le Torri della Facciata della Nativit\u00e0 e della Passione sono state completate e sono aperte ai visitatori tutto l&#8217;anno, con un costo aggiuntivo rispetto al biglietto d&#8217;ingresso generale. Offrono una vista spettacolare sulla citt\u00e0 di Barcellona e sul Mar Mediterraneo. Una volta completate, anche le torri centrali e le torri della Facciata della Gloria saranno accessibili al pubblico.<\/p>\n<p>Le torri si raggiungono con un ascensore; ce n&#8217;\u00e8 uno su ogni facciata per salire e ammirare il panorama mozzafiato. Per motivi di sicurezza, \u00e8 sconsigliato alle persone con problemi di mobilit\u00e0, poich\u00e9 la discesa deve avvenire tramite scale.<\/p>\n\t\t\t\t\t<\/div>\n\t\t\t\t\t\t<\/div>\n\t\t\t\t<\/div>\n\t\t\t\t\t\t<\/div>\n\t\t\t\t\t<\/div>\n\t\t<\/div>\n\t\t\t\t\t\t\t\t<\/div>\n\t\t\t\t\t<\/div>\n\t\t<\/section>\n\t\t\t\t<section class=\"elementor-section elementor-top-section elementor-element elementor-element-149e165 elementor-section-content-middle elementor-reverse-tablet elementor-reverse-mobile elementor-section-boxed elementor-section-height-default elementor-section-height-default\" data-id=\"149e165\" data-element_type=\"section\">\n\t\t\t\t\t\t<div class=\"elementor-container elementor-column-gap-default\">\n\t\t\t\t\t\t\t<div class=\"elementor-row\">\n\t\t\t\t\t<div class=\"elementor-column elementor-col-100 elementor-top-column elementor-element elementor-element-64cb862\" data-id=\"64cb862\" data-element_type=\"column\">\n\t\t\t<div class=\"elementor-column-wrap elementor-element-populated\">\n\t\t\t\t\t\t\t<div class=\"elementor-widget-wrap\">\n\t\t\t\t\t\t<div class=\"elementor-element elementor-element-b1d85ca elementor-align-center elementor-widget elementor-widget-button\" data-id=\"b1d85ca\" data-element_type=\"widget\" data-widget_type=\"button.default\">\n\t\t\t\t<div class=\"elementor-widget-container\">\n\t\t\t\t\t<div class=\"elementor-button-wrapper\">\n\t\t\t<a href=\"https:\/\/sagradafamilia-tickets.com\/it\/sagrada-familia-tickets\/\" class=\"elementor-button-link elementor-button elementor-size-sm\" role=\"button\">\n\t\t\t\t\t\t<span class=\"elementor-button-content-wrapper\">\n\t\t\t\t\t\t<span class=\"elementor-button-text\">Ottieni i biglietti per Le Torri<\/span>\n\t\t<\/span>\n\t\t\t\t\t<\/a>\n\t\t<\/div>\n\t\t\t\t<\/div>\n\t\t\t\t<\/div>\n\t\t\t\t\t\t<\/div>\n\t\t\t\t\t<\/div>\n\t\t<\/div>\n\t\t\t\t\t\t\t\t<\/div>\n\t\t\t\t\t<\/div>\n\t\t<\/section>\n\t\t\t\t\t\t\t\t\t<\/div>\n\t\t\t<\/div>\n\t\t\t\t\t<\/div>\n\t\t","protected":false},"excerpt":{"rendered":"<p>Le torri della Sagrada Familia COVID-19: Per garantire la salute di tutti, la Sagrada FamIlia sta applicando tutte le misure sanitarie stabilite dal Ministero della Salute spagnolo. Consulta qui le regole da seguire per i turisti. La Sagrada Familia \u00e8 stata immaginata da Antonio Gaud\u00ed con un totale di 18 torri o guglie, ciascuna dedicata &hellip;<\/p>\n<p class=\"read-more\"> <a class=\"\" href=\"https:\/\/sagradafamilia-tickets.com\/it\/visita-la-sagrada-familia\/le-torri-della-sagrada-familia\/\"> <span class=\"screen-reader-text\">Le torri della Sagrada Familia<\/span> Leggi altro &raquo;<\/a><\/p>\n","protected":false},"author":3,"featured_media":0,"parent":47395,"menu_order":0,"comment_status":"closed","ping_status":"closed","template":"","meta":{"site-sidebar-layout":"no-sidebar","site-content-layout":"page-builder","ast-global-header-display":"","ast-main-header-display":"","ast-hfb-above-header-display":"","ast-hfb-below-header-display":"","ast-hfb-mobile-header-display":"","site-post-title":"disabled","ast-breadcrumbs-content":"","ast-featured-img":"disabled","footer-sml-layout":"","theme-transparent-header-meta":"default","adv-header-id-meta":"","stick-header-meta":"","header-above-stick-meta":"","header-main-stick-meta":"","header-below-stick-meta":""},"yoast_head":"<!-- This site is optimized with the Yoast SEO plugin v20.4 - https:\/\/yoast.com\/wordpress\/plugins\/seo\/ -->\n<title>Le torri della Sagrada Familia | Informazioni sulla Sagrada Familia<\/title>\n<meta name=\"description\" content=\"Antoni Gaud\u00ed progett\u00f2 la Sagrada Familia con 18 torri in totale, ognuna delle quali rappresenta un&#039;importante figura religiosa con Ges\u00f9 al centro; per saperne di pi\u00f9, clicca qui!\" \/>\n<meta name=\"robots\" content=\"noindex, follow, max-snippet:-1, max-image-preview:large, max-video-preview:-1\" \/>\n<meta property=\"og:locale\" content=\"it_IT\" \/>\n<meta property=\"og:type\" content=\"article\" \/>\n<meta property=\"og:title\" content=\"Le torri della Sagrada Familia | Informazioni sulla Sagrada Familia\" \/>\n<meta property=\"og:description\" content=\"Antoni Gaud\u00ed progett\u00f2 la Sagrada Familia con 18 torri in totale, ognuna delle quali rappresenta un&#039;importante figura religiosa con Ges\u00f9 al centro; per saperne di pi\u00f9, clicca qui!\" \/>\n<meta property=\"og:url\" content=\"https:\/\/sagradafamilia-tickets.com\/visit-sagrada-familia\/towers\/\" \/>\n<meta property=\"og:site_name\" content=\"Sagrada Familia Barcelona\" \/>\n<meta property=\"article:modified_time\" content=\"2022-12-21T10:12:17+00:00\" \/>\n<meta property=\"og:image\" content=\"https:\/\/sagradafamilia-tickets.com\/wp-content\/uploads\/2020\/07\/15.jpg\" \/>\n<meta name=\"twitter:card\" content=\"summary_large_image\" \/>\n<meta name=\"twitter:label1\" content=\"Tempo di lettura stimato\" \/>\n\t<meta name=\"twitter:data1\" content=\"5 minuti\" \/>\n<script type=\"application\/ld+json\" class=\"yoast-schema-graph\">{\"@context\":\"https:\/\/schema.org\",\"@graph\":[{\"@type\":\"WebPage\",\"@id\":\"https:\/\/sagradafamilia-tickets.com\/visit-sagrada-familia\/towers\/\",\"url\":\"https:\/\/sagradafamilia-tickets.com\/visit-sagrada-familia\/towers\/\",\"name\":\"Le torri della Sagrada Familia | Informazioni sulla Sagrada Familia\",\"isPartOf\":{\"@id\":\"https:\/\/sagradafamilia-tickets.com\/#website\"},\"datePublished\":\"2022-11-29T16:47:37+00:00\",\"dateModified\":\"2022-12-21T10:12:17+00:00\",\"description\":\"Antoni Gaud\u00ed progett\u00f2 la Sagrada Familia con 18 torri in totale, ognuna delle quali rappresenta un'importante figura religiosa con Ges\u00f9 al centro; per saperne di pi\u00f9, clicca qui!\",\"breadcrumb\":{\"@id\":\"https:\/\/sagradafamilia-tickets.com\/visit-sagrada-familia\/towers\/#breadcrumb\"},\"inLanguage\":\"it-IT\",\"potentialAction\":[{\"@type\":\"ReadAction\",\"target\":[\"https:\/\/sagradafamilia-tickets.com\/visit-sagrada-familia\/towers\/\"]}]},{\"@type\":\"BreadcrumbList\",\"@id\":\"https:\/\/sagradafamilia-tickets.com\/visit-sagrada-familia\/towers\/#breadcrumb\",\"itemListElement\":[{\"@type\":\"ListItem\",\"position\":1,\"name\":\"Home\",\"item\":\"https:\/\/sagradafamilia-tickets.com\/\"},{\"@type\":\"ListItem\",\"position\":2,\"name\":\"Visita la Sagrada Familia\",\"item\":\"https:\/\/sagradafamilia-tickets.com\/visit-sagrada-familia\/\"},{\"@type\":\"ListItem\",\"position\":3,\"name\":\"Le torri della Sagrada Familia\"}]},{\"@type\":\"WebSite\",\"@id\":\"https:\/\/sagradafamilia-tickets.com\/#website\",\"url\":\"https:\/\/sagradafamilia-tickets.com\/\",\"name\":\"Sagrada Familia Barcelona\",\"description\":\"Book Your Tickets &amp; Tours\",\"publisher\":{\"@id\":\"https:\/\/sagradafamilia-tickets.com\/#organization\"},\"potentialAction\":[{\"@type\":\"SearchAction\",\"target\":{\"@type\":\"EntryPoint\",\"urlTemplate\":\"https:\/\/sagradafamilia-tickets.com\/?s={search_term_string}\"},\"query-input\":\"required name=search_term_string\"}],\"inLanguage\":\"it-IT\"},{\"@type\":\"Organization\",\"@id\":\"https:\/\/sagradafamilia-tickets.com\/#organization\",\"name\":\"Sagrada Familia Barcelona\",\"url\":\"https:\/\/sagradafamilia-tickets.com\/\",\"logo\":{\"@type\":\"ImageObject\",\"inLanguage\":\"it-IT\",\"@id\":\"https:\/\/sagradafamilia-tickets.com\/#\/schema\/logo\/image\/\",\"url\":\"https:\/\/sagradafamilia-tickets.com\/wp-content\/uploads\/2022\/08\/Sagrada-Familia-Tick.png\",\"contentUrl\":\"https:\/\/sagradafamilia-tickets.com\/wp-content\/uploads\/2022\/08\/Sagrada-Familia-Tick.png\",\"width\":526,\"height\":50,\"caption\":\"Sagrada Familia Barcelona\"},\"image\":{\"@id\":\"https:\/\/sagradafamilia-tickets.com\/#\/schema\/logo\/image\/\"}}]}<\/script>\n<!-- \/ Yoast SEO plugin. -->","yoast_head_json":{"title":"Le torri della Sagrada Familia | Informazioni sulla Sagrada Familia","description":"Antoni Gaud\u00ed progett\u00f2 la Sagrada Familia con 18 torri in totale, ognuna delle quali rappresenta un'importante figura religiosa con Ges\u00f9 al centro; per saperne di pi\u00f9, clicca qui!","robots":{"index":"noindex","follow":"follow","max-snippet":"max-snippet:-1","max-image-preview":"max-image-preview:large","max-video-preview":"max-video-preview:-1"},"og_locale":"it_IT","og_type":"article","og_title":"Le torri della Sagrada Familia | Informazioni sulla Sagrada Familia","og_description":"Antoni Gaud\u00ed progett\u00f2 la Sagrada Familia con 18 torri in totale, ognuna delle quali rappresenta un'importante figura religiosa con Ges\u00f9 al centro; per saperne di pi\u00f9, clicca qui!","og_url":"https:\/\/sagradafamilia-tickets.com\/visit-sagrada-familia\/towers\/","og_site_name":"Sagrada Familia Barcelona","article_modified_time":"2022-12-21T10:12:17+00:00","og_image":[{"url":"https:\/\/sagradafamilia-tickets.com\/wp-content\/uploads\/2020\/07\/15.jpg"}],"twitter_card":"summary_large_image","twitter_misc":{"Tempo di lettura stimato":"5 minuti"},"schema":{"@context":"https:\/\/schema.org","@graph":[{"@type":"WebPage","@id":"https:\/\/sagradafamilia-tickets.com\/visit-sagrada-familia\/towers\/","url":"https:\/\/sagradafamilia-tickets.com\/visit-sagrada-familia\/towers\/","name":"Le torri della Sagrada Familia | Informazioni sulla Sagrada Familia","isPartOf":{"@id":"https:\/\/sagradafamilia-tickets.com\/#website"},"datePublished":"2022-11-29T16:47:37+00:00","dateModified":"2022-12-21T10:12:17+00:00","description":"Antoni Gaud\u00ed progett\u00f2 la Sagrada Familia con 18 torri in totale, ognuna delle quali rappresenta un'importante figura religiosa con Ges\u00f9 al centro; per saperne di pi\u00f9, clicca qui!","breadcrumb":{"@id":"https:\/\/sagradafamilia-tickets.com\/visit-sagrada-familia\/towers\/#breadcrumb"},"inLanguage":"it-IT","potentialAction":[{"@type":"ReadAction","target":["https:\/\/sagradafamilia-tickets.com\/visit-sagrada-familia\/towers\/"]}]},{"@type":"BreadcrumbList","@id":"https:\/\/sagradafamilia-tickets.com\/visit-sagrada-familia\/towers\/#breadcrumb","itemListElement":[{"@type":"ListItem","position":1,"name":"Home","item":"https:\/\/sagradafamilia-tickets.com\/"},{"@type":"ListItem","position":2,"name":"Visita la Sagrada Familia","item":"https:\/\/sagradafamilia-tickets.com\/visit-sagrada-familia\/"},{"@type":"ListItem","position":3,"name":"Le torri della Sagrada Familia"}]},{"@type":"WebSite","@id":"https:\/\/sagradafamilia-tickets.com\/#website","url":"https:\/\/sagradafamilia-tickets.com\/","name":"Sagrada Familia Barcelona","description":"Book Your Tickets &amp; Tours","publisher":{"@id":"https:\/\/sagradafamilia-tickets.com\/#organization"},"potentialAction":[{"@type":"SearchAction","target":{"@type":"EntryPoint","urlTemplate":"https:\/\/sagradafamilia-tickets.com\/?s={search_term_string}"},"query-input":"required name=search_term_string"}],"inLanguage":"it-IT"},{"@type":"Organization","@id":"https:\/\/sagradafamilia-tickets.com\/#organization","name":"Sagrada Familia Barcelona","url":"https:\/\/sagradafamilia-tickets.com\/","logo":{"@type":"ImageObject","inLanguage":"it-IT","@id":"https:\/\/sagradafamilia-tickets.com\/#\/schema\/logo\/image\/","url":"https:\/\/sagradafamilia-tickets.com\/wp-content\/uploads\/2022\/08\/Sagrada-Familia-Tick.png","contentUrl":"https:\/\/sagradafamilia-tickets.com\/wp-content\/uploads\/2022\/08\/Sagrada-Familia-Tick.png","width":526,"height":50,"caption":"Sagrada Familia Barcelona"},"image":{"@id":"https:\/\/sagradafamilia-tickets.com\/#\/schema\/logo\/image\/"}}]}},"_links":{"self":[{"href":"https:\/\/sagradafamilia-tickets.com\/it\/wp-json\/wp\/v2\/pages\/47425"}],"collection":[{"href":"https:\/\/sagradafamilia-tickets.com\/it\/wp-json\/wp\/v2\/pages"}],"about":[{"href":"https:\/\/sagradafamilia-tickets.com\/it\/wp-json\/wp\/v2\/types\/page"}],"author":[{"embeddable":true,"href":"https:\/\/sagradafamilia-tickets.com\/it\/wp-json\/wp\/v2\/users\/3"}],"replies":[{"embeddable":true,"href":"https:\/\/sagradafamilia-tickets.com\/it\/wp-json\/wp\/v2\/comments?post=47425"}],"version-history":[{"count":6,"href":"https:\/\/sagradafamilia-tickets.com\/it\/wp-json\/wp\/v2\/pages\/47425\/revisions"}],"predecessor-version":[{"id":50235,"href":"https:\/\/sagradafamilia-tickets.com\/it\/wp-json\/wp\/v2\/pages\/47425\/revisions\/50235"}],"up":[{"embeddable":true,"href":"https:\/\/sagradafamilia-tickets.com\/it\/wp-json\/wp\/v2\/pages\/47395"}],"wp:attachment":[{"href":"https:\/\/sagradafamilia-tickets.com\/it\/wp-json\/wp\/v2\/media?parent=47425"}],"curies":[{"name":"wp","href":"https:\/\/api.w.org\/{rel}","templated":true}]}}