{"id":47421,"date":"2022-11-29T17:32:48","date_gmt":"2022-11-29T16:32:48","guid":{"rendered":"https:\/\/sagradafamilia-tickets.com\/visita-la-sagrada-familia\/interno-della-sagrada-familia\/"},"modified":"2022-12-21T11:09:57","modified_gmt":"2022-12-21T10:09:57","slug":"interno-della-sagrada-familia","status":"publish","type":"page","link":"https:\/\/sagradafamilia-tickets.com\/it\/visita-la-sagrada-familia\/interno-della-sagrada-familia\/","title":{"rendered":"Interno della Sagrada Familia"},"content":{"rendered":"\t\t<div data-elementor-type=\"wp-page\" data-elementor-id=\"47421\" class=\"elementor elementor-47421 elementor-3207\">\n\t\t\t\t\t\t<div class=\"elementor-inner\">\n\t\t\t\t<div class=\"elementor-section-wrap\">\n\t\t\t\t\t\t\t\t\t<section class=\"elementor-section elementor-top-section elementor-element elementor-element-608995a0 elementor-section-full_width elementor-section-height-min-height elementor-section-height-default elementor-section-items-middle\" data-id=\"608995a0\" data-element_type=\"section\" data-settings=\"{&quot;background_background&quot;:&quot;classic&quot;}\">\n\t\t\t\t\t\t\t<div class=\"elementor-background-overlay\"><\/div>\n\t\t\t\t\t\t\t<div class=\"elementor-container elementor-column-gap-default\">\n\t\t\t\t\t\t\t<div class=\"elementor-row\">\n\t\t\t\t\t<div class=\"elementor-column elementor-col-100 elementor-top-column elementor-element elementor-element-1df58d95\" data-id=\"1df58d95\" data-element_type=\"column\">\n\t\t\t<div class=\"elementor-column-wrap elementor-element-populated\">\n\t\t\t\t\t\t\t<div class=\"elementor-widget-wrap\">\n\t\t\t\t\t\t<div class=\"elementor-element elementor-element-e9e9e38 elementor-widget elementor-widget-heading\" data-id=\"e9e9e38\" data-element_type=\"widget\" data-widget_type=\"heading.default\">\n\t\t\t\t<div class=\"elementor-widget-container\">\n\t\t\t<h1 class=\"elementor-heading-title elementor-size-default\">Interno della Sagrada Familia<\/h1>\t\t<\/div>\n\t\t\t\t<\/div>\n\t\t\t\t\t\t<\/div>\n\t\t\t\t\t<\/div>\n\t\t<\/div>\n\t\t\t\t\t\t\t\t<\/div>\n\t\t\t\t\t<\/div>\n\t\t<\/section>\n\t\t\t\t<section class=\"elementor-section elementor-top-section elementor-element elementor-element-42b699be elementor-section-boxed elementor-section-height-default elementor-section-height-default\" data-id=\"42b699be\" data-element_type=\"section\" data-settings=\"{&quot;background_background&quot;:&quot;classic&quot;}\">\n\t\t\t\t\t\t<div class=\"elementor-container elementor-column-gap-default\">\n\t\t\t\t\t\t\t<div class=\"elementor-row\">\n\t\t\t\t\t<div class=\"elementor-column elementor-col-100 elementor-top-column elementor-element elementor-element-4f2b556a\" data-id=\"4f2b556a\" data-element_type=\"column\">\n\t\t\t<div class=\"elementor-column-wrap elementor-element-populated\">\n\t\t\t\t\t\t\t<div class=\"elementor-widget-wrap\">\n\t\t\t\t\t\t<div class=\"elementor-element elementor-element-49250d66 elementor-widget elementor-widget-text-editor\" data-id=\"49250d66\" data-element_type=\"widget\" data-widget_type=\"text-editor.default\">\n\t\t\t\t<div class=\"elementor-widget-container\">\n\t\t\t\t\t\t\t\t<div class=\"elementor-text-editor elementor-clearfix\">\n\t\t\t\t<p><b>COVID-19:<\/b> Per garantire la salute di tutti, la Sagrada FamIlia sta applicando tutte le misure sanitarie stabilite dal Ministero della Salute spagnolo. <span style=\"text-decoration: underline;\"><a style=\"color: #ffffff; text-decoration: underline;\" href=\"https:\/\/sagradafamilia-tickets.com\/covid-19-safety-measures\/\" rel=\"nofollow\">Consulta qui le regole da seguire per i turisti.<\/a><\/span><\/p>\n\t\t\t\t\t<\/div>\n\t\t\t\t\t\t<\/div>\n\t\t\t\t<\/div>\n\t\t\t\t\t\t<\/div>\n\t\t\t\t\t<\/div>\n\t\t<\/div>\n\t\t\t\t\t\t\t\t<\/div>\n\t\t\t\t\t<\/div>\n\t\t<\/section>\n\t\t\t\t<section class=\"elementor-section elementor-top-section elementor-element elementor-element-c219c46 elementor-section-boxed elementor-section-height-default elementor-section-height-default\" data-id=\"c219c46\" data-element_type=\"section\">\n\t\t\t\t\t\t<div class=\"elementor-container elementor-column-gap-default\">\n\t\t\t\t\t\t\t<div class=\"elementor-row\">\n\t\t\t\t\t<div class=\"elementor-column elementor-col-100 elementor-top-column elementor-element elementor-element-c45b833\" data-id=\"c45b833\" data-element_type=\"column\">\n\t\t\t<div class=\"elementor-column-wrap elementor-element-populated\">\n\t\t\t\t\t\t\t<div class=\"elementor-widget-wrap\">\n\t\t\t\t\t\t<div class=\"elementor-element elementor-element-b54c4d6 elementor-widget elementor-widget-woocommerce-breadcrumb\" data-id=\"b54c4d6\" data-element_type=\"widget\" data-widget_type=\"woocommerce-breadcrumb.default\">\n\t\t\t\t<div class=\"elementor-widget-container\">\n\t\t\t<nav class=\"woocommerce-breadcrumb\">Home<\/nav>\t\t<\/div>\n\t\t\t\t<\/div>\n\t\t\t\t<div class=\"elementor-element elementor-element-c180f96 elementor-widget elementor-widget-spacer\" data-id=\"c180f96\" data-element_type=\"widget\" data-widget_type=\"spacer.default\">\n\t\t\t\t<div class=\"elementor-widget-container\">\n\t\t\t\t\t<div class=\"elementor-spacer\">\n\t\t\t<div class=\"elementor-spacer-inner\"><\/div>\n\t\t<\/div>\n\t\t\t\t<\/div>\n\t\t\t\t<\/div>\n\t\t\t\t\t\t<\/div>\n\t\t\t\t\t<\/div>\n\t\t<\/div>\n\t\t\t\t\t\t\t\t<\/div>\n\t\t\t\t\t<\/div>\n\t\t<\/section>\n\t\t\t\t<section class=\"elementor-section elementor-top-section elementor-element elementor-element-7f33b9f elementor-section-boxed elementor-section-height-default elementor-section-height-default\" data-id=\"7f33b9f\" data-element_type=\"section\">\n\t\t\t\t\t\t<div class=\"elementor-container elementor-column-gap-default\">\n\t\t\t\t\t\t\t<div class=\"elementor-row\">\n\t\t\t\t\t<div class=\"elementor-column elementor-col-100 elementor-top-column elementor-element elementor-element-7eae1b8\" data-id=\"7eae1b8\" data-element_type=\"column\">\n\t\t\t<div class=\"elementor-column-wrap elementor-element-populated\">\n\t\t\t\t\t\t\t<div class=\"elementor-widget-wrap\">\n\t\t\t\t\t\t<div class=\"elementor-element elementor-element-27413a2 elementor-widget elementor-widget-text-editor\" data-id=\"27413a2\" data-element_type=\"widget\" data-widget_type=\"text-editor.default\">\n\t\t\t\t<div class=\"elementor-widget-container\">\n\t\t\t\t\t\t\t\t<div class=\"elementor-text-editor elementor-clearfix\">\n\t\t\t\t<p>Uno degli edifici pi\u00f9 famosi e iconici di Barcellona \u00e8 la Sagrada Familia. La chiesa \u00e8 di dimensioni enormi e, sebbene sia spesso scambiata per una cattedrale, non ha una cattedra (sede del vescovo), quindi non \u00e8 una cattedrale ufficiale. L&#8217;11 luglio 2010, la Sagrada Familia \u00e8 stata consacrata da Papa Benedetto XVI ed elevata a basilica. \u00c8 senza dubbio uno degli edifici pi\u00f9 belli e imponenti del mondo, sia all&#8217;interno che all&#8217;esterno.<\/p>\n\t\t\t\t\t<\/div>\n\t\t\t\t\t\t<\/div>\n\t\t\t\t<\/div>\n\t\t\t\t\t\t<\/div>\n\t\t\t\t\t<\/div>\n\t\t<\/div>\n\t\t\t\t\t\t\t\t<\/div>\n\t\t\t\t\t<\/div>\n\t\t<\/section>\n\t\t\t\t<section class=\"elementor-section elementor-top-section elementor-element elementor-element-81ebadf elementor-section-content-middle elementor-reverse-tablet elementor-reverse-mobile elementor-section-boxed elementor-section-height-default elementor-section-height-default\" data-id=\"81ebadf\" data-element_type=\"section\">\n\t\t\t\t\t\t<div class=\"elementor-container elementor-column-gap-default\">\n\t\t\t\t\t\t\t<div class=\"elementor-row\">\n\t\t\t\t\t<div class=\"elementor-column elementor-col-50 elementor-top-column elementor-element elementor-element-a32e4a0\" data-id=\"a32e4a0\" data-element_type=\"column\">\n\t\t\t<div class=\"elementor-column-wrap elementor-element-populated\">\n\t\t\t\t\t\t\t<div class=\"elementor-widget-wrap\">\n\t\t\t\t\t\t<div class=\"elementor-element elementor-element-5ffb50f elementor-widget elementor-widget-heading\" data-id=\"5ffb50f\" data-element_type=\"widget\" data-widget_type=\"heading.default\">\n\t\t\t\t<div class=\"elementor-widget-container\">\n\t\t\t<h2 class=\"elementor-heading-title elementor-size-default\">Cappella di San Giuseppe<\/h2>\t\t<\/div>\n\t\t\t\t<\/div>\n\t\t\t\t<div class=\"elementor-element elementor-element-69689f2 elementor-widget-divider--view-line elementor-widget elementor-widget-divider\" data-id=\"69689f2\" data-element_type=\"widget\" data-widget_type=\"divider.default\">\n\t\t\t\t<div class=\"elementor-widget-container\">\n\t\t\t\t\t<div class=\"elementor-divider\">\n\t\t\t<span class=\"elementor-divider-separator\">\n\t\t\t\t\t\t<\/span>\n\t\t<\/div>\n\t\t\t\t<\/div>\n\t\t\t\t<\/div>\n\t\t\t\t<div class=\"elementor-element elementor-element-d1c1772 elementor-widget elementor-widget-text-editor\" data-id=\"d1c1772\" data-element_type=\"widget\" data-widget_type=\"text-editor.default\">\n\t\t\t\t<div class=\"elementor-widget-container\">\n\t\t\t\t\t\t\t\t<div class=\"elementor-text-editor elementor-clearfix\">\n\t\t\t\t<p>Las obras de la Sagrada Familia se iniciaron el 19 de marzo de 1882, en plena festividad de San Jos\u00e9, con la colocaci\u00f3n de la primera piedra del templo en un acto especial con todos los honores exigidos y protagonizado por los m\u00e1ximos dirigentes del \u00e1mbito civil, pol\u00edtico, religioso y militar del momento. I lavori della Sagrada Familia iniziarono il 19 marzo 1882, in occasione della festa di San Giuseppe, con la posa della prima pietra della chiesa in una cerimonia speciale con tutti gli onori richiesti e con la partecipazione dei pi\u00f9 alti dirigenti civili, politici, religiosi e militari dell&#8217;epoca. Questa data fu scelta appositamente dal responsabile dell&#8217;idea della Sagrada Familia, il filantropo Josep Maria Bocabella, allora presidente dell&#8217;Associazione Spirituale dei Devoti di San Giuseppe. Bocabella intendeva costruire una chiesa che mettesse alla prova i nervi e la resistenza di una societ\u00e0 che alla fine del XIX secolo stava subendo molti cambiamenti.<\/p>\n\t\t\t\t\t<\/div>\n\t\t\t\t\t\t<\/div>\n\t\t\t\t<\/div>\n\t\t\t\t\t\t<\/div>\n\t\t\t\t\t<\/div>\n\t\t<\/div>\n\t\t\t\t<div class=\"elementor-column elementor-col-50 elementor-top-column elementor-element elementor-element-d954b52\" data-id=\"d954b52\" data-element_type=\"column\">\n\t\t\t<div class=\"elementor-column-wrap elementor-element-populated\">\n\t\t\t\t\t\t\t<div class=\"elementor-widget-wrap\">\n\t\t\t\t\t\t<div class=\"elementor-element elementor-element-4740f37 elementor-widget elementor-widget-image\" data-id=\"4740f37\" data-element_type=\"widget\" data-widget_type=\"image.default\">\n\t\t\t\t<div class=\"elementor-widget-container\">\n\t\t\t\t\t\t\t\t<div class=\"elementor-image\">\n\t\t\t\t\t\t\t\t\t\t\t\t<img width=\"553\" height=\"467\" src=\"https:\/\/sagradafamilia-tickets.com\/wp-content\/uploads\/2020\/07\/sanjose.jpg\" class=\"attachment-large size-large wp-image-47297\" alt=\"\" loading=\"lazy\" srcset=\"https:\/\/sagradafamilia-tickets.com\/wp-content\/uploads\/2020\/07\/sanjose.jpg 553w, https:\/\/sagradafamilia-tickets.com\/wp-content\/uploads\/2020\/07\/sanjose-300x253.jpg 300w\" sizes=\"(max-width: 553px) 100vw, 553px\" \/>\t\t\t\t\t\t\t\t\t\t\t\t\t\t<\/div>\n\t\t\t\t\t\t<\/div>\n\t\t\t\t<\/div>\n\t\t\t\t\t\t<\/div>\n\t\t\t\t\t<\/div>\n\t\t<\/div>\n\t\t\t\t\t\t\t\t<\/div>\n\t\t\t\t\t<\/div>\n\t\t<\/section>\n\t\t\t\t<section class=\"elementor-section elementor-top-section elementor-element elementor-element-8386e19 elementor-section-content-middle elementor-reverse-tablet elementor-reverse-mobile elementor-section-boxed elementor-section-height-default elementor-section-height-default\" data-id=\"8386e19\" data-element_type=\"section\">\n\t\t\t\t\t\t<div class=\"elementor-container elementor-column-gap-default\">\n\t\t\t\t\t\t\t<div class=\"elementor-row\">\n\t\t\t\t\t<div class=\"elementor-column elementor-col-100 elementor-top-column elementor-element elementor-element-bbe96cb\" data-id=\"bbe96cb\" data-element_type=\"column\">\n\t\t\t<div class=\"elementor-column-wrap elementor-element-populated\">\n\t\t\t\t\t\t\t<div class=\"elementor-widget-wrap\">\n\t\t\t\t\t\t<div class=\"elementor-element elementor-element-6827c6a elementor-widget elementor-widget-text-editor\" data-id=\"6827c6a\" data-element_type=\"widget\" data-widget_type=\"text-editor.default\">\n\t\t\t\t<div class=\"elementor-widget-container\">\n\t\t\t\t\t\t\t\t<div class=\"elementor-text-editor elementor-clearfix\">\n\t\t\t\t<p>Da quel giorno passarono tre anni fino all&#8217;inaugurazione della cappella centrale della cripta, la prima delle tre inaugurazioni che si tennero nella chiesa nel corso della sua storia, ognuna per commemorare una sezione completata. L&#8217;archivio della Sagrada Familia conserva l&#8217;invito originale all&#8217;evento, illustrato e dipinto con i motivi disegnati da Gaud\u00ed per la cappella. Il legame tra la festa di San Giuseppe e la Sagrada Familia \u00e8 evidente dai documenti raccolti sull&#8217;andamento dei lavori. Il punto di riferimento per i progressi \u00e8 stato da marzo a marzo. In occasione del 125\u00b0 anniversario della posa della prima pietra, nel 2007, sono stati organizzati diversi eventi per celebrare i progressi, tra cui una mostra e una messa. Negli ultimi anni, in particolare in occasione della festa di San Giuseppe nel 2015, la Cappella di San Giuseppe \u00e8 stata nuovamente inaugurata dopo un meticoloso e attento restauro.<\/p>\n\t\t\t\t\t<\/div>\n\t\t\t\t\t\t<\/div>\n\t\t\t\t<\/div>\n\t\t\t\t\t\t<\/div>\n\t\t\t\t\t<\/div>\n\t\t<\/div>\n\t\t\t\t\t\t\t\t<\/div>\n\t\t\t\t\t<\/div>\n\t\t<\/section>\n\t\t\t\t<section class=\"elementor-section elementor-top-section elementor-element elementor-element-0cf5462 elementor-section-content-middle elementor-reverse-tablet elementor-reverse-mobile elementor-section-boxed elementor-section-height-default elementor-section-height-default\" data-id=\"0cf5462\" data-element_type=\"section\">\n\t\t\t\t\t\t<div class=\"elementor-container elementor-column-gap-default\">\n\t\t\t\t\t\t\t<div class=\"elementor-row\">\n\t\t\t\t\t<div class=\"elementor-column elementor-col-50 elementor-top-column elementor-element elementor-element-fe2858f\" data-id=\"fe2858f\" data-element_type=\"column\">\n\t\t\t<div class=\"elementor-column-wrap elementor-element-populated\">\n\t\t\t\t\t\t\t<div class=\"elementor-widget-wrap\">\n\t\t\t\t\t\t<div class=\"elementor-element elementor-element-ce863e0 elementor-widget elementor-widget-image\" data-id=\"ce863e0\" data-element_type=\"widget\" data-widget_type=\"image.default\">\n\t\t\t\t<div class=\"elementor-widget-container\">\n\t\t\t\t\t\t\t\t<div class=\"elementor-image\">\n\t\t\t\t\t\t\t\t\t\t\t\t<img width=\"715\" height=\"689\" src=\"https:\/\/sagradafamilia-tickets.com\/wp-content\/uploads\/2020\/07\/13.jpg\" class=\"attachment-large size-large wp-image-47285\" alt=\"\" loading=\"lazy\" srcset=\"https:\/\/sagradafamilia-tickets.com\/wp-content\/uploads\/2020\/07\/13.jpg 715w, https:\/\/sagradafamilia-tickets.com\/wp-content\/uploads\/2020\/07\/13-300x289.jpg 300w, https:\/\/sagradafamilia-tickets.com\/wp-content\/uploads\/2020\/07\/13-600x578.jpg 600w\" sizes=\"(max-width: 715px) 100vw, 715px\" \/>\t\t\t\t\t\t\t\t\t\t\t\t\t\t<\/div>\n\t\t\t\t\t\t<\/div>\n\t\t\t\t<\/div>\n\t\t\t\t\t\t<\/div>\n\t\t\t\t\t<\/div>\n\t\t<\/div>\n\t\t\t\t<div class=\"elementor-column elementor-col-50 elementor-top-column elementor-element elementor-element-21ba569\" data-id=\"21ba569\" data-element_type=\"column\">\n\t\t\t<div class=\"elementor-column-wrap elementor-element-populated\">\n\t\t\t\t\t\t\t<div class=\"elementor-widget-wrap\">\n\t\t\t\t\t\t<div class=\"elementor-element elementor-element-23a2b41 elementor-widget elementor-widget-heading\" data-id=\"23a2b41\" data-element_type=\"widget\" data-widget_type=\"heading.default\">\n\t\t\t\t<div class=\"elementor-widget-container\">\n\t\t\t<h2 class=\"elementor-heading-title elementor-size-default\">Interni della Sagrada Familia<\/h2>\t\t<\/div>\n\t\t\t\t<\/div>\n\t\t\t\t<div class=\"elementor-element elementor-element-b0ff5f6 elementor-widget-divider--view-line elementor-widget elementor-widget-divider\" data-id=\"b0ff5f6\" data-element_type=\"widget\" data-widget_type=\"divider.default\">\n\t\t\t\t<div class=\"elementor-widget-container\">\n\t\t\t\t\t<div class=\"elementor-divider\">\n\t\t\t<span class=\"elementor-divider-separator\">\n\t\t\t\t\t\t<\/span>\n\t\t<\/div>\n\t\t\t\t<\/div>\n\t\t\t\t<\/div>\n\t\t\t\t<div class=\"elementor-element elementor-element-3595f94 elementor-widget elementor-widget-text-editor\" data-id=\"3595f94\" data-element_type=\"widget\" data-widget_type=\"text-editor.default\">\n\t\t\t\t<div class=\"elementor-widget-container\">\n\t\t\t\t\t\t\t\t<div class=\"elementor-text-editor elementor-clearfix\">\n\t\t\t\t<p>L&#8217;interno della Sagrada Familia ha la forma di una croce latina ed \u00e8 composto da cinque navate cos\u00ec distribuite: Le volte della navata centrale raggiungono i 45 metri (148 piedi) e quelle laterali i 30 metri (98 piedi). Il transetto (una trasversale tipica dell&#8217;architettura gotica) ha tre navate e le colonne sono su una griglia di 7,5 metri (25 piedi). Le colonne dell&#8217;abside (una cavit\u00e0 semicircolare coperta da una volta emisferica), che poggiano sulle fondamenta realizzate da Francisco del Villar, non aderiscono alla griglia, rendendo necessaria una sezione di colonne per il passaggio. Questa griglia, quindi, crea uno schema a ferro di cavallo per il disegno delle colonne.<\/p>\n\t\t\t\t\t<\/div>\n\t\t\t\t\t\t<\/div>\n\t\t\t\t<\/div>\n\t\t\t\t\t\t<\/div>\n\t\t\t\t\t<\/div>\n\t\t<\/div>\n\t\t\t\t\t\t\t\t<\/div>\n\t\t\t\t\t<\/div>\n\t\t<\/section>\n\t\t\t\t<section class=\"elementor-section elementor-top-section elementor-element elementor-element-25528a8 elementor-section-content-middle elementor-reverse-tablet elementor-reverse-mobile elementor-section-boxed elementor-section-height-default elementor-section-height-default\" data-id=\"25528a8\" data-element_type=\"section\">\n\t\t\t\t\t\t<div class=\"elementor-container elementor-column-gap-default\">\n\t\t\t\t\t\t\t<div class=\"elementor-row\">\n\t\t\t\t\t<div class=\"elementor-column elementor-col-100 elementor-top-column elementor-element elementor-element-33d8aa6\" data-id=\"33d8aa6\" data-element_type=\"column\">\n\t\t\t<div class=\"elementor-column-wrap elementor-element-populated\">\n\t\t\t\t\t\t\t<div class=\"elementor-widget-wrap\">\n\t\t\t\t\t\t<div class=\"elementor-element elementor-element-5867c09 elementor-widget elementor-widget-text-editor\" data-id=\"5867c09\" data-element_type=\"widget\" data-widget_type=\"text-editor.default\">\n\t\t\t\t<div class=\"elementor-widget-container\">\n\t\t\t\t\t\t\t\t<div class=\"elementor-text-editor elementor-clearfix\">\n\t\t\t\t<p>L&#8217;incrocio poggia su quattro colonne centrali di porfido (un tipo di roccia ignea molto utilizzata in edilizia per la sua resistenza), che sostengono un grande iperboloide circondato da due anelli di dodici iperboloidi, attualmente in costruzione. La volta centrale raggiunge un&#8217;altezza di 60 metri (200 piedi).<\/p>\n<p>Le colonne, invece, sono realizzate con materiali di diversa durezza: quelle pi\u00f9 lunghe e spesse sono in porfido rosso, i pilastri di medie dimensioni sono in basalto e quelli pi\u00f9 piccoli sostengono il presbiterio.<\/p>\n<p>In architettura, l&#8217;abside \u00e8 la parte posteriore dell&#8217;altare maggiore di una chiesa, dove di solito si trova l&#8217;altare. Pu\u00f2 essere semicircolare, poligonale o lobata ed \u00e8 generalmente a volta. Subito dopo aver terminato la cripta, Gaud\u00ed fece costruire sopra di essa l&#8217;abside, in stile gotico, circondata da sette cappelle e da due scale laterali a sinistra e a destra.<\/p>\n<p>L&#8217;abside fu completata nel 1893 con un&#8217;enorme cupola coronata, sostenuta da massicce colonne in onore della Vergine Maria, ed \u00e8 sormontata da un&#8217;altra volta iperboloide che si innalza per 75 metri. L&#8217;intenzione di Gaud\u00ed era che il visitatore, quando si trovava all&#8217;ingresso principale, fosse in grado di vedere le volte della navata, del transetto e dell&#8217;abside, e quindi l&#8217;altezza gradualmente crescente della volta.<\/p>\n\t\t\t\t\t<\/div>\n\t\t\t\t\t\t<\/div>\n\t\t\t\t<\/div>\n\t\t\t\t\t\t<\/div>\n\t\t\t\t\t<\/div>\n\t\t<\/div>\n\t\t\t\t\t\t\t\t<\/div>\n\t\t\t\t\t<\/div>\n\t\t<\/section>\n\t\t\t\t<section class=\"elementor-section elementor-top-section elementor-element elementor-element-0fb4850 elementor-section-content-middle elementor-reverse-tablet elementor-reverse-mobile elementor-section-boxed elementor-section-height-default elementor-section-height-default\" data-id=\"0fb4850\" data-element_type=\"section\">\n\t\t\t\t\t\t<div class=\"elementor-container elementor-column-gap-default\">\n\t\t\t\t\t\t\t<div class=\"elementor-row\">\n\t\t\t\t\t<div class=\"elementor-column elementor-col-50 elementor-top-column elementor-element elementor-element-ab3855e\" data-id=\"ab3855e\" data-element_type=\"column\">\n\t\t\t<div class=\"elementor-column-wrap elementor-element-populated\">\n\t\t\t\t\t\t\t<div class=\"elementor-widget-wrap\">\n\t\t\t\t\t\t<div class=\"elementor-element elementor-element-1927fb5 elementor-widget elementor-widget-heading\" data-id=\"1927fb5\" data-element_type=\"widget\" data-widget_type=\"heading.default\">\n\t\t\t\t<div class=\"elementor-widget-container\">\n\t\t\t<h2 class=\"elementor-heading-title elementor-size-default\">L'illuminazione<\/h2>\t\t<\/div>\n\t\t\t\t<\/div>\n\t\t\t\t<div class=\"elementor-element elementor-element-9b88bc5 elementor-widget-divider--view-line elementor-widget elementor-widget-divider\" data-id=\"9b88bc5\" data-element_type=\"widget\" data-widget_type=\"divider.default\">\n\t\t\t\t<div class=\"elementor-widget-container\">\n\t\t\t\t\t<div class=\"elementor-divider\">\n\t\t\t<span class=\"elementor-divider-separator\">\n\t\t\t\t\t\t<\/span>\n\t\t<\/div>\n\t\t\t\t<\/div>\n\t\t\t\t<\/div>\n\t\t\t\t<div class=\"elementor-element elementor-element-92006a2 elementor-widget elementor-widget-text-editor\" data-id=\"92006a2\" data-element_type=\"widget\" data-widget_type=\"text-editor.default\">\n\t\t\t\t<div class=\"elementor-widget-container\">\n\t\t\t\t\t\t\t\t<div class=\"elementor-text-editor elementor-clearfix\">\n\t\t\t\t<p>La Sagrada Familia \u00e8 uno degli edifici pi\u00f9 impressionanti e iconici dell&#8217;umanit\u00e0 per molte ragioni, ma principalmente per la sua architettura, che combina forme gotiche e curvilinee dell&#8217;Art Nouveau. Una delle caratteristiche principali della chiesa sono le sue possibilit\u00e0 di illuminazione, grazie all&#8217;ampia variet\u00e0 di vetrate che la circondano.<\/p>\n<p>\u00c8 comune che le cattedrali gotiche abbiano vetrate colorate nelle sezioni pi\u00f9 alte, dove la luce del sole arriva senza ostacoli. Nelle parti inferiori, invece, il filtro cromatico \u00e8 meno intenso e quindi si gioca con il contrasto dei colori. Gaud\u00ed voleva che la Sagrada Familia fosse esattamente l&#8217;opposto e ha optato per il massimo contrasto, motivo per cui le vetrate pi\u00f9 trasparenti sono quelle in alto, che permettono alla luce naturale di entrare e illuminare le volte dorate e i mosaici che caratterizzano la navata centrale. D&#8217;altra parte, i testi e le illustrazioni si trovano nella parte inferiore, dove i visitatori possono vederli e leggerli meglio.<\/p>\n\t\t\t\t\t<\/div>\n\t\t\t\t\t\t<\/div>\n\t\t\t\t<\/div>\n\t\t\t\t\t\t<\/div>\n\t\t\t\t\t<\/div>\n\t\t<\/div>\n\t\t\t\t<div class=\"elementor-column elementor-col-50 elementor-top-column elementor-element elementor-element-4136949\" data-id=\"4136949\" data-element_type=\"column\">\n\t\t\t<div class=\"elementor-column-wrap elementor-element-populated\">\n\t\t\t\t\t\t\t<div class=\"elementor-widget-wrap\">\n\t\t\t\t\t\t<div class=\"elementor-element elementor-element-1a1e1aa elementor-widget elementor-widget-image\" data-id=\"1a1e1aa\" data-element_type=\"widget\" data-widget_type=\"image.default\">\n\t\t\t\t<div class=\"elementor-widget-container\">\n\t\t\t\t\t\t\t\t<div class=\"elementor-image\">\n\t\t\t\t\t\t\t\t\t\t\t\t<img width=\"711\" height=\"830\" src=\"https:\/\/sagradafamilia-tickets.com\/wp-content\/uploads\/2020\/07\/14.jpg\" class=\"attachment-large size-large wp-image-47286\" alt=\"\" loading=\"lazy\" srcset=\"https:\/\/sagradafamilia-tickets.com\/wp-content\/uploads\/2020\/07\/14.jpg 711w, https:\/\/sagradafamilia-tickets.com\/wp-content\/uploads\/2020\/07\/14-257x300.jpg 257w, https:\/\/sagradafamilia-tickets.com\/wp-content\/uploads\/2020\/07\/14-600x700.jpg 600w\" sizes=\"(max-width: 711px) 100vw, 711px\" \/>\t\t\t\t\t\t\t\t\t\t\t\t\t\t<\/div>\n\t\t\t\t\t\t<\/div>\n\t\t\t\t<\/div>\n\t\t\t\t\t\t<\/div>\n\t\t\t\t\t<\/div>\n\t\t<\/div>\n\t\t\t\t\t\t\t\t<\/div>\n\t\t\t\t\t<\/div>\n\t\t<\/section>\n\t\t\t\t<section class=\"elementor-section elementor-top-section elementor-element elementor-element-e9624b3 elementor-section-content-middle elementor-reverse-tablet elementor-reverse-mobile elementor-section-boxed elementor-section-height-default elementor-section-height-default\" data-id=\"e9624b3\" data-element_type=\"section\">\n\t\t\t\t\t\t<div class=\"elementor-container elementor-column-gap-default\">\n\t\t\t\t\t\t\t<div class=\"elementor-row\">\n\t\t\t\t\t<div class=\"elementor-column elementor-col-100 elementor-top-column elementor-element elementor-element-89cd4b1\" data-id=\"89cd4b1\" data-element_type=\"column\">\n\t\t\t<div class=\"elementor-column-wrap elementor-element-populated\">\n\t\t\t\t\t\t\t<div class=\"elementor-widget-wrap\">\n\t\t\t\t\t\t<div class=\"elementor-element elementor-element-5c9c0b1 elementor-widget elementor-widget-text-editor\" data-id=\"5c9c0b1\" data-element_type=\"widget\" data-widget_type=\"text-editor.default\">\n\t\t\t\t<div class=\"elementor-widget-container\">\n\t\t\t\t\t\t\t\t<div class=\"elementor-text-editor elementor-clearfix\">\n\t\t\t\t<p>Gaud\u00ed scelse il vetro piombato per la Sagrada Familia. Le finestre sono divise da linee di piombo che permettono loro di essere vive, di muoversi, di espandersi, di contrarsi e di scegliere il colore giusto per ogni pezzo.<\/p>\n<p>La sfilata di colori che Gaud\u00ed ha voluto creare si pu\u00f2 ammirare particolarmente bene durante il solstizio d&#8217;inverno, quando il sole tramonta prima a ovest. Al tramonto, quando i raggi di luce sono quasi orizzontali, si verifica un fenomeno magnifico: i raggi entrano nella navata del Tempio quasi perpendicolarmente alle finestre e tutto l&#8217;interno viene inondato dai colori rossi del tramonto.<br \/>\nQualcosa di simile si pu\u00f2 vedere anche sulla facciata della Nativit\u00e0 con i colori freschi del mattino (verdi e blu) durante il solstizio d&#8217;estate in giugno e all&#8217;inizio di luglio. \u00c8 uno spettacolo davvero impressionante in qualsiasi periodo dell&#8217;anno.<\/p>\n\t\t\t\t\t<\/div>\n\t\t\t\t\t\t<\/div>\n\t\t\t\t<\/div>\n\t\t\t\t\t\t<\/div>\n\t\t\t\t\t<\/div>\n\t\t<\/div>\n\t\t\t\t\t\t\t\t<\/div>\n\t\t\t\t\t<\/div>\n\t\t<\/section>\n\t\t\t\t<section class=\"elementor-section elementor-top-section elementor-element elementor-element-149e165 elementor-section-content-middle elementor-reverse-tablet elementor-reverse-mobile elementor-section-boxed elementor-section-height-default elementor-section-height-default\" data-id=\"149e165\" data-element_type=\"section\">\n\t\t\t\t\t\t<div class=\"elementor-container elementor-column-gap-default\">\n\t\t\t\t\t\t\t<div class=\"elementor-row\">\n\t\t\t\t\t<div class=\"elementor-column elementor-col-100 elementor-top-column elementor-element elementor-element-64cb862\" data-id=\"64cb862\" data-element_type=\"column\">\n\t\t\t<div class=\"elementor-column-wrap elementor-element-populated\">\n\t\t\t\t\t\t\t<div class=\"elementor-widget-wrap\">\n\t\t\t\t\t\t<div class=\"elementor-element elementor-element-b1d85ca elementor-align-center elementor-widget elementor-widget-button\" data-id=\"b1d85ca\" data-element_type=\"widget\" data-widget_type=\"button.default\">\n\t\t\t\t<div class=\"elementor-widget-container\">\n\t\t\t\t\t<div class=\"elementor-button-wrapper\">\n\t\t\t<a href=\"https:\/\/sagradafamilia-tickets.com\/it\/sagrada-familia-tickets\/\" class=\"elementor-button-link elementor-button elementor-size-sm\" role=\"button\">\n\t\t\t\t\t\t<span class=\"elementor-button-content-wrapper\">\n\t\t\t\t\t\t<span class=\"elementor-button-text\">Biglietti Sagrada Familia<\/span>\n\t\t<\/span>\n\t\t\t\t\t<\/a>\n\t\t<\/div>\n\t\t\t\t<\/div>\n\t\t\t\t<\/div>\n\t\t\t\t\t\t<\/div>\n\t\t\t\t\t<\/div>\n\t\t<\/div>\n\t\t\t\t\t\t\t\t<\/div>\n\t\t\t\t\t<\/div>\n\t\t<\/section>\n\t\t\t\t\t\t\t\t\t<\/div>\n\t\t\t<\/div>\n\t\t\t\t\t<\/div>\n\t\t","protected":false},"excerpt":{"rendered":"<p>Interno della Sagrada Familia COVID-19: Per garantire la salute di tutti, la Sagrada FamIlia sta applicando tutte le misure sanitarie stabilite dal Ministero della Salute spagnolo. Consulta qui le regole da seguire per i turisti. Uno degli edifici pi\u00f9 famosi e iconici di Barcellona \u00e8 la Sagrada Familia. La chiesa \u00e8 di dimensioni enormi e, &hellip;<\/p>\n<p class=\"read-more\"> <a class=\"\" href=\"https:\/\/sagradafamilia-tickets.com\/it\/visita-la-sagrada-familia\/interno-della-sagrada-familia\/\"> <span class=\"screen-reader-text\">Interno della Sagrada Familia<\/span> Leggi altro &raquo;<\/a><\/p>\n","protected":false},"author":3,"featured_media":0,"parent":47395,"menu_order":0,"comment_status":"closed","ping_status":"closed","template":"","meta":{"site-sidebar-layout":"no-sidebar","site-content-layout":"page-builder","ast-global-header-display":"","ast-main-header-display":"","ast-hfb-above-header-display":"","ast-hfb-below-header-display":"","ast-hfb-mobile-header-display":"","site-post-title":"disabled","ast-breadcrumbs-content":"","ast-featured-img":"disabled","footer-sml-layout":"","theme-transparent-header-meta":"default","adv-header-id-meta":"","stick-header-meta":"","header-above-stick-meta":"","header-main-stick-meta":"","header-below-stick-meta":""},"yoast_head":"<!-- This site is optimized with the Yoast SEO plugin v20.4 - https:\/\/yoast.com\/wordpress\/plugins\/seo\/ -->\n<title>Interno della Sagrada Familia | Informazioni sulla Sagrada Familia<\/title>\n<meta name=\"description\" content=\"L&#039;interno della Sagrada Familia \u00e8 davvero fantastico. La navata centrale, la cripta, l&#039;altare e l&#039;illuminazione ne fanno un Tempio unico. Scopri tutti i dettagli qui!\" \/>\n<meta name=\"robots\" content=\"noindex, follow, max-snippet:-1, max-image-preview:large, max-video-preview:-1\" \/>\n<meta property=\"og:locale\" content=\"it_IT\" \/>\n<meta property=\"og:type\" content=\"article\" \/>\n<meta property=\"og:title\" content=\"Interno della Sagrada Familia | Informazioni sulla Sagrada Familia\" \/>\n<meta property=\"og:description\" content=\"L&#039;interno della Sagrada Familia \u00e8 davvero fantastico. La navata centrale, la cripta, l&#039;altare e l&#039;illuminazione ne fanno un Tempio unico. Scopri tutti i dettagli qui!\" \/>\n<meta property=\"og:url\" content=\"https:\/\/sagradafamilia-tickets.com\/visit-sagrada-familia\/inside\/\" \/>\n<meta property=\"og:site_name\" content=\"Sagrada Familia Barcelona\" \/>\n<meta property=\"article:modified_time\" content=\"2022-12-21T10:09:57+00:00\" \/>\n<meta property=\"og:image\" content=\"https:\/\/sagradafamilia-tickets.com\/wp-content\/uploads\/2020\/07\/sanjose.jpg\" \/>\n<meta name=\"twitter:card\" content=\"summary_large_image\" \/>\n<meta name=\"twitter:label1\" content=\"Tempo di lettura stimato\" \/>\n\t<meta name=\"twitter:data1\" content=\"5 minuti\" \/>\n<script type=\"application\/ld+json\" class=\"yoast-schema-graph\">{\"@context\":\"https:\/\/schema.org\",\"@graph\":[{\"@type\":\"WebPage\",\"@id\":\"https:\/\/sagradafamilia-tickets.com\/visit-sagrada-familia\/inside\/\",\"url\":\"https:\/\/sagradafamilia-tickets.com\/visit-sagrada-familia\/inside\/\",\"name\":\"Interno della Sagrada Familia | Informazioni sulla Sagrada Familia\",\"isPartOf\":{\"@id\":\"https:\/\/sagradafamilia-tickets.com\/#website\"},\"datePublished\":\"2022-11-29T16:32:48+00:00\",\"dateModified\":\"2022-12-21T10:09:57+00:00\",\"description\":\"L'interno della Sagrada Familia \u00e8 davvero fantastico. La navata centrale, la cripta, l'altare e l'illuminazione ne fanno un Tempio unico. Scopri tutti i dettagli qui!\",\"breadcrumb\":{\"@id\":\"https:\/\/sagradafamilia-tickets.com\/visit-sagrada-familia\/inside\/#breadcrumb\"},\"inLanguage\":\"it-IT\",\"potentialAction\":[{\"@type\":\"ReadAction\",\"target\":[\"https:\/\/sagradafamilia-tickets.com\/visit-sagrada-familia\/inside\/\"]}]},{\"@type\":\"BreadcrumbList\",\"@id\":\"https:\/\/sagradafamilia-tickets.com\/visit-sagrada-familia\/inside\/#breadcrumb\",\"itemListElement\":[{\"@type\":\"ListItem\",\"position\":1,\"name\":\"Home\",\"item\":\"https:\/\/sagradafamilia-tickets.com\/\"},{\"@type\":\"ListItem\",\"position\":2,\"name\":\"Visita la Sagrada Familia\",\"item\":\"https:\/\/sagradafamilia-tickets.com\/visit-sagrada-familia\/\"},{\"@type\":\"ListItem\",\"position\":3,\"name\":\"Interno della Sagrada Familia\"}]},{\"@type\":\"WebSite\",\"@id\":\"https:\/\/sagradafamilia-tickets.com\/#website\",\"url\":\"https:\/\/sagradafamilia-tickets.com\/\",\"name\":\"Sagrada Familia Barcelona\",\"description\":\"Book Your Tickets &amp; Tours\",\"publisher\":{\"@id\":\"https:\/\/sagradafamilia-tickets.com\/#organization\"},\"potentialAction\":[{\"@type\":\"SearchAction\",\"target\":{\"@type\":\"EntryPoint\",\"urlTemplate\":\"https:\/\/sagradafamilia-tickets.com\/?s={search_term_string}\"},\"query-input\":\"required name=search_term_string\"}],\"inLanguage\":\"it-IT\"},{\"@type\":\"Organization\",\"@id\":\"https:\/\/sagradafamilia-tickets.com\/#organization\",\"name\":\"Sagrada Familia Barcelona\",\"url\":\"https:\/\/sagradafamilia-tickets.com\/\",\"logo\":{\"@type\":\"ImageObject\",\"inLanguage\":\"it-IT\",\"@id\":\"https:\/\/sagradafamilia-tickets.com\/#\/schema\/logo\/image\/\",\"url\":\"https:\/\/sagradafamilia-tickets.com\/wp-content\/uploads\/2022\/08\/Sagrada-Familia-Tick.png\",\"contentUrl\":\"https:\/\/sagradafamilia-tickets.com\/wp-content\/uploads\/2022\/08\/Sagrada-Familia-Tick.png\",\"width\":526,\"height\":50,\"caption\":\"Sagrada Familia Barcelona\"},\"image\":{\"@id\":\"https:\/\/sagradafamilia-tickets.com\/#\/schema\/logo\/image\/\"}}]}<\/script>\n<!-- \/ Yoast SEO plugin. -->","yoast_head_json":{"title":"Interno della Sagrada Familia | Informazioni sulla Sagrada Familia","description":"L'interno della Sagrada Familia \u00e8 davvero fantastico. La navata centrale, la cripta, l'altare e l'illuminazione ne fanno un Tempio unico. Scopri tutti i dettagli qui!","robots":{"index":"noindex","follow":"follow","max-snippet":"max-snippet:-1","max-image-preview":"max-image-preview:large","max-video-preview":"max-video-preview:-1"},"og_locale":"it_IT","og_type":"article","og_title":"Interno della Sagrada Familia | Informazioni sulla Sagrada Familia","og_description":"L'interno della Sagrada Familia \u00e8 davvero fantastico. La navata centrale, la cripta, l'altare e l'illuminazione ne fanno un Tempio unico. Scopri tutti i dettagli qui!","og_url":"https:\/\/sagradafamilia-tickets.com\/visit-sagrada-familia\/inside\/","og_site_name":"Sagrada Familia Barcelona","article_modified_time":"2022-12-21T10:09:57+00:00","og_image":[{"url":"https:\/\/sagradafamilia-tickets.com\/wp-content\/uploads\/2020\/07\/sanjose.jpg"}],"twitter_card":"summary_large_image","twitter_misc":{"Tempo di lettura stimato":"5 minuti"},"schema":{"@context":"https:\/\/schema.org","@graph":[{"@type":"WebPage","@id":"https:\/\/sagradafamilia-tickets.com\/visit-sagrada-familia\/inside\/","url":"https:\/\/sagradafamilia-tickets.com\/visit-sagrada-familia\/inside\/","name":"Interno della Sagrada Familia | Informazioni sulla Sagrada Familia","isPartOf":{"@id":"https:\/\/sagradafamilia-tickets.com\/#website"},"datePublished":"2022-11-29T16:32:48+00:00","dateModified":"2022-12-21T10:09:57+00:00","description":"L'interno della Sagrada Familia \u00e8 davvero fantastico. La navata centrale, la cripta, l'altare e l'illuminazione ne fanno un Tempio unico. Scopri tutti i dettagli qui!","breadcrumb":{"@id":"https:\/\/sagradafamilia-tickets.com\/visit-sagrada-familia\/inside\/#breadcrumb"},"inLanguage":"it-IT","potentialAction":[{"@type":"ReadAction","target":["https:\/\/sagradafamilia-tickets.com\/visit-sagrada-familia\/inside\/"]}]},{"@type":"BreadcrumbList","@id":"https:\/\/sagradafamilia-tickets.com\/visit-sagrada-familia\/inside\/#breadcrumb","itemListElement":[{"@type":"ListItem","position":1,"name":"Home","item":"https:\/\/sagradafamilia-tickets.com\/"},{"@type":"ListItem","position":2,"name":"Visita la Sagrada Familia","item":"https:\/\/sagradafamilia-tickets.com\/visit-sagrada-familia\/"},{"@type":"ListItem","position":3,"name":"Interno della Sagrada Familia"}]},{"@type":"WebSite","@id":"https:\/\/sagradafamilia-tickets.com\/#website","url":"https:\/\/sagradafamilia-tickets.com\/","name":"Sagrada Familia Barcelona","description":"Book Your Tickets &amp; Tours","publisher":{"@id":"https:\/\/sagradafamilia-tickets.com\/#organization"},"potentialAction":[{"@type":"SearchAction","target":{"@type":"EntryPoint","urlTemplate":"https:\/\/sagradafamilia-tickets.com\/?s={search_term_string}"},"query-input":"required name=search_term_string"}],"inLanguage":"it-IT"},{"@type":"Organization","@id":"https:\/\/sagradafamilia-tickets.com\/#organization","name":"Sagrada Familia Barcelona","url":"https:\/\/sagradafamilia-tickets.com\/","logo":{"@type":"ImageObject","inLanguage":"it-IT","@id":"https:\/\/sagradafamilia-tickets.com\/#\/schema\/logo\/image\/","url":"https:\/\/sagradafamilia-tickets.com\/wp-content\/uploads\/2022\/08\/Sagrada-Familia-Tick.png","contentUrl":"https:\/\/sagradafamilia-tickets.com\/wp-content\/uploads\/2022\/08\/Sagrada-Familia-Tick.png","width":526,"height":50,"caption":"Sagrada Familia Barcelona"},"image":{"@id":"https:\/\/sagradafamilia-tickets.com\/#\/schema\/logo\/image\/"}}]}},"_links":{"self":[{"href":"https:\/\/sagradafamilia-tickets.com\/it\/wp-json\/wp\/v2\/pages\/47421"}],"collection":[{"href":"https:\/\/sagradafamilia-tickets.com\/it\/wp-json\/wp\/v2\/pages"}],"about":[{"href":"https:\/\/sagradafamilia-tickets.com\/it\/wp-json\/wp\/v2\/types\/page"}],"author":[{"embeddable":true,"href":"https:\/\/sagradafamilia-tickets.com\/it\/wp-json\/wp\/v2\/users\/3"}],"replies":[{"embeddable":true,"href":"https:\/\/sagradafamilia-tickets.com\/it\/wp-json\/wp\/v2\/comments?post=47421"}],"version-history":[{"count":4,"href":"https:\/\/sagradafamilia-tickets.com\/it\/wp-json\/wp\/v2\/pages\/47421\/revisions"}],"predecessor-version":[{"id":50229,"href":"https:\/\/sagradafamilia-tickets.com\/it\/wp-json\/wp\/v2\/pages\/47421\/revisions\/50229"}],"up":[{"embeddable":true,"href":"https:\/\/sagradafamilia-tickets.com\/it\/wp-json\/wp\/v2\/pages\/47395"}],"wp:attachment":[{"href":"https:\/\/sagradafamilia-tickets.com\/it\/wp-json\/wp\/v2\/media?parent=47421"}],"curies":[{"name":"wp","href":"https:\/\/api.w.org\/{rel}","templated":true}]}}