{"id":47399,"date":"2022-11-29T16:29:56","date_gmt":"2022-11-29T15:29:56","guid":{"rendered":"https:\/\/sagradafamilia-tickets.com\/biografia-di-antonio-gaudi\/"},"modified":"2022-12-05T13:45:41","modified_gmt":"2022-12-05T12:45:41","slug":"biografia-di-antonio-gaudi","status":"publish","type":"page","link":"https:\/\/sagradafamilia-tickets.com\/it\/biografia-di-antonio-gaudi\/","title":{"rendered":"Gaud\u00ed"},"content":{"rendered":"\t\t<div data-elementor-type=\"wp-page\" data-elementor-id=\"47399\" class=\"elementor elementor-47399 elementor-783\">\n\t\t\t\t\t\t<div class=\"elementor-inner\">\n\t\t\t\t<div class=\"elementor-section-wrap\">\n\t\t\t\t\t\t\t\t\t<section class=\"elementor-section elementor-top-section elementor-element elementor-element-127a3e4e elementor-section-full_width elementor-section-height-min-height elementor-section-height-default elementor-section-items-middle\" data-id=\"127a3e4e\" data-element_type=\"section\" data-settings=\"{&quot;background_background&quot;:&quot;classic&quot;}\">\n\t\t\t\t\t\t\t<div class=\"elementor-background-overlay\"><\/div>\n\t\t\t\t\t\t\t<div class=\"elementor-container elementor-column-gap-default\">\n\t\t\t\t\t\t\t<div class=\"elementor-row\">\n\t\t\t\t\t<div class=\"elementor-column elementor-col-100 elementor-top-column elementor-element elementor-element-6931a462\" data-id=\"6931a462\" data-element_type=\"column\">\n\t\t\t<div class=\"elementor-column-wrap elementor-element-populated\">\n\t\t\t\t\t\t\t<div class=\"elementor-widget-wrap\">\n\t\t\t\t\t\t<div class=\"elementor-element elementor-element-1b974058 elementor-widget elementor-widget-heading\" data-id=\"1b974058\" data-element_type=\"widget\" data-widget_type=\"heading.default\">\n\t\t\t\t<div class=\"elementor-widget-container\">\n\t\t\t<h1 class=\"elementor-heading-title elementor-size-default\">Biografia di Antonio Gaud\u00ed<\/h1>\t\t<\/div>\n\t\t\t\t<\/div>\n\t\t\t\t\t\t<\/div>\n\t\t\t\t\t<\/div>\n\t\t<\/div>\n\t\t\t\t\t\t\t\t<\/div>\n\t\t\t\t\t<\/div>\n\t\t<\/section>\n\t\t\t\t<section class=\"elementor-section elementor-top-section elementor-element elementor-element-4632aff7 elementor-section-boxed elementor-section-height-default elementor-section-height-default\" data-id=\"4632aff7\" data-element_type=\"section\" data-settings=\"{&quot;background_background&quot;:&quot;classic&quot;}\">\n\t\t\t\t\t\t<div class=\"elementor-container elementor-column-gap-default\">\n\t\t\t\t\t\t\t<div class=\"elementor-row\">\n\t\t\t\t\t<div class=\"elementor-column elementor-col-100 elementor-top-column elementor-element elementor-element-435e4797\" data-id=\"435e4797\" data-element_type=\"column\">\n\t\t\t<div class=\"elementor-column-wrap elementor-element-populated\">\n\t\t\t\t\t\t\t<div class=\"elementor-widget-wrap\">\n\t\t\t\t\t\t<div class=\"elementor-element elementor-element-7ac7322a elementor-widget elementor-widget-text-editor\" data-id=\"7ac7322a\" data-element_type=\"widget\" data-widget_type=\"text-editor.default\">\n\t\t\t\t<div class=\"elementor-widget-container\">\n\t\t\t\t\t\t\t\t<div class=\"elementor-text-editor elementor-clearfix\">\n\t\t\t\t<p><b>COVID-19:<\/b> Per garantire la salute di tutti, la Sagrada FamIlia sta applicando tutte le misure sanitarie stabilite dal Ministero della Salute spagnolo. <span style=\"text-decoration: underline;\"><a style=\"color: #ffffff; text-decoration: underline;\" href=\"https:\/\/sagradafamilia-tickets.com\/it\/misure-di-sicurezza-covid19\/\" rel=\"nofollow\">Consulta qui le regole da seguire per i turisti.<\/a><\/span><\/p>\n\t\t\t\t\t<\/div>\n\t\t\t\t\t\t<\/div>\n\t\t\t\t<\/div>\n\t\t\t\t\t\t<\/div>\n\t\t\t\t\t<\/div>\n\t\t<\/div>\n\t\t\t\t\t\t\t\t<\/div>\n\t\t\t\t\t<\/div>\n\t\t<\/section>\n\t\t\t\t<section class=\"elementor-section elementor-top-section elementor-element elementor-element-299f010 elementor-section-boxed elementor-section-height-default elementor-section-height-default\" data-id=\"299f010\" data-element_type=\"section\">\n\t\t\t\t\t\t<div class=\"elementor-container elementor-column-gap-default\">\n\t\t\t\t\t\t\t<div class=\"elementor-row\">\n\t\t\t\t\t<div class=\"elementor-column elementor-col-100 elementor-top-column elementor-element elementor-element-a0a184a\" data-id=\"a0a184a\" data-element_type=\"column\">\n\t\t\t<div class=\"elementor-column-wrap elementor-element-populated\">\n\t\t\t\t\t\t\t<div class=\"elementor-widget-wrap\">\n\t\t\t\t\t\t<div class=\"elementor-element elementor-element-0c947d0 elementor-widget elementor-widget-woocommerce-breadcrumb\" data-id=\"0c947d0\" data-element_type=\"widget\" data-widget_type=\"woocommerce-breadcrumb.default\">\n\t\t\t\t<div class=\"elementor-widget-container\">\n\t\t\t<nav class=\"woocommerce-breadcrumb\">Home<\/nav>\t\t<\/div>\n\t\t\t\t<\/div>\n\t\t\t\t\t\t<\/div>\n\t\t\t\t\t<\/div>\n\t\t<\/div>\n\t\t\t\t\t\t\t\t<\/div>\n\t\t\t\t\t<\/div>\n\t\t<\/section>\n\t\t\t\t<section class=\"elementor-section elementor-top-section elementor-element elementor-element-c4c1e50 elementor-section-content-middle elementor-reverse-tablet elementor-reverse-mobile elementor-section-boxed elementor-section-height-default elementor-section-height-default\" data-id=\"c4c1e50\" data-element_type=\"section\">\n\t\t\t\t\t\t<div class=\"elementor-container elementor-column-gap-default\">\n\t\t\t\t\t\t\t<div class=\"elementor-row\">\n\t\t\t\t\t<div class=\"elementor-column elementor-col-50 elementor-top-column elementor-element elementor-element-4e768332\" data-id=\"4e768332\" data-element_type=\"column\">\n\t\t\t<div class=\"elementor-column-wrap elementor-element-populated\">\n\t\t\t\t\t\t\t<div class=\"elementor-widget-wrap\">\n\t\t\t\t\t\t<div class=\"elementor-element elementor-element-6cb55666 elementor-widget elementor-widget-heading\" data-id=\"6cb55666\" data-element_type=\"widget\" data-widget_type=\"heading.default\">\n\t\t\t\t<div class=\"elementor-widget-container\">\n\t\t\t<h2 class=\"elementor-heading-title elementor-size-default\">Biografia<\/h2>\t\t<\/div>\n\t\t\t\t<\/div>\n\t\t\t\t<div class=\"elementor-element elementor-element-5dc3a0ae elementor-widget-divider--view-line elementor-widget elementor-widget-divider\" data-id=\"5dc3a0ae\" data-element_type=\"widget\" data-widget_type=\"divider.default\">\n\t\t\t\t<div class=\"elementor-widget-container\">\n\t\t\t\t\t<div class=\"elementor-divider\">\n\t\t\t<span class=\"elementor-divider-separator\">\n\t\t\t\t\t\t<\/span>\n\t\t<\/div>\n\t\t\t\t<\/div>\n\t\t\t\t<\/div>\n\t\t\t\t<div class=\"elementor-element elementor-element-7769944 elementor-widget elementor-widget-text-editor\" data-id=\"7769944\" data-element_type=\"widget\" data-widget_type=\"text-editor.default\">\n\t\t\t\t<div class=\"elementor-widget-container\">\n\t\t\t\t\t\t\t\t<div class=\"elementor-text-editor elementor-clearfix\">\n\t\t\t\t<p>Antonio Gaud\u00ed i Cornet \u00e8 stato un architetto catalano, conosciuto a livello internazionale come uno dei pi\u00f9 grandi e prodigiosi esperti nel suo campo e come uno dei massimi esponenti del modernismo. Gaud\u00ed nacque il 25 giugno 1852 in una famiglia di artigiani, che gli permise di acquisire una particolare capacit\u00e0 di lavorare con lo spazio e il volume mentre aiutava il padre e il nonno nell&#8217;officina di famiglia. Il suo interesse e il suo talento per la progettazione degli spazi e la trasformazione dei materiali sono cresciuti e migliorati fino a diventare un genio delle creazioni tridimensionali. Le sue opere hanno uno stile molto individuale e unico, la maggior parte delle quali si trovano a Barcellona, compreso il suo capolavoro principale, la Sagrada Familia.<\/p>\n\t\t\t\t\t<\/div>\n\t\t\t\t\t\t<\/div>\n\t\t\t\t<\/div>\n\t\t\t\t\t\t<\/div>\n\t\t\t\t\t<\/div>\n\t\t<\/div>\n\t\t\t\t<div class=\"elementor-column elementor-col-50 elementor-top-column elementor-element elementor-element-3912159b\" data-id=\"3912159b\" data-element_type=\"column\">\n\t\t\t<div class=\"elementor-column-wrap elementor-element-populated\">\n\t\t\t\t\t\t\t<div class=\"elementor-widget-wrap\">\n\t\t\t\t\t\t<div class=\"elementor-element elementor-element-19ba0dd8 elementor-widget elementor-widget-image\" data-id=\"19ba0dd8\" data-element_type=\"widget\" data-widget_type=\"image.default\">\n\t\t\t\t<div class=\"elementor-widget-container\">\n\t\t\t\t\t\t\t\t<div class=\"elementor-image\">\n\t\t\t\t\t\t\t\t\t\t\t\t<img width=\"642\" height=\"550\" src=\"https:\/\/sagradafamilia-tickets.com\/wp-content\/uploads\/2020\/07\/2020-07-08_140254.png\" class=\"attachment-large size-large wp-image-47264\" alt=\"Biography of Antoni Gaudi\" loading=\"lazy\" srcset=\"https:\/\/sagradafamilia-tickets.com\/wp-content\/uploads\/2020\/07\/2020-07-08_140254.png 642w, https:\/\/sagradafamilia-tickets.com\/wp-content\/uploads\/2020\/07\/2020-07-08_140254-300x257.png 300w, https:\/\/sagradafamilia-tickets.com\/wp-content\/uploads\/2020\/07\/2020-07-08_140254-600x514.png 600w\" sizes=\"(max-width: 642px) 100vw, 642px\" \/>\t\t\t\t\t\t\t\t\t\t\t\t\t\t<\/div>\n\t\t\t\t\t\t<\/div>\n\t\t\t\t<\/div>\n\t\t\t\t\t\t<\/div>\n\t\t\t\t\t<\/div>\n\t\t<\/div>\n\t\t\t\t\t\t\t\t<\/div>\n\t\t\t\t\t<\/div>\n\t\t<\/section>\n\t\t\t\t<section class=\"elementor-section elementor-top-section elementor-element elementor-element-ea67f95 elementor-section-content-middle elementor-reverse-tablet elementor-reverse-mobile elementor-section-boxed elementor-section-height-default elementor-section-height-default\" data-id=\"ea67f95\" data-element_type=\"section\">\n\t\t\t\t\t\t<div class=\"elementor-container elementor-column-gap-default\">\n\t\t\t\t\t\t\t<div class=\"elementor-row\">\n\t\t\t\t\t<div class=\"elementor-column elementor-col-50 elementor-top-column elementor-element elementor-element-7f3eecc\" data-id=\"7f3eecc\" data-element_type=\"column\">\n\t\t\t<div class=\"elementor-column-wrap elementor-element-populated\">\n\t\t\t\t\t\t\t<div class=\"elementor-widget-wrap\">\n\t\t\t\t\t\t<div class=\"elementor-element elementor-element-b3e4c03 elementor-widget elementor-widget-image\" data-id=\"b3e4c03\" data-element_type=\"widget\" data-widget_type=\"image.default\">\n\t\t\t\t<div class=\"elementor-widget-container\">\n\t\t\t\t\t\t\t\t<div class=\"elementor-image\">\n\t\t\t\t\t\t\t\t\t\t\t\t<img width=\"486\" height=\"1024\" src=\"https:\/\/sagradafamilia-tickets.com\/wp-content\/uploads\/2020\/07\/1-486x1024.jpg\" class=\"attachment-large size-large wp-image-47265\" alt=\"Gaudi was interested in architecture since he was a child\" loading=\"lazy\" srcset=\"https:\/\/sagradafamilia-tickets.com\/wp-content\/uploads\/2020\/07\/1-486x1024.jpg 486w, https:\/\/sagradafamilia-tickets.com\/wp-content\/uploads\/2020\/07\/1-142x300.jpg 142w, https:\/\/sagradafamilia-tickets.com\/wp-content\/uploads\/2020\/07\/1-600x1265.jpg 600w, https:\/\/sagradafamilia-tickets.com\/wp-content\/uploads\/2020\/07\/1.jpg 638w\" sizes=\"(max-width: 486px) 100vw, 486px\" \/>\t\t\t\t\t\t\t\t\t\t\t\t\t\t<\/div>\n\t\t\t\t\t\t<\/div>\n\t\t\t\t<\/div>\n\t\t\t\t\t\t<\/div>\n\t\t\t\t\t<\/div>\n\t\t<\/div>\n\t\t\t\t<div class=\"elementor-column elementor-col-50 elementor-top-column elementor-element elementor-element-f159625\" data-id=\"f159625\" data-element_type=\"column\">\n\t\t\t<div class=\"elementor-column-wrap elementor-element-populated\">\n\t\t\t\t\t\t\t<div class=\"elementor-widget-wrap\">\n\t\t\t\t\t\t<div class=\"elementor-element elementor-element-3e77ae4 elementor-widget elementor-widget-heading\" data-id=\"3e77ae4\" data-element_type=\"widget\" data-widget_type=\"heading.default\">\n\t\t\t\t<div class=\"elementor-widget-container\">\n\t\t\t<h2 class=\"elementor-heading-title elementor-size-default\">Gaud\u00ed, l'architetto<\/h2>\t\t<\/div>\n\t\t\t\t<\/div>\n\t\t\t\t<div class=\"elementor-element elementor-element-cb38c00 elementor-widget-divider--view-line elementor-widget elementor-widget-divider\" data-id=\"cb38c00\" data-element_type=\"widget\" data-widget_type=\"divider.default\">\n\t\t\t\t<div class=\"elementor-widget-container\">\n\t\t\t\t\t<div class=\"elementor-divider\">\n\t\t\t<span class=\"elementor-divider-separator\">\n\t\t\t\t\t\t<\/span>\n\t\t<\/div>\n\t\t\t\t<\/div>\n\t\t\t\t<\/div>\n\t\t\t\t<div class=\"elementor-element elementor-element-d5ccea4 elementor-widget elementor-widget-text-editor\" data-id=\"d5ccea4\" data-element_type=\"widget\" data-widget_type=\"text-editor.default\">\n\t\t\t\t<div class=\"elementor-widget-container\">\n\t\t\t\t\t\t\t\t<div class=\"elementor-text-editor elementor-clearfix\">\n\t\t\t\t<p>Fin da giovane Gaud\u00ed mostr\u00f2 interesse per l&#8217;architettura e nel 1870 si rec\u00f2 a Barcellona, la citt\u00e0 pi\u00f9 moderna della Spagna dell&#8217;epoca, per studiare architettura. Ha fatto diversi lavori per pagarsi gli studi, che sono stati interrotti dal servizio militare che ha dovuto svolgere. Alla fine si laure\u00f2 come architetto presso la Scuola Provinciale di Architettura nel 1878.<\/p>\n<p><strong>La carriera professionale di Gaud\u00ed<\/strong><\/p>\n<p>L&#8217;opera di Gaud\u00ed \u00e8 solitamente classificata come modernista (o modernismo catalano) per il suo desiderio di rinnovare senza rompere con la tradizione, la ricerca della modernit\u00e0, il senso ornamentale applicato alle opere e il suo carattere multidisciplinare in cui l&#8217;artigianato gioca un ruolo centrale. Gaud\u00ed gli diede un tocco barocco, adottando i progressi tecnici ma senza abbandonare il linguaggio architettonico tradizionale.<\/p>\n<p>Gaud\u00ed inizi\u00f2 la sua carriera professionale come studente. In quel periodo lavor\u00f2 come progettista per alcuni dei pi\u00f9 rinomati architetti della citt\u00e0, come Joan Martorell, Josep Fotser\u00e8m Francisco de Paula Villar y Lozano, Leandre Serrallach ed Emili Sala Cort\u00e9s. Una volta laureato, inizi\u00f2 la sua carriera nel filone artistico dei suoi predecessori vittoriani, ma ben presto svilupp\u00f2 uno stile proprio, componendo le sue opere con giustapposizioni di masse geometriche e animando anche le superfici con motivi di pietra o mattoni, ceramiche lucide, piastrelle e ornamenti rettili o floreali.<\/p>\n<p>Il suo primo progetto fu una serie di lampioni per la Plaza Real di Barcellona, i chioschi Girossi e la cooperativa Matar\u00f3, quest&#8217;ultima si rivel\u00f2 la sua prima opera importante.<\/p>\n\t\t\t\t\t<\/div>\n\t\t\t\t\t\t<\/div>\n\t\t\t\t<\/div>\n\t\t\t\t\t\t<\/div>\n\t\t\t\t\t<\/div>\n\t\t<\/div>\n\t\t\t\t\t\t\t\t<\/div>\n\t\t\t\t\t<\/div>\n\t\t<\/section>\n\t\t\t\t<section class=\"elementor-section elementor-top-section elementor-element elementor-element-ac93f2b elementor-section-content-middle elementor-reverse-tablet elementor-reverse-mobile elementor-section-boxed elementor-section-height-default elementor-section-height-default\" data-id=\"ac93f2b\" data-element_type=\"section\">\n\t\t\t\t\t\t<div class=\"elementor-container elementor-column-gap-default\">\n\t\t\t\t\t\t\t<div class=\"elementor-row\">\n\t\t\t\t\t<div class=\"elementor-column elementor-col-100 elementor-top-column elementor-element elementor-element-6311656\" data-id=\"6311656\" data-element_type=\"column\">\n\t\t\t<div class=\"elementor-column-wrap elementor-element-populated\">\n\t\t\t\t\t\t\t<div class=\"elementor-widget-wrap\">\n\t\t\t\t\t\t<div class=\"elementor-element elementor-element-9bb4f6a elementor-widget elementor-widget-text-editor\" data-id=\"9bb4f6a\" data-element_type=\"widget\" data-widget_type=\"text-editor.default\">\n\t\t\t\t<div class=\"elementor-widget-container\">\n\t\t\t\t\t\t\t\t<div class=\"elementor-text-editor elementor-clearfix\">\n\t\t\t\t<p><strong>I primi progetti di Gaud\u00ed<\/strong><\/p>\n<p>Gaud\u00ed aveva gi\u00e0 attirato l&#8217;attenzione dell&#8217;imprenditore Eusebi G\u00fcell all&#8217;Esposizione Universale di Parigi del 1878. Rimase cos\u00ec impressionato dal suo lavoro che volle incontrare Gaud\u00ed, il che segn\u00f2 l&#8217;inizio di una collaborazione professionale e di una lunga amicizia che sarebbe durata fino alla fine della loro vita.<\/p>\n<p>Il suo primo incarico per Gaud\u00ed fu quello di progettare l&#8217;arredamento della cappella del pantheon del Palacio de Sobrellano, a Comillas, che stava per essere costruito da Joan Martorell, uno dei maestri di Gaud\u00ed. Per questo progetto disegn\u00f2 una sedia, una panca e uno sgabello da preghiera: la poltrona era rivestita di velluto, sormontata da due aquile e dallo stemma di Marqui, la panca aveva come figura centrale un drago e lo sgabello da preghiera era decorato con piante. Questo fu il primo di numerosi progetti realizzati in comune da Gaud\u00ed e G\u00fcell, che lo avrebbero poi portato a progettare, tra gli altri, il Parco G\u00fcell.<\/p>\n<p><strong>I modelli di catene di Gaud\u00ed<\/strong><\/p>\n<p>Gaud\u00ed non amava disegnare. Oltre a utilizzare modelli al posto dei piani tradizionali, progett\u00f2 una complessa serie di catene pendenti che install\u00f2 sul soffitto per decifrare meglio il progetto di molte delle sue commissioni religiose, tra cui la Sagrada Familia.<\/p>\n<p>Dedic\u00f2 dieci anni della sua vita allo sviluppo di questo modello di &#8220;catena sospesa&#8221;, utilizzando pesi e corde di sospensione. Le forme ad arco che risultarono dall&#8217;esperimento erano ci\u00f2 che Gaud\u00ed cercava come forma architettonica, capovolgendole. Ci\u00f2 sar\u00e0 fondamentale per il suo progetto della Sagrada Familia.<\/p>\n\t\t\t\t\t<\/div>\n\t\t\t\t\t\t<\/div>\n\t\t\t\t<\/div>\n\t\t\t\t\t\t<\/div>\n\t\t\t\t\t<\/div>\n\t\t<\/div>\n\t\t\t\t\t\t\t\t<\/div>\n\t\t\t\t\t<\/div>\n\t\t<\/section>\n\t\t\t\t<section class=\"elementor-section elementor-top-section elementor-element elementor-element-68fbfaf elementor-section-content-middle elementor-reverse-tablet elementor-reverse-mobile elementor-section-boxed elementor-section-height-default elementor-section-height-default\" data-id=\"68fbfaf\" data-element_type=\"section\">\n\t\t\t\t\t\t<div class=\"elementor-container elementor-column-gap-default\">\n\t\t\t\t\t\t\t<div class=\"elementor-row\">\n\t\t\t\t\t<div class=\"elementor-column elementor-col-50 elementor-top-column elementor-element elementor-element-4bc06d3\" data-id=\"4bc06d3\" data-element_type=\"column\">\n\t\t\t<div class=\"elementor-column-wrap elementor-element-populated\">\n\t\t\t\t\t\t\t<div class=\"elementor-widget-wrap\">\n\t\t\t\t\t\t<div class=\"elementor-element elementor-element-7239fa0 elementor-widget elementor-widget-heading\" data-id=\"7239fa0\" data-element_type=\"widget\" data-widget_type=\"heading.default\">\n\t\t\t\t<div class=\"elementor-widget-container\">\n\t\t\t<h2 class=\"elementor-heading-title elementor-size-default\">Gli edifici di Gaud\u00ed<\/h2>\t\t<\/div>\n\t\t\t\t<\/div>\n\t\t\t\t<div class=\"elementor-element elementor-element-5e2a72c elementor-widget-divider--view-line elementor-widget elementor-widget-divider\" data-id=\"5e2a72c\" data-element_type=\"widget\" data-widget_type=\"divider.default\">\n\t\t\t\t<div class=\"elementor-widget-container\">\n\t\t\t\t\t<div class=\"elementor-divider\">\n\t\t\t<span class=\"elementor-divider-separator\">\n\t\t\t\t\t\t<\/span>\n\t\t<\/div>\n\t\t\t\t<\/div>\n\t\t\t\t<\/div>\n\t\t\t\t<div class=\"elementor-element elementor-element-782d2ca elementor-widget elementor-widget-text-editor\" data-id=\"782d2ca\" data-element_type=\"widget\" data-widget_type=\"text-editor.default\">\n\t\t\t\t<div class=\"elementor-widget-container\">\n\t\t\t\t\t\t\t\t<div class=\"elementor-text-editor elementor-clearfix\">\n\t\t\t\t<p>Antonio Gaud\u00ed progett\u00f2 e lavor\u00f2 a numerosi progetti durante la sua vita, la maggior parte dei quali situati a Barcellona. Nel corso della sua carriera ha attraversato diversi periodi di stile, ma il suo stile unico era chiaramente impregnato nelle sue opere. Tra i pi\u00f9 importanti possiamo citare:<\/p>\n<p><strong>El Capricho<\/strong><\/p>\n<p>\u00c8 una villa situata a Comillas, in Cantabria, Spagna, progettata da Gaud\u00ed. Fu costruita tra il 1883 e il 1885 per essere la residenza estiva di M\u00e1ximo D\u00edaz de Quijano, un ricco cliente che mor\u00ec un anno prima del completamento. Questa villa appartiene al periodo orientalista di Gaud\u00ed.<\/p>\n<p><strong>Palazzo episcopale<\/strong><\/p>\n<p>Il Palazzo episcopale di Astorga fu costruito tra il 1889 e il 1913. Chiaro esempio dello stile modernista catalano, \u00e8 uno dei tre edifici progettati da Gaud\u00ed al di fuori della Catalogna. \u00c8 stato progettato in stile neo-medievale in armonia con la sua posizione.<\/p>\n<p><strong>Casa Vicens<\/strong><\/p>\n<p>Situato nel quartiere Gr\u00e0cia, in Carrer de les Carolines, 20-26. \u00c8 stata la prima casa progettata da Gaud\u00ed e uno dei suoi primi edifici in stile Art Nouveau.<\/p>\n<p><strong>Sagrada Fam\u00edlia<\/strong><\/p>\n<p>La Sagrada Familia \u00e8 il capolavoro di Gaud\u00ed. Nel 1883 assunse la direzione del progetto come architetto capo e cambi\u00f2 radicalmente il design della chiesa, combinando gli stili architettonici e ingegneristici con forme gotiche e curvilinee dell&#8217;Art Nouveau. Lavor\u00f2 direttamente sulla facciata della Nativit\u00e0 per stabilire una sorta di guida per le generazioni future. Il completamento \u00e8 previsto per il 2026.<\/p>\n\t\t\t\t\t<\/div>\n\t\t\t\t\t\t<\/div>\n\t\t\t\t<\/div>\n\t\t\t\t\t\t<\/div>\n\t\t\t\t\t<\/div>\n\t\t<\/div>\n\t\t\t\t<div class=\"elementor-column elementor-col-50 elementor-top-column elementor-element elementor-element-ed8758a\" data-id=\"ed8758a\" data-element_type=\"column\">\n\t\t\t<div class=\"elementor-column-wrap elementor-element-populated\">\n\t\t\t\t\t\t\t<div class=\"elementor-widget-wrap\">\n\t\t\t\t\t\t<div class=\"elementor-element elementor-element-9654f90 elementor-widget elementor-widget-image\" data-id=\"9654f90\" data-element_type=\"widget\" data-widget_type=\"image.default\">\n\t\t\t\t<div class=\"elementor-widget-container\">\n\t\t\t\t\t\t\t\t<div class=\"elementor-image\">\n\t\t\t\t\t\t\t\t\t\t\t\t<img width=\"471\" height=\"1024\" src=\"https:\/\/sagradafamilia-tickets.com\/wp-content\/uploads\/2020\/07\/2-471x1024.jpg\" class=\"attachment-large size-large wp-image-47266\" alt=\"Other projects by Antoni Gaudi\" loading=\"lazy\" srcset=\"https:\/\/sagradafamilia-tickets.com\/wp-content\/uploads\/2020\/07\/2-471x1024.jpg 471w, https:\/\/sagradafamilia-tickets.com\/wp-content\/uploads\/2020\/07\/2-138x300.jpg 138w, https:\/\/sagradafamilia-tickets.com\/wp-content\/uploads\/2020\/07\/2-600x1304.jpg 600w, https:\/\/sagradafamilia-tickets.com\/wp-content\/uploads\/2020\/07\/2.jpg 632w\" sizes=\"(max-width: 471px) 100vw, 471px\" \/>\t\t\t\t\t\t\t\t\t\t\t\t\t\t<\/div>\n\t\t\t\t\t\t<\/div>\n\t\t\t\t<\/div>\n\t\t\t\t\t\t<\/div>\n\t\t\t\t\t<\/div>\n\t\t<\/div>\n\t\t\t\t\t\t\t\t<\/div>\n\t\t\t\t\t<\/div>\n\t\t<\/section>\n\t\t\t\t<section class=\"elementor-section elementor-top-section elementor-element elementor-element-6580364 elementor-section-content-middle elementor-reverse-tablet elementor-reverse-mobile elementor-section-boxed elementor-section-height-default elementor-section-height-default\" data-id=\"6580364\" data-element_type=\"section\">\n\t\t\t\t\t\t<div class=\"elementor-container elementor-column-gap-default\">\n\t\t\t\t\t\t\t<div class=\"elementor-row\">\n\t\t\t\t\t<div class=\"elementor-column elementor-col-100 elementor-top-column elementor-element elementor-element-b7e94fa\" data-id=\"b7e94fa\" data-element_type=\"column\">\n\t\t\t<div class=\"elementor-column-wrap elementor-element-populated\">\n\t\t\t\t\t\t\t<div class=\"elementor-widget-wrap\">\n\t\t\t\t\t\t<div class=\"elementor-element elementor-element-a68e773 elementor-widget elementor-widget-text-editor\" data-id=\"a68e773\" data-element_type=\"widget\" data-widget_type=\"text-editor.default\">\n\t\t\t\t<div class=\"elementor-widget-container\">\n\t\t\t\t\t\t\t\t<div class=\"elementor-text-editor elementor-clearfix\">\n\t\t\t\t<p><strong>Padiglioni G\u00fcell<\/strong><\/p>\n<p>Si tratta di un gruppo di edifici situati nel quartiere Pedralbes di Barcellona. Fu costruito tra il 1884 e il 1887 seguendo l&#8217;approccio orientalista di Gaud\u00ed, molto simile all&#8217;arte mud\u00e9jar.<\/p>\n<p><strong>Palazzo G\u00fcell<\/strong><\/p>\n<p>Si tratta di un palazzo progettato da Gaud\u00ed per il magnate industriale Eusebi G\u00fcell, costruito tra il 1886 e il 1888. Si trova in Carrer Nou de la Rambla a Barcellona. Il fulcro della casa \u00e8 il salone principale, progettato per intrattenere gli ospiti dell&#8217;alta societ\u00e0. Fa parte delle &#8220;Opere di Antoni Gaud\u00ed&#8221;, dichiarate Patrimonio dell&#8217;Umanit\u00e0 dall&#8217;UNESCO.<\/p>\n<p><strong>Casa Botines<\/strong><\/p>\n<p>La Casa Botines si trova a Le\u00f3n, in Spagna, ed \u00e8 stata costruita tra il 1891 e il 1892. \u00c8 stata adattata a sede della Caja Espa\u00f1a, una cassa di risparmio locale. L&#8217;edificio ha quattro piani, un seminterrato e un sottotetto. Il suo design ha un&#8217;aria medievale e varie caratteristiche neogotiche.<\/p>\n<p><strong>Cantine G\u00fcell<\/strong><\/p>\n<p>Si tratta di un complesso architettonico contenente un&#8217;azienda vinicola ed edifici associati, situato a Garraf, Barcellona. La cantina ha un profilo frontale triangolare, con tetti quasi verticali, lastre di pietra a forte pendenza, sormontate da diversi camini e due porte che comunicano con il vecchio edificio. Ha tre piani.<\/p>\n<p><strong>Casa Calvet<\/strong><\/p>\n<p>Fu progettata per un&#8217;azienda tessile che fungeva da locale commerciale al piano interrato e da abitazione al piano terra. Costruita tra il 1989 e il 1900, \u00e8 la pi\u00f9 convenzionale di tutte le sue opere.<\/p>\n<p><strong>Bellesguard<\/strong><\/p>\n<p>Conosciuta anche come Casa Figueres, questa moderna casa padronale fu costruita tra il 1900 e il 1909. La facciata esterna \u00e8 neogotica, in quanto Gaud\u00ed intendeva rendere omaggio all&#8217;originario castello medievale che sorgeva in quel luogo.<\/p>\n<p><strong>Parco G\u00fcell<\/strong><\/p>\n<p>\u00c8 un parco pubblico con giardini, elementi decorativi e architettonici situato a Barcellona. Fu costruito tra il 1900 e il 1914, anche se fu dichiarato parco pubblico solo nel 1926. \u00c8 una rappresentazione della pienezza artistica di Gaud\u00ed e appartiene al suo periodo naturalista. \u00c8 patrimonio dell&#8217;umanit\u00e0 dell&#8217;UNESCO.<\/p>\n<p><strong>Casa Batll\u00f3<\/strong><\/p>\n<p>\u00c8 un edificio situato nel centro di Barcellona, considerato uno dei capolavori progettati da Gaud\u00ed. Fu ridisegnato da lui nel 1904 ed \u00e8 classificato come Modernisme o Art Nouveau nel senso pi\u00f9 ampio del termine. Ha una qualit\u00e0 organica scheletrica e viscerale.<\/p>\n<p><strong>Giardini di Artigas<\/strong><\/p>\n<p>\u00c8 un parco situato a La Pobla de Lillet, a Barcellona. Costruito tra il 1905 e il 1906, si distingue per i suoi giardini di archi e simboli cattolici disegnati da Gaud\u00ed.<\/p>\n<p><strong>Casa Mil\u00e0<\/strong><\/p>\n<p>Comunemente conosciuta come La Pedrera, \u00e8 un edificio che appartiene alla fase modernista di Gaud\u00ed. Fu costruita tra il 1906 e il 1912 e fu l&#8217;ultima residenza privata progettata da Gaud\u00ed. Ha un aspetto grezzo e non convenzionale, con una facciata ondulata in pietra e balconi in ferro battuto contorti. \u00c8 stata dichiarata Patrimonio dell&#8217;umanit\u00e0 dall&#8217;UNESCO nel 1984.<\/p>\n<p><strong>Cripta della Colonia G\u00fcell<\/strong><\/p>\n<p>Costruita come luogo di culto per il villaggio sulla collina di un quartiere industriale a Santa Coloma de Cervell\u00f3, vicino a Barcellona, \u00e8 una delle opere incompiute di Gaud\u00ed. La chiesa \u00e8 patrimonio dell&#8217;umanit\u00e0 dell&#8217;UNESCO.<\/p>\n<p><strong>Scuola della Sagrada Familia<\/strong><\/p>\n<p>Si trattava di un piccolo edificio scolastico per i figli degli operai della Sagrada Familia, ma era accessibile anche agli altri bambini della zona, soprattutto alle classi pi\u00f9 svantaggiate.<\/p>\n\t\t\t\t\t<\/div>\n\t\t\t\t\t\t<\/div>\n\t\t\t\t<\/div>\n\t\t\t\t\t\t<\/div>\n\t\t\t\t\t<\/div>\n\t\t<\/div>\n\t\t\t\t\t\t\t\t<\/div>\n\t\t\t\t\t<\/div>\n\t\t<\/section>\n\t\t\t\t<section class=\"elementor-section elementor-top-section elementor-element elementor-element-361b34b elementor-section-content-middle elementor-reverse-tablet elementor-reverse-mobile elementor-section-boxed elementor-section-height-default elementor-section-height-default\" data-id=\"361b34b\" data-element_type=\"section\">\n\t\t\t\t\t\t<div class=\"elementor-container elementor-column-gap-default\">\n\t\t\t\t\t\t\t<div class=\"elementor-row\">\n\t\t\t\t\t<div class=\"elementor-column elementor-col-50 elementor-top-column elementor-element elementor-element-e970e75\" data-id=\"e970e75\" data-element_type=\"column\">\n\t\t\t<div class=\"elementor-column-wrap elementor-element-populated\">\n\t\t\t\t\t\t\t<div class=\"elementor-widget-wrap\">\n\t\t\t\t\t\t<div class=\"elementor-element elementor-element-f02474c elementor-align-center elementor-widget elementor-widget-button\" data-id=\"f02474c\" data-element_type=\"widget\" data-widget_type=\"button.default\">\n\t\t\t\t<div class=\"elementor-widget-container\">\n\t\t\t\t\t<div class=\"elementor-button-wrapper\">\n\t\t\t<a href=\"https:\/\/sagradafamilia-tickets.com\/gaudi-sagrada-familia-architect\/\" class=\"elementor-button-link elementor-button elementor-size-sm\" role=\"button\">\n\t\t\t\t\t\t<span class=\"elementor-button-content-wrapper\">\n\t\t\t\t\t\t<span class=\"elementor-button-text\">Gaud\u00ec e la Sagrada Familia<\/span>\n\t\t<\/span>\n\t\t\t\t\t<\/a>\n\t\t<\/div>\n\t\t\t\t<\/div>\n\t\t\t\t<\/div>\n\t\t\t\t\t\t<\/div>\n\t\t\t\t\t<\/div>\n\t\t<\/div>\n\t\t\t\t<div class=\"elementor-column elementor-col-50 elementor-top-column elementor-element elementor-element-4a9d3f2\" data-id=\"4a9d3f2\" data-element_type=\"column\">\n\t\t\t<div class=\"elementor-column-wrap elementor-element-populated\">\n\t\t\t\t\t\t\t<div class=\"elementor-widget-wrap\">\n\t\t\t\t\t\t<div class=\"elementor-element elementor-element-2c4123f elementor-align-center elementor-widget elementor-widget-button\" data-id=\"2c4123f\" data-element_type=\"widget\" data-widget_type=\"button.default\">\n\t\t\t\t<div class=\"elementor-widget-container\">\n\t\t\t\t\t<div class=\"elementor-button-wrapper\">\n\t\t\t<a href=\"https:\/\/sagradafamilia-tickets.com\/gaudi-house-museum\/\" class=\"elementor-button-link elementor-button elementor-size-sm\" role=\"button\">\n\t\t\t\t\t\t<span class=\"elementor-button-content-wrapper\">\n\t\t\t\t\t\t<span class=\"elementor-button-text\">Casa Museo Gaud\u00ed<\/span>\n\t\t<\/span>\n\t\t\t\t\t<\/a>\n\t\t<\/div>\n\t\t\t\t<\/div>\n\t\t\t\t<\/div>\n\t\t\t\t\t\t<\/div>\n\t\t\t\t\t<\/div>\n\t\t<\/div>\n\t\t\t\t\t\t\t\t<\/div>\n\t\t\t\t\t<\/div>\n\t\t<\/section>\n\t\t\t\t\t\t\t\t\t<\/div>\n\t\t\t<\/div>\n\t\t\t\t\t<\/div>\n\t\t","protected":false},"excerpt":{"rendered":"<p>Biografia di Antonio Gaud\u00ed COVID-19: Per garantire la salute di tutti, la Sagrada FamIlia sta applicando tutte le misure sanitarie stabilite dal Ministero della Salute spagnolo. Consulta qui le regole da seguire per i turisti. Biografia Antonio Gaud\u00ed i Cornet \u00e8 stato un architetto catalano, conosciuto a livello internazionale come uno dei pi\u00f9 grandi e &hellip;<\/p>\n<p class=\"read-more\"> <a class=\"\" href=\"https:\/\/sagradafamilia-tickets.com\/it\/biografia-di-antonio-gaudi\/\"> <span class=\"screen-reader-text\">Gaud\u00ed<\/span> Leggi altro &raquo;<\/a><\/p>\n","protected":false},"author":3,"featured_media":0,"parent":0,"menu_order":0,"comment_status":"closed","ping_status":"closed","template":"","meta":{"site-sidebar-layout":"no-sidebar","site-content-layout":"page-builder","ast-global-header-display":"","ast-main-header-display":"","ast-hfb-above-header-display":"","ast-hfb-below-header-display":"","ast-hfb-mobile-header-display":"","site-post-title":"disabled","ast-breadcrumbs-content":"","ast-featured-img":"disabled","footer-sml-layout":"","theme-transparent-header-meta":"default","adv-header-id-meta":"","stick-header-meta":"","header-above-stick-meta":"","header-main-stick-meta":"","header-below-stick-meta":""},"yoast_head":"<!-- This site is optimized with the Yoast SEO plugin v20.4 - https:\/\/yoast.com\/wordpress\/plugins\/seo\/ -->\n<title>Biografia di Antonio Gaud\u00ed | La vita dell&#039;architetto della Sagrada Familia<\/title>\n<meta name=\"description\" content=\"Gaud\u00ed era un architetto catalano dallo stile unico e individualista: non esistono due sue opere uguali. Vuoi saperne di pi\u00f9 sulla sua vita e sui suoi edifici?\" \/>\n<meta name=\"robots\" content=\"noindex, follow, max-snippet:-1, max-image-preview:large, max-video-preview:-1\" \/>\n<meta property=\"og:locale\" content=\"it_IT\" \/>\n<meta property=\"og:type\" content=\"article\" \/>\n<meta property=\"og:title\" content=\"Biografia di Antonio Gaud\u00ed | La vita dell&#039;architetto della Sagrada Familia\" \/>\n<meta property=\"og:description\" content=\"Gaud\u00ed era un architetto catalano dallo stile unico e individualista: non esistono due sue opere uguali. Vuoi saperne di pi\u00f9 sulla sua vita e sui suoi edifici?\" \/>\n<meta property=\"og:url\" content=\"https:\/\/sagradafamilia-tickets.com\/gaudi-history\/\" \/>\n<meta property=\"og:site_name\" content=\"Sagrada Familia Barcelona\" \/>\n<meta property=\"article:modified_time\" content=\"2022-12-05T12:45:41+00:00\" \/>\n<meta property=\"og:image\" content=\"https:\/\/sagradafamilia-tickets.com\/wp-content\/uploads\/2020\/07\/2020-07-08_140254.png\" \/>\n<meta name=\"twitter:card\" content=\"summary_large_image\" \/>\n<meta name=\"twitter:label1\" content=\"Tempo di lettura stimato\" \/>\n\t<meta name=\"twitter:data1\" content=\"7 minuti\" \/>\n<script type=\"application\/ld+json\" class=\"yoast-schema-graph\">{\"@context\":\"https:\/\/schema.org\",\"@graph\":[{\"@type\":\"WebPage\",\"@id\":\"https:\/\/sagradafamilia-tickets.com\/gaudi-history\/\",\"url\":\"https:\/\/sagradafamilia-tickets.com\/gaudi-history\/\",\"name\":\"Biografia di Antonio Gaud\u00ed | La vita dell'architetto della Sagrada Familia\",\"isPartOf\":{\"@id\":\"https:\/\/sagradafamilia-tickets.com\/#website\"},\"datePublished\":\"2022-11-29T15:29:56+00:00\",\"dateModified\":\"2022-12-05T12:45:41+00:00\",\"description\":\"Gaud\u00ed era un architetto catalano dallo stile unico e individualista: non esistono due sue opere uguali. Vuoi saperne di pi\u00f9 sulla sua vita e sui suoi edifici?\",\"breadcrumb\":{\"@id\":\"https:\/\/sagradafamilia-tickets.com\/gaudi-history\/#breadcrumb\"},\"inLanguage\":\"it-IT\",\"potentialAction\":[{\"@type\":\"ReadAction\",\"target\":[\"https:\/\/sagradafamilia-tickets.com\/gaudi-history\/\"]}]},{\"@type\":\"BreadcrumbList\",\"@id\":\"https:\/\/sagradafamilia-tickets.com\/gaudi-history\/#breadcrumb\",\"itemListElement\":[{\"@type\":\"ListItem\",\"position\":1,\"name\":\"Home\",\"item\":\"https:\/\/sagradafamilia-tickets.com\/\"},{\"@type\":\"ListItem\",\"position\":2,\"name\":\"Gaud\u00ed\"}]},{\"@type\":\"WebSite\",\"@id\":\"https:\/\/sagradafamilia-tickets.com\/#website\",\"url\":\"https:\/\/sagradafamilia-tickets.com\/\",\"name\":\"Sagrada Familia Barcelona\",\"description\":\"Book Your Tickets &amp; Tours\",\"publisher\":{\"@id\":\"https:\/\/sagradafamilia-tickets.com\/#organization\"},\"potentialAction\":[{\"@type\":\"SearchAction\",\"target\":{\"@type\":\"EntryPoint\",\"urlTemplate\":\"https:\/\/sagradafamilia-tickets.com\/?s={search_term_string}\"},\"query-input\":\"required name=search_term_string\"}],\"inLanguage\":\"it-IT\"},{\"@type\":\"Organization\",\"@id\":\"https:\/\/sagradafamilia-tickets.com\/#organization\",\"name\":\"Sagrada Familia Barcelona\",\"url\":\"https:\/\/sagradafamilia-tickets.com\/\",\"logo\":{\"@type\":\"ImageObject\",\"inLanguage\":\"it-IT\",\"@id\":\"https:\/\/sagradafamilia-tickets.com\/#\/schema\/logo\/image\/\",\"url\":\"https:\/\/sagradafamilia-tickets.com\/wp-content\/uploads\/2022\/08\/Sagrada-Familia-Tick.png\",\"contentUrl\":\"https:\/\/sagradafamilia-tickets.com\/wp-content\/uploads\/2022\/08\/Sagrada-Familia-Tick.png\",\"width\":526,\"height\":50,\"caption\":\"Sagrada Familia Barcelona\"},\"image\":{\"@id\":\"https:\/\/sagradafamilia-tickets.com\/#\/schema\/logo\/image\/\"}}]}<\/script>\n<!-- \/ Yoast SEO plugin. -->","yoast_head_json":{"title":"Biografia di Antonio Gaud\u00ed | La vita dell'architetto della Sagrada Familia","description":"Gaud\u00ed era un architetto catalano dallo stile unico e individualista: non esistono due sue opere uguali. Vuoi saperne di pi\u00f9 sulla sua vita e sui suoi edifici?","robots":{"index":"noindex","follow":"follow","max-snippet":"max-snippet:-1","max-image-preview":"max-image-preview:large","max-video-preview":"max-video-preview:-1"},"og_locale":"it_IT","og_type":"article","og_title":"Biografia di Antonio Gaud\u00ed | La vita dell'architetto della Sagrada Familia","og_description":"Gaud\u00ed era un architetto catalano dallo stile unico e individualista: non esistono due sue opere uguali. Vuoi saperne di pi\u00f9 sulla sua vita e sui suoi edifici?","og_url":"https:\/\/sagradafamilia-tickets.com\/gaudi-history\/","og_site_name":"Sagrada Familia Barcelona","article_modified_time":"2022-12-05T12:45:41+00:00","og_image":[{"url":"https:\/\/sagradafamilia-tickets.com\/wp-content\/uploads\/2020\/07\/2020-07-08_140254.png"}],"twitter_card":"summary_large_image","twitter_misc":{"Tempo di lettura stimato":"7 minuti"},"schema":{"@context":"https:\/\/schema.org","@graph":[{"@type":"WebPage","@id":"https:\/\/sagradafamilia-tickets.com\/gaudi-history\/","url":"https:\/\/sagradafamilia-tickets.com\/gaudi-history\/","name":"Biografia di Antonio Gaud\u00ed | La vita dell'architetto della Sagrada Familia","isPartOf":{"@id":"https:\/\/sagradafamilia-tickets.com\/#website"},"datePublished":"2022-11-29T15:29:56+00:00","dateModified":"2022-12-05T12:45:41+00:00","description":"Gaud\u00ed era un architetto catalano dallo stile unico e individualista: non esistono due sue opere uguali. Vuoi saperne di pi\u00f9 sulla sua vita e sui suoi edifici?","breadcrumb":{"@id":"https:\/\/sagradafamilia-tickets.com\/gaudi-history\/#breadcrumb"},"inLanguage":"it-IT","potentialAction":[{"@type":"ReadAction","target":["https:\/\/sagradafamilia-tickets.com\/gaudi-history\/"]}]},{"@type":"BreadcrumbList","@id":"https:\/\/sagradafamilia-tickets.com\/gaudi-history\/#breadcrumb","itemListElement":[{"@type":"ListItem","position":1,"name":"Home","item":"https:\/\/sagradafamilia-tickets.com\/"},{"@type":"ListItem","position":2,"name":"Gaud\u00ed"}]},{"@type":"WebSite","@id":"https:\/\/sagradafamilia-tickets.com\/#website","url":"https:\/\/sagradafamilia-tickets.com\/","name":"Sagrada Familia Barcelona","description":"Book Your Tickets &amp; Tours","publisher":{"@id":"https:\/\/sagradafamilia-tickets.com\/#organization"},"potentialAction":[{"@type":"SearchAction","target":{"@type":"EntryPoint","urlTemplate":"https:\/\/sagradafamilia-tickets.com\/?s={search_term_string}"},"query-input":"required name=search_term_string"}],"inLanguage":"it-IT"},{"@type":"Organization","@id":"https:\/\/sagradafamilia-tickets.com\/#organization","name":"Sagrada Familia Barcelona","url":"https:\/\/sagradafamilia-tickets.com\/","logo":{"@type":"ImageObject","inLanguage":"it-IT","@id":"https:\/\/sagradafamilia-tickets.com\/#\/schema\/logo\/image\/","url":"https:\/\/sagradafamilia-tickets.com\/wp-content\/uploads\/2022\/08\/Sagrada-Familia-Tick.png","contentUrl":"https:\/\/sagradafamilia-tickets.com\/wp-content\/uploads\/2022\/08\/Sagrada-Familia-Tick.png","width":526,"height":50,"caption":"Sagrada Familia Barcelona"},"image":{"@id":"https:\/\/sagradafamilia-tickets.com\/#\/schema\/logo\/image\/"}}]}},"_links":{"self":[{"href":"https:\/\/sagradafamilia-tickets.com\/it\/wp-json\/wp\/v2\/pages\/47399"}],"collection":[{"href":"https:\/\/sagradafamilia-tickets.com\/it\/wp-json\/wp\/v2\/pages"}],"about":[{"href":"https:\/\/sagradafamilia-tickets.com\/it\/wp-json\/wp\/v2\/types\/page"}],"author":[{"embeddable":true,"href":"https:\/\/sagradafamilia-tickets.com\/it\/wp-json\/wp\/v2\/users\/3"}],"replies":[{"embeddable":true,"href":"https:\/\/sagradafamilia-tickets.com\/it\/wp-json\/wp\/v2\/comments?post=47399"}],"version-history":[{"count":4,"href":"https:\/\/sagradafamilia-tickets.com\/it\/wp-json\/wp\/v2\/pages\/47399\/revisions"}],"predecessor-version":[{"id":48017,"href":"https:\/\/sagradafamilia-tickets.com\/it\/wp-json\/wp\/v2\/pages\/47399\/revisions\/48017"}],"wp:attachment":[{"href":"https:\/\/sagradafamilia-tickets.com\/it\/wp-json\/wp\/v2\/media?parent=47399"}],"curies":[{"name":"wp","href":"https:\/\/api.w.org\/{rel}","templated":true}]}}