{"id":44708,"date":"2022-11-10T19:03:48","date_gmt":"2022-11-10T18:03:48","guid":{"rendered":"https:\/\/sagradafamilia-tickets.com\/gaudi-et-la-sagrada-familia\/"},"modified":"2023-01-04T17:27:58","modified_gmt":"2023-01-04T16:27:58","slug":"gaudi-et-la-sagrada-familia","status":"publish","type":"page","link":"https:\/\/sagradafamilia-tickets.com\/fr\/gaudi-et-la-sagrada-familia\/","title":{"rendered":"Gaud\u00ed et la Sagrada Fam\u00edlia"},"content":{"rendered":"\t\t<div data-elementor-type=\"wp-page\" data-elementor-id=\"44708\" class=\"elementor elementor-44708 elementor-3213\">\n\t\t\t\t\t\t<div class=\"elementor-inner\">\n\t\t\t\t<div class=\"elementor-section-wrap\">\n\t\t\t\t\t\t\t\t\t<section class=\"elementor-section elementor-top-section elementor-element elementor-element-608995a0 elementor-section-full_width elementor-section-height-min-height elementor-section-height-default elementor-section-items-middle\" data-id=\"608995a0\" data-element_type=\"section\" data-settings=\"{&quot;background_background&quot;:&quot;classic&quot;}\">\n\t\t\t\t\t\t\t<div class=\"elementor-background-overlay\"><\/div>\n\t\t\t\t\t\t\t<div class=\"elementor-container elementor-column-gap-default\">\n\t\t\t\t\t\t\t<div class=\"elementor-row\">\n\t\t\t\t\t<div class=\"elementor-column elementor-col-100 elementor-top-column elementor-element elementor-element-1df58d95\" data-id=\"1df58d95\" data-element_type=\"column\">\n\t\t\t<div class=\"elementor-column-wrap elementor-element-populated\">\n\t\t\t\t\t\t\t<div class=\"elementor-widget-wrap\">\n\t\t\t\t\t\t<div class=\"elementor-element elementor-element-e9e9e38 elementor-widget elementor-widget-heading\" data-id=\"e9e9e38\" data-element_type=\"widget\" data-widget_type=\"heading.default\">\n\t\t\t\t<div class=\"elementor-widget-container\">\n\t\t\t<h1 class=\"elementor-heading-title elementor-size-default\">Gaud\u00ed et la Sagrada Fam\u00edlia<\/h1>\t\t<\/div>\n\t\t\t\t<\/div>\n\t\t\t\t\t\t<\/div>\n\t\t\t\t\t<\/div>\n\t\t<\/div>\n\t\t\t\t\t\t\t\t<\/div>\n\t\t\t\t\t<\/div>\n\t\t<\/section>\n\t\t\t\t<section class=\"elementor-section elementor-top-section elementor-element elementor-element-2711a3f5 elementor-section-boxed elementor-section-height-default elementor-section-height-default\" data-id=\"2711a3f5\" data-element_type=\"section\" data-settings=\"{&quot;background_background&quot;:&quot;classic&quot;}\">\n\t\t\t\t\t\t<div class=\"elementor-container elementor-column-gap-default\">\n\t\t\t\t\t\t\t<div class=\"elementor-row\">\n\t\t\t\t\t<div class=\"elementor-column elementor-col-100 elementor-top-column elementor-element elementor-element-5e6df369\" data-id=\"5e6df369\" data-element_type=\"column\">\n\t\t\t<div class=\"elementor-column-wrap elementor-element-populated\">\n\t\t\t\t\t\t\t<div class=\"elementor-widget-wrap\">\n\t\t\t\t\t\t<div class=\"elementor-element elementor-element-552713f5 elementor-widget elementor-widget-text-editor\" data-id=\"552713f5\" data-element_type=\"widget\" data-widget_type=\"text-editor.default\">\n\t\t\t\t<div class=\"elementor-widget-container\">\n\t\t\t\t\t\t\t\t<div class=\"elementor-text-editor elementor-clearfix\">\n\t\t\t\t<p><strong>COVID-19 :<\/strong> Pour garantir votre sant\u00e9, la Sagrada Fam\u00edlia applique toutes les mesures sanitaires \u00e9tablies par le minist\u00e8re espagnol de la Sant\u00e9.\u00a0 <span style=\"text-decoration: underline;\"><a style=\"color: #ffffff; text-decoration: underline;\" href=\"https:\/\/sagradafamilia-tickets.com\/fr\/covid-19\/\" rel=\"nofollow\">Consultez ici les r\u00e8gles sanitaires pour les visiteurs.<\/a><\/span><\/p>\n\t\t\t\t\t<\/div>\n\t\t\t\t\t\t<\/div>\n\t\t\t\t<\/div>\n\t\t\t\t\t\t<\/div>\n\t\t\t\t\t<\/div>\n\t\t<\/div>\n\t\t\t\t\t\t\t\t<\/div>\n\t\t\t\t\t<\/div>\n\t\t<\/section>\n\t\t\t\t<section class=\"elementor-section elementor-top-section elementor-element elementor-element-7f33b9f elementor-section-boxed elementor-section-height-default elementor-section-height-default\" data-id=\"7f33b9f\" data-element_type=\"section\">\n\t\t\t\t\t\t<div class=\"elementor-container elementor-column-gap-default\">\n\t\t\t\t\t\t\t<div class=\"elementor-row\">\n\t\t\t\t\t<div class=\"elementor-column elementor-col-100 elementor-top-column elementor-element elementor-element-7eae1b8\" data-id=\"7eae1b8\" data-element_type=\"column\">\n\t\t\t<div class=\"elementor-column-wrap elementor-element-populated\">\n\t\t\t\t\t\t\t<div class=\"elementor-widget-wrap\">\n\t\t\t\t\t\t<div class=\"elementor-element elementor-element-27413a2 elementor-widget elementor-widget-text-editor\" data-id=\"27413a2\" data-element_type=\"widget\" data-widget_type=\"text-editor.default\">\n\t\t\t\t<div class=\"elementor-widget-container\">\n\t\t\t\t\t\t\t\t<div class=\"elementor-text-editor elementor-clearfix\">\n\t\t\t\t<p>La Sagrada Familia est une chapelle extraordinaire et unique con\u00e7ue par l&rsquo;architecte Antoni Gaud\u00ed. Sa construction a dur\u00e9 135 ans, mais il devrait \u00eatre compl\u00e8tement termin\u00e9 en 2026. La conception originale a \u00e9t\u00e9 r\u00e9alis\u00e9e par Francisco de Paula del Villar, selon les directives traditionnelles de l&rsquo;\u00e9poque, fortement marqu\u00e9es par des \u00e9l\u00e9ments gothiques. Lorsque Gaud\u00ed a repris le projet, il l&rsquo;a transform\u00e9 en une proposition ambitieuse visant \u00e0 construire l&rsquo;\u00e9glise du futur.<\/p>\t\t\t\t\t<\/div>\n\t\t\t\t\t\t<\/div>\n\t\t\t\t<\/div>\n\t\t\t\t\t\t<\/div>\n\t\t\t\t\t<\/div>\n\t\t<\/div>\n\t\t\t\t\t\t\t\t<\/div>\n\t\t\t\t\t<\/div>\n\t\t<\/section>\n\t\t\t\t<section class=\"elementor-section elementor-top-section elementor-element elementor-element-81ebadf elementor-section-content-middle elementor-reverse-tablet elementor-reverse-mobile elementor-section-boxed elementor-section-height-default elementor-section-height-default\" data-id=\"81ebadf\" data-element_type=\"section\">\n\t\t\t\t\t\t<div class=\"elementor-container elementor-column-gap-default\">\n\t\t\t\t\t\t\t<div class=\"elementor-row\">\n\t\t\t\t\t<div class=\"elementor-column elementor-col-50 elementor-top-column elementor-element elementor-element-a32e4a0\" data-id=\"a32e4a0\" data-element_type=\"column\">\n\t\t\t<div class=\"elementor-column-wrap elementor-element-populated\">\n\t\t\t\t\t\t\t<div class=\"elementor-widget-wrap\">\n\t\t\t\t\t\t<div class=\"elementor-element elementor-element-5ffb50f elementor-widget elementor-widget-heading\" data-id=\"5ffb50f\" data-element_type=\"widget\" data-widget_type=\"heading.default\">\n\t\t\t\t<div class=\"elementor-widget-container\">\n\t\t\t<h2 class=\"elementor-heading-title elementor-size-default\">L'architecte de la Sagrada Fam\u00edlia<\/h2>\t\t<\/div>\n\t\t\t\t<\/div>\n\t\t\t\t<div class=\"elementor-element elementor-element-69689f2 elementor-widget-divider--view-line elementor-widget elementor-widget-divider\" data-id=\"69689f2\" data-element_type=\"widget\" data-widget_type=\"divider.default\">\n\t\t\t\t<div class=\"elementor-widget-container\">\n\t\t\t\t\t<div class=\"elementor-divider\">\n\t\t\t<span class=\"elementor-divider-separator\">\n\t\t\t\t\t\t<\/span>\n\t\t<\/div>\n\t\t\t\t<\/div>\n\t\t\t\t<\/div>\n\t\t\t\t<div class=\"elementor-element elementor-element-5c9c0b1 elementor-widget elementor-widget-text-editor\" data-id=\"5c9c0b1\" data-element_type=\"widget\" data-widget_type=\"text-editor.default\">\n\t\t\t\t<div class=\"elementor-widget-container\">\n\t\t\t\t\t\t\t\t<div class=\"elementor-text-editor elementor-clearfix\">\n\t\t\t\t<p>La Sagrada Fam\u00edlia est le chef-d&rsquo;\u0153uvre d&rsquo;Antoni Gaud\u00ed. L&rsquo;id\u00e9e a \u00e9t\u00e9 con\u00e7ue par Josep Maria Bocabella apr\u00e8s un voyage au Vatican, lorsqu&rsquo;il a estim\u00e9 que Barcelone devait avoir une \u00e9glise importante, semblable \u00e0 la basilique de Lorette. C&rsquo;est avec cette id\u00e9e en t\u00eate qu&rsquo;il a fond\u00e9 l&rsquo;Association spirituelle des d\u00e9vots de Saint-Joseph, par le biais de laquelle il a g\u00e9r\u00e9 les dons priv\u00e9s pour construire l&rsquo;\u00e9glise pendant les premi\u00e8res \u00e9tapes de la construction. Pendant des d\u00e9cennies, la Sagrada Fam\u00edlia a \u00e9galement re\u00e7u des fonds priv\u00e9s provenant de dons ou d&rsquo;aum\u00f4nes qui ont \u00e9t\u00e9 utilis\u00e9s exclusivement pour la construction de l&rsquo;\u00e9glise. La construction de la Sagrada Fam\u00edlia a commenc\u00e9 en 1882 sous la direction de Francisco de Paula del Villar, suivant des directives architecturales traditionnelles avec des \u00e9l\u00e9ments n\u00e9o-gothiques. Cependant, apr\u00e8s des divergences techniques sur divers points, il d\u00e9missionne et est remplac\u00e9 par Antoni Gaud\u00ed, qui reprend le projet et le modifie radicalement. D\u00e8s lors, il a travaill\u00e9 sur la Sagrada Fam\u00edlia, ainsi que sur d&rsquo;autres projets tels que le palais G\u00fcell, la Casa Botines, les Bodegas G\u00fcell, la Casa Calvet, Bellesguard, le parc G\u00fcell, la Casa Batll\u00f3 et la Casa Mil\u00e0. Avec la Sagrada Fam\u00edlia, Gaud\u00ed a atteint l&rsquo;apog\u00e9e de son style naturaliste, cr\u00e9ant une synth\u00e8se de toutes les solutions et de tous les styles qu&rsquo;il avait mis en \u0153uvre jusqu&rsquo;alors.<\/p>\t\t\t\t\t<\/div>\n\t\t\t\t\t\t<\/div>\n\t\t\t\t<\/div>\n\t\t\t\t\t\t<\/div>\n\t\t\t\t\t<\/div>\n\t\t<\/div>\n\t\t\t\t<div class=\"elementor-column elementor-col-50 elementor-top-column elementor-element elementor-element-d954b52\" data-id=\"d954b52\" data-element_type=\"column\">\n\t\t\t<div class=\"elementor-column-wrap elementor-element-populated\">\n\t\t\t\t\t\t\t<div class=\"elementor-widget-wrap\">\n\t\t\t\t\t\t<div class=\"elementor-element elementor-element-4740f37 elementor-widget elementor-widget-image\" data-id=\"4740f37\" data-element_type=\"widget\" data-widget_type=\"image.default\">\n\t\t\t\t<div class=\"elementor-widget-container\">\n\t\t\t\t\t\t\t\t<div class=\"elementor-image\">\n\t\t\t\t\t\t\t\t\t\t\t\t<img width=\"675\" height=\"1024\" src=\"https:\/\/sagradafamilia-tickets.com\/wp-content\/uploads\/2020\/07\/19-675x1024.jpg\" class=\"attachment-large size-large wp-image-33715\" alt=\"Gaudi is the architect of the Sagrada Familioa\" loading=\"lazy\" srcset=\"https:\/\/sagradafamilia-tickets.com\/wp-content\/uploads\/2020\/07\/19-675x1024.jpg 675w, https:\/\/sagradafamilia-tickets.com\/wp-content\/uploads\/2020\/07\/19-198x300.jpg 198w, https:\/\/sagradafamilia-tickets.com\/wp-content\/uploads\/2020\/07\/19-600x910.jpg 600w, https:\/\/sagradafamilia-tickets.com\/wp-content\/uploads\/2020\/07\/19.jpg 712w\" sizes=\"(max-width: 675px) 100vw, 675px\" \/>\t\t\t\t\t\t\t\t\t\t\t\t\t\t<\/div>\n\t\t\t\t\t\t<\/div>\n\t\t\t\t<\/div>\n\t\t\t\t\t\t<\/div>\n\t\t\t\t\t<\/div>\n\t\t<\/div>\n\t\t\t\t\t\t\t\t<\/div>\n\t\t\t\t\t<\/div>\n\t\t<\/section>\n\t\t\t\t<section class=\"elementor-section elementor-top-section elementor-element elementor-element-11cc56c elementor-section-boxed elementor-section-height-default elementor-section-height-default\" data-id=\"11cc56c\" data-element_type=\"section\">\n\t\t\t\t\t\t<div class=\"elementor-container elementor-column-gap-default\">\n\t\t\t\t\t\t\t<div class=\"elementor-row\">\n\t\t\t\t\t<div class=\"elementor-column elementor-col-100 elementor-top-column elementor-element elementor-element-f8492b1\" data-id=\"f8492b1\" data-element_type=\"column\">\n\t\t\t<div class=\"elementor-column-wrap elementor-element-populated\">\n\t\t\t\t\t\t\t<div class=\"elementor-widget-wrap\">\n\t\t\t\t\t\t<div class=\"elementor-element elementor-element-60b8695 elementor-widget elementor-widget-text-editor\" data-id=\"60b8695\" data-element_type=\"widget\" data-widget_type=\"text-editor.default\">\n\t\t\t\t<div class=\"elementor-widget-container\">\n\t\t\t\t\t\t\t\t<div class=\"elementor-text-editor elementor-clearfix\">\n\t\t\t\t<p>En r\u00e9f\u00e9rence au temps que prenait la construction de l&rsquo;\u00e9glise, Gaud\u00ed aurait d\u00e9clar\u00e9 : \u00ab\u00a0Mon client n&rsquo;est pas press\u00e9\u00a0\u00bb, en r\u00e9f\u00e9rence \u00e0 Dieu. La conception de la Sagrada Fam\u00edlia ne comporte pas une seule ligne droite car, selon Gaud\u00ed, elles n&rsquo;existent pas dans la nature, et comme il s&rsquo;agit d&rsquo;un temple qui refl\u00e8te la nature, la vie et la mort, il ne devrait pas en avoir. Depuis le d\u00e9but, la construction d\u00e9pend exclusivement de dons priv\u00e9s, ce qui est l&rsquo;une des raisons pour lesquelles elle a \u00e9t\u00e9 si lente. L&rsquo;autre est le d\u00e9clenchement de la guerre civile espagnole en 1936, lorsque la crypte et l&rsquo;atelier de Gaud\u00ed ont \u00e9t\u00e9 attaqu\u00e9s par des r\u00e9volutionnaires qui ont mis le feu aux deux endroits, br\u00fblant une grande partie des plans et des dessins de Gaud\u00ed. Heureusement, certaines instructions et certains dessins sont rest\u00e9s intacts, permettant \u00e0 de nouveaux architectes comme Francesc Quintana, Isidre Puig et Luis Bonet de reprendre la construction, en faisant de leur mieux pour rester fid\u00e8les \u00e0 la vision de Gaud\u00ed. Antoni Gaud\u00ed a travaill\u00e9 sur l&rsquo;\u00e9glise jusqu&rsquo;au jour de sa mort. Il a \u00e9t\u00e9 renvers\u00e9 par un tramway alors qu&rsquo;il se rendait \u00e0 l&rsquo;\u00e9glise pour sa pri\u00e8re habituelle et, en raison de son apparence de mendiant, il n&rsquo;a pas \u00e9t\u00e9 aid\u00e9 imm\u00e9diatement ; lorsqu&rsquo;il a \u00e9t\u00e9 reconnu le lendemain, son \u00e9tat de sant\u00e9 \u00e9tait tr\u00e8s grave. Il est d\u00e9c\u00e9d\u00e9 le 10 juin 1926 et a \u00e9t\u00e9 enterr\u00e9 deux jours plus tard au cours de fun\u00e9railles collectives dans la chapelle de Notre-Dame-du-Mont-Carmel, dans la crypte de la Sagrada Fam\u00edlia. Aujourd&rsquo;hui, la Sagrada Fam\u00edlia re\u00e7oit toujours des dons, mais la majeure partie de l&rsquo;argent utilis\u00e9 pour ses travaux provient des droits d&rsquo;entr\u00e9e. Le b\u00e2timent a re\u00e7u le nom de chapelle expiatoire, car sa construction n&rsquo;est financ\u00e9e par aucun fonds gouvernemental ou eccl\u00e9siastique.<\/p>\t\t\t\t\t<\/div>\n\t\t\t\t\t\t<\/div>\n\t\t\t\t<\/div>\n\t\t\t\t\t\t<\/div>\n\t\t\t\t\t<\/div>\n\t\t<\/div>\n\t\t\t\t\t\t\t\t<\/div>\n\t\t\t\t\t<\/div>\n\t\t<\/section>\n\t\t\t\t<section class=\"elementor-section elementor-top-section elementor-element elementor-element-0cf5462 elementor-section-content-middle elementor-reverse-tablet elementor-reverse-mobile elementor-section-boxed elementor-section-height-default elementor-section-height-default\" data-id=\"0cf5462\" data-element_type=\"section\">\n\t\t\t\t\t\t<div class=\"elementor-container elementor-column-gap-default\">\n\t\t\t\t\t\t\t<div class=\"elementor-row\">\n\t\t\t\t\t<div class=\"elementor-column elementor-col-50 elementor-top-column elementor-element elementor-element-fe2858f\" data-id=\"fe2858f\" data-element_type=\"column\">\n\t\t\t<div class=\"elementor-column-wrap elementor-element-populated\">\n\t\t\t\t\t\t\t<div class=\"elementor-widget-wrap\">\n\t\t\t\t\t\t<div class=\"elementor-element elementor-element-ce863e0 elementor-widget elementor-widget-image\" data-id=\"ce863e0\" data-element_type=\"widget\" data-widget_type=\"image.default\">\n\t\t\t\t<div class=\"elementor-widget-container\">\n\t\t\t\t\t\t\t\t<div class=\"elementor-image\">\n\t\t\t\t\t\t\t\t\t\t\t\t<img width=\"714\" height=\"879\" src=\"https:\/\/sagradafamilia-tickets.com\/wp-content\/uploads\/2020\/07\/20.jpg\" class=\"attachment-large size-large wp-image-33716\" alt=\"Gaud\u00ed preferred the use of modelling architecture over drawing it\" loading=\"lazy\" srcset=\"https:\/\/sagradafamilia-tickets.com\/wp-content\/uploads\/2020\/07\/20.jpg 714w, https:\/\/sagradafamilia-tickets.com\/wp-content\/uploads\/2020\/07\/20-244x300.jpg 244w, https:\/\/sagradafamilia-tickets.com\/wp-content\/uploads\/2020\/07\/20-600x739.jpg 600w\" sizes=\"(max-width: 714px) 100vw, 714px\" \/>\t\t\t\t\t\t\t\t\t\t\t\t\t\t<\/div>\n\t\t\t\t\t\t<\/div>\n\t\t\t\t<\/div>\n\t\t\t\t\t\t<\/div>\n\t\t\t\t\t<\/div>\n\t\t<\/div>\n\t\t\t\t<div class=\"elementor-column elementor-col-50 elementor-top-column elementor-element elementor-element-21ba569\" data-id=\"21ba569\" data-element_type=\"column\">\n\t\t\t<div class=\"elementor-column-wrap elementor-element-populated\">\n\t\t\t\t\t\t\t<div class=\"elementor-widget-wrap\">\n\t\t\t\t\t\t<div class=\"elementor-element elementor-element-23a2b41 elementor-widget elementor-widget-heading\" data-id=\"23a2b41\" data-element_type=\"widget\" data-widget_type=\"heading.default\">\n\t\t\t\t<div class=\"elementor-widget-container\">\n\t\t\t<h2 class=\"elementor-heading-title elementor-size-default\">Maquette de la Sagrada Fam\u00edlia<\/h2>\t\t<\/div>\n\t\t\t\t<\/div>\n\t\t\t\t<div class=\"elementor-element elementor-element-b0ff5f6 elementor-widget-divider--view-line elementor-widget elementor-widget-divider\" data-id=\"b0ff5f6\" data-element_type=\"widget\" data-widget_type=\"divider.default\">\n\t\t\t\t<div class=\"elementor-widget-container\">\n\t\t\t\t\t<div class=\"elementor-divider\">\n\t\t\t<span class=\"elementor-divider-separator\">\n\t\t\t\t\t\t<\/span>\n\t\t<\/div>\n\t\t\t\t<\/div>\n\t\t\t\t<\/div>\n\t\t\t\t<div class=\"elementor-element elementor-element-3595f94 elementor-widget elementor-widget-text-editor\" data-id=\"3595f94\" data-element_type=\"widget\" data-widget_type=\"text-editor.default\">\n\t\t\t\t<div class=\"elementor-widget-container\">\n\t\t\t\t\t\t\t\t<div class=\"elementor-text-editor elementor-clearfix\">\n\t\t\t\t<p>Gaud\u00ed pr\u00e9f\u00e9rait l&rsquo;utilisation du modelage architectural au dessin, en particulier les mod\u00e8les faits de cha\u00eenes suspendues au plafond ou de cordes auxquelles \u00e9taient attach\u00e9s de petits poids. Le processus d&rsquo;exp\u00e9rimentation de ces mod\u00e8les l&rsquo;a amen\u00e9 \u00e0 d\u00e9couvrir une fa\u00e7on d&rsquo;utiliser les techniques traditionnelles de ma\u00e7onnerie catalane de mani\u00e8re nouvelle et plus complexe. Une cha\u00eene suspendue \u00e0 ses deux extr\u00e9mit\u00e9s donne lieu \u00e0 une courbe cat\u00e9naire qui r\u00e9partit naturellement la charge statique &#8211; la tension, dans ce cas &#8211; de mani\u00e8re \u00e9gale entre les maillons de la cha\u00eene. Gaud\u00ed a appliqu\u00e9 cette analogie tension-compression \u00e0 des cha\u00eenes suspendues \u00e0 des cha\u00eenes de forme asym\u00e9trique, ce qui lui a permis de concevoir une architecture beaucoup plus fluide. Gaud\u00ed est connu pour avoir trac\u00e9 le contour du temple qu&rsquo;il \u00e9tait en train de concevoir sur une planche de bois, \u00e0 l&rsquo;\u00e9chelle 1:10, qu&rsquo;il a ensuite plac\u00e9e au plafond. Il suspendait des cordes aux points o\u00f9 les colonnes seraient plac\u00e9es. Il a ensuite plac\u00e9 des petits sacs remplis de boulettes \u00e0 partir de chacune des arches cat\u00e9naires form\u00e9es par les cordes. Il photographiait la maquette sous diff\u00e9rents angles jusqu&rsquo;\u00e0 ce qu&rsquo;il obtienne la forme exacte de la structure de l&rsquo;\u00e9glise, sachant pr\u00e9cis\u00e9ment, gr\u00e2ce \u00e0 la maquette, o\u00f9 iraient les colonnes. Le mod\u00e8le original est expos\u00e9 \u00e0 Barcelone.<\/p>\n\t\t\t\t\t<\/div>\n\t\t\t\t\t\t<\/div>\n\t\t\t\t<\/div>\n\t\t\t\t\t\t<\/div>\n\t\t\t\t\t<\/div>\n\t\t<\/div>\n\t\t\t\t\t\t\t\t<\/div>\n\t\t\t\t\t<\/div>\n\t\t<\/section>\n\t\t\t\t<section class=\"elementor-section elementor-top-section elementor-element elementor-element-0fb4850 elementor-section-content-middle elementor-reverse-tablet elementor-reverse-mobile elementor-section-boxed elementor-section-height-default elementor-section-height-default\" data-id=\"0fb4850\" data-element_type=\"section\">\n\t\t\t\t\t\t<div class=\"elementor-container elementor-column-gap-default\">\n\t\t\t\t\t\t\t<div class=\"elementor-row\">\n\t\t\t\t\t<div class=\"elementor-column elementor-col-50 elementor-top-column elementor-element elementor-element-ab3855e\" data-id=\"ab3855e\" data-element_type=\"column\">\n\t\t\t<div class=\"elementor-column-wrap elementor-element-populated\">\n\t\t\t\t\t\t\t<div class=\"elementor-widget-wrap\">\n\t\t\t\t\t\t<div class=\"elementor-element elementor-element-1927fb5 elementor-widget elementor-widget-heading\" data-id=\"1927fb5\" data-element_type=\"widget\" data-widget_type=\"heading.default\">\n\t\t\t\t<div class=\"elementor-widget-container\">\n\t\t\t<h2 class=\"elementor-heading-title elementor-size-default\">L'inspiration de Gaud\u00ed<\/h2>\t\t<\/div>\n\t\t\t\t<\/div>\n\t\t\t\t<div class=\"elementor-element elementor-element-9b88bc5 elementor-widget-divider--view-line elementor-widget elementor-widget-divider\" data-id=\"9b88bc5\" data-element_type=\"widget\" data-widget_type=\"divider.default\">\n\t\t\t\t<div class=\"elementor-widget-container\">\n\t\t\t\t\t<div class=\"elementor-divider\">\n\t\t\t<span class=\"elementor-divider-separator\">\n\t\t\t\t\t\t<\/span>\n\t\t<\/div>\n\t\t\t\t<\/div>\n\t\t\t\t<\/div>\n\t\t\t\t<div class=\"elementor-element elementor-element-92006a2 elementor-widget elementor-widget-text-editor\" data-id=\"92006a2\" data-element_type=\"widget\" data-widget_type=\"text-editor.default\">\n\t\t\t\t<div class=\"elementor-widget-container\">\n\t\t\t\t\t\t\t\t<div class=\"elementor-text-editor elementor-clearfix\">\n\t\t\t\t<p>Gaud\u00ed \u00e9tait un architecte exceptionnel, et il a transmis toute sa passion et son d\u00e9vouement \u00e0 son travail. Il voulait que la Sagrada Fam\u00edlia se d\u00e9marque \u00e0 tous \u00e9gards, ce qui est visible dans l&rsquo;\u00e9clairage et les colonnes du b\u00e2timent.<\/p>\n<p><strong>\u00c9clairage principal<\/strong><\/p>\n<p>Gaud\u00ed voulait aller au-del\u00e0 du style gothique et voulait obtenir un contraste maximal dans la composition lumineuse traditionnelle de l&rsquo;art. Il a con\u00e7u les vitraux les plus transparents dans les parties les plus hautes de l&rsquo;\u00e9difice pour permettre \u00e0 la lumi\u00e8re naturelle de p\u00e9n\u00e9trer et d&rsquo;\u00e9clairer les mosa\u00efques et la vo\u00fbte dor\u00e9e qui caract\u00e9risent la nef. En outre, les illustrations et les textes sont plac\u00e9s dans les fen\u00eatres inf\u00e9rieures, o\u00f9 les visiteurs peuvent mieux les voir et les lire. Il a \u00e9galement utilis\u00e9 du verre au plomb pour permettre aux fen\u00eatres d&rsquo;\u00eatre vivantes, car il leur permet de bouger, de se dilater, de se contracter et de choisir la bonne couleur pour chaque pi\u00e8ce.<\/p>\n\t\t\t\t\t<\/div>\n\t\t\t\t\t\t<\/div>\n\t\t\t\t<\/div>\n\t\t\t\t\t\t<\/div>\n\t\t\t\t\t<\/div>\n\t\t<\/div>\n\t\t\t\t<div class=\"elementor-column elementor-col-50 elementor-top-column elementor-element elementor-element-4136949\" data-id=\"4136949\" data-element_type=\"column\">\n\t\t\t<div class=\"elementor-column-wrap elementor-element-populated\">\n\t\t\t\t\t\t\t<div class=\"elementor-widget-wrap\">\n\t\t\t\t\t\t<div class=\"elementor-element elementor-element-1a1e1aa elementor-widget elementor-widget-image\" data-id=\"1a1e1aa\" data-element_type=\"widget\" data-widget_type=\"image.default\">\n\t\t\t\t<div class=\"elementor-widget-container\">\n\t\t\t\t\t\t\t\t<div class=\"elementor-image\">\n\t\t\t\t\t\t\t\t\t\t\t\t<img width=\"709\" height=\"759\" src=\"https:\/\/sagradafamilia-tickets.com\/wp-content\/uploads\/2020\/07\/21.jpg\" class=\"attachment-large size-large wp-image-33717\" alt=\"Gaudi transferred all his passion to the Sagrada Familia\" loading=\"lazy\" srcset=\"https:\/\/sagradafamilia-tickets.com\/wp-content\/uploads\/2020\/07\/21.jpg 709w, https:\/\/sagradafamilia-tickets.com\/wp-content\/uploads\/2020\/07\/21-280x300.jpg 280w, https:\/\/sagradafamilia-tickets.com\/wp-content\/uploads\/2020\/07\/21-600x642.jpg 600w\" sizes=\"(max-width: 709px) 100vw, 709px\" \/>\t\t\t\t\t\t\t\t\t\t\t\t\t\t<\/div>\n\t\t\t\t\t\t<\/div>\n\t\t\t\t<\/div>\n\t\t\t\t\t\t<\/div>\n\t\t\t\t\t<\/div>\n\t\t<\/div>\n\t\t\t\t\t\t\t\t<\/div>\n\t\t\t\t\t<\/div>\n\t\t<\/section>\n\t\t\t\t<section class=\"elementor-section elementor-top-section elementor-element elementor-element-8e6d90b elementor-section-boxed elementor-section-height-default elementor-section-height-default\" data-id=\"8e6d90b\" data-element_type=\"section\">\n\t\t\t\t\t\t<div class=\"elementor-container elementor-column-gap-default\">\n\t\t\t\t\t\t\t<div class=\"elementor-row\">\n\t\t\t\t\t<div class=\"elementor-column elementor-col-100 elementor-top-column elementor-element elementor-element-649c6b6\" data-id=\"649c6b6\" data-element_type=\"column\">\n\t\t\t<div class=\"elementor-column-wrap elementor-element-populated\">\n\t\t\t\t\t\t\t<div class=\"elementor-widget-wrap\">\n\t\t\t\t\t\t<div class=\"elementor-element elementor-element-45f2e95 elementor-widget elementor-widget-text-editor\" data-id=\"45f2e95\" data-element_type=\"widget\" data-widget_type=\"text-editor.default\">\n\t\t\t\t<div class=\"elementor-widget-container\">\n\t\t\t\t\t\t\t\t<div class=\"elementor-text-editor elementor-clearfix\">\n\t\t\t\t<p><strong>Colonne \u00e0 double torsion<\/strong><\/p>\n<p>Pour les colonnes, Gaud\u00ed a voulu concevoir une nouvelle version dans le but de se d\u00e9marquer des mod\u00e8les pr\u00e9c\u00e9dents. Pour ce faire, il a regroup\u00e9 trois mod\u00e8les de base : les colonnes lisses et cylindriques, les colonnes grecques et les colonnes salomoniques. Il a \u00e9tudi\u00e9 chaque mod\u00e8le et en a trouv\u00e9 un nouveau : la colonne \u00e0 double tresse, qui commence par une \u00e9toile et se termine par un cercle. Il est plus fin en haut, ce qui lui donne un aspect plus \u00e9lanc\u00e9 et \u00e9l\u00e9gant, et il ajoute d&rsquo;autres stries jusqu&rsquo;\u00e0 ce qu&rsquo;il devienne finalement un cercle.<\/p>\n\t\t\t\t\t<\/div>\n\t\t\t\t\t\t<\/div>\n\t\t\t\t<\/div>\n\t\t\t\t\t\t<\/div>\n\t\t\t\t\t<\/div>\n\t\t<\/div>\n\t\t\t\t\t\t\t\t<\/div>\n\t\t\t\t\t<\/div>\n\t\t<\/section>\n\t\t\t\t<section class=\"elementor-section elementor-top-section elementor-element elementor-element-25b2866 elementor-section-content-middle elementor-reverse-tablet elementor-reverse-mobile elementor-section-boxed elementor-section-height-default elementor-section-height-default\" data-id=\"25b2866\" data-element_type=\"section\">\n\t\t\t\t\t\t<div class=\"elementor-container elementor-column-gap-default\">\n\t\t\t\t\t\t\t<div class=\"elementor-row\">\n\t\t\t\t\t<div class=\"elementor-column elementor-col-100 elementor-top-column elementor-element elementor-element-74157f1\" data-id=\"74157f1\" data-element_type=\"column\">\n\t\t\t<div class=\"elementor-column-wrap elementor-element-populated\">\n\t\t\t\t\t\t\t<div class=\"elementor-widget-wrap\">\n\t\t\t\t\t\t<div class=\"elementor-element elementor-element-2f8cfd6 elementor-align-center elementor-widget elementor-widget-button\" data-id=\"2f8cfd6\" data-element_type=\"widget\" data-widget_type=\"button.default\">\n\t\t\t\t<div class=\"elementor-widget-container\">\n\t\t\t\t\t<div class=\"elementor-button-wrapper\">\n\t\t\t<a href=\"https:\/\/sagradafamilia-tickets.com\/fr\/billets-sagrada-familia\/\" class=\"elementor-button-link elementor-button elementor-size-sm\" role=\"button\">\n\t\t\t\t\t\t<span class=\"elementor-button-content-wrapper\">\n\t\t\t\t\t\t<span class=\"elementor-button-text\">Billets d'entr\u00e9e pour la Sagrada Fam\u00edlia<\/span>\n\t\t<\/span>\n\t\t\t\t\t<\/a>\n\t\t<\/div>\n\t\t\t\t<\/div>\n\t\t\t\t<\/div>\n\t\t\t\t\t\t<\/div>\n\t\t\t\t\t<\/div>\n\t\t<\/div>\n\t\t\t\t\t\t\t\t<\/div>\n\t\t\t\t\t<\/div>\n\t\t<\/section>\n\t\t\t\t\t\t\t\t\t<\/div>\n\t\t\t<\/div>\n\t\t\t\t\t<\/div>\n\t\t","protected":false},"excerpt":{"rendered":"<p>Gaud\u00ed et la Sagrada Fam\u00edlia COVID-19 : Pour garantir votre sant\u00e9, la Sagrada Fam\u00edlia applique toutes les mesures sanitaires \u00e9tablies par le minist\u00e8re espagnol de la Sant\u00e9.\u00a0 Consultez ici les r\u00e8gles sanitaires pour les visiteurs. La Sagrada Familia est une chapelle extraordinaire et unique con\u00e7ue par l&rsquo;architecte Antoni Gaud\u00ed. Sa construction a dur\u00e9 135 ans, &hellip;<\/p>\n<p class=\"read-more\"> <a class=\"\" href=\"https:\/\/sagradafamilia-tickets.com\/fr\/gaudi-et-la-sagrada-familia\/\"> <span class=\"screen-reader-text\">Gaud\u00ed et la Sagrada Fam\u00edlia<\/span> Lire la suite\u00a0\u00bb<\/a><\/p>\n","protected":false},"author":3,"featured_media":0,"parent":0,"menu_order":0,"comment_status":"closed","ping_status":"closed","template":"","meta":{"site-sidebar-layout":"no-sidebar","site-content-layout":"page-builder","ast-global-header-display":"","ast-main-header-display":"","ast-hfb-above-header-display":"","ast-hfb-below-header-display":"","ast-hfb-mobile-header-display":"","site-post-title":"disabled","ast-breadcrumbs-content":"","ast-featured-img":"disabled","footer-sml-layout":"","theme-transparent-header-meta":"default","adv-header-id-meta":"","stick-header-meta":"","header-above-stick-meta":"","header-main-stick-meta":"","header-below-stick-meta":""},"yoast_head":"<!-- This site is optimized with the Yoast SEO plugin v20.4 - https:\/\/yoast.com\/wordpress\/plugins\/seo\/ -->\n<title>Gaud\u00ed et la Sagrada Fam\u00edlia<\/title>\n<meta name=\"description\" content=\"La Sagrada Fam\u00edlia est le chef-d&#039;\u0153uvre d&#039;Antoni Gaudi. Il a travaill\u00e9 \u00e0 sa conception et \u00e0 sa construction pendant la majeure partie de sa vie, jusqu&#039;au jour de sa mort. Plus d&#039;informations ici\" \/>\n<meta name=\"robots\" content=\"noindex, follow, max-snippet:-1, max-image-preview:large, max-video-preview:-1\" \/>\n<meta property=\"og:locale\" content=\"fr_FR\" \/>\n<meta property=\"og:type\" content=\"article\" \/>\n<meta property=\"og:title\" content=\"Gaud\u00ed et la Sagrada Fam\u00edlia\" \/>\n<meta property=\"og:description\" content=\"La Sagrada Fam\u00edlia est le chef-d&#039;\u0153uvre d&#039;Antoni Gaudi. Il a travaill\u00e9 \u00e0 sa conception et \u00e0 sa construction pendant la majeure partie de sa vie, jusqu&#039;au jour de sa mort. Plus d&#039;informations ici\" \/>\n<meta property=\"og:url\" content=\"https:\/\/sagradafamilia-tickets.com\/gaudi-sagrada-familia-architect\/\" \/>\n<meta property=\"og:site_name\" content=\"Sagrada Familia Barcelona\" \/>\n<meta property=\"article:modified_time\" content=\"2023-01-04T16:27:58+00:00\" \/>\n<meta property=\"og:image\" content=\"https:\/\/sagradafamilia-tickets.com\/wp-content\/uploads\/2020\/07\/19-675x1024.jpg\" \/>\n<meta name=\"twitter:card\" content=\"summary_large_image\" \/>\n<meta name=\"twitter:label1\" content=\"Dur\u00e9e de lecture estim\u00e9e\" \/>\n\t<meta name=\"twitter:data1\" content=\"6 minutes\" \/>\n<script type=\"application\/ld+json\" class=\"yoast-schema-graph\">{\"@context\":\"https:\/\/schema.org\",\"@graph\":[{\"@type\":\"WebPage\",\"@id\":\"https:\/\/sagradafamilia-tickets.com\/gaudi-sagrada-familia-architect\/\",\"url\":\"https:\/\/sagradafamilia-tickets.com\/gaudi-sagrada-familia-architect\/\",\"name\":\"Gaud\u00ed et la Sagrada Fam\u00edlia\",\"isPartOf\":{\"@id\":\"https:\/\/sagradafamilia-tickets.com\/#website\"},\"datePublished\":\"2022-11-10T18:03:48+00:00\",\"dateModified\":\"2023-01-04T16:27:58+00:00\",\"description\":\"La Sagrada Fam\u00edlia est le chef-d'\u0153uvre d'Antoni Gaudi. Il a travaill\u00e9 \u00e0 sa conception et \u00e0 sa construction pendant la majeure partie de sa vie, jusqu'au jour de sa mort. Plus d'informations ici\",\"breadcrumb\":{\"@id\":\"https:\/\/sagradafamilia-tickets.com\/gaudi-sagrada-familia-architect\/#breadcrumb\"},\"inLanguage\":\"fr-FR\",\"potentialAction\":[{\"@type\":\"ReadAction\",\"target\":[\"https:\/\/sagradafamilia-tickets.com\/gaudi-sagrada-familia-architect\/\"]}]},{\"@type\":\"BreadcrumbList\",\"@id\":\"https:\/\/sagradafamilia-tickets.com\/gaudi-sagrada-familia-architect\/#breadcrumb\",\"itemListElement\":[{\"@type\":\"ListItem\",\"position\":1,\"name\":\"Home\",\"item\":\"https:\/\/sagradafamilia-tickets.com\/\"},{\"@type\":\"ListItem\",\"position\":2,\"name\":\"Gaud\u00ed et la Sagrada Fam\u00edlia\"}]},{\"@type\":\"WebSite\",\"@id\":\"https:\/\/sagradafamilia-tickets.com\/#website\",\"url\":\"https:\/\/sagradafamilia-tickets.com\/\",\"name\":\"Sagrada Familia Barcelona\",\"description\":\"Book Your Tickets &amp; Tours\",\"publisher\":{\"@id\":\"https:\/\/sagradafamilia-tickets.com\/#organization\"},\"potentialAction\":[{\"@type\":\"SearchAction\",\"target\":{\"@type\":\"EntryPoint\",\"urlTemplate\":\"https:\/\/sagradafamilia-tickets.com\/?s={search_term_string}\"},\"query-input\":\"required name=search_term_string\"}],\"inLanguage\":\"fr-FR\"},{\"@type\":\"Organization\",\"@id\":\"https:\/\/sagradafamilia-tickets.com\/#organization\",\"name\":\"Sagrada Familia Barcelona\",\"url\":\"https:\/\/sagradafamilia-tickets.com\/\",\"logo\":{\"@type\":\"ImageObject\",\"inLanguage\":\"fr-FR\",\"@id\":\"https:\/\/sagradafamilia-tickets.com\/#\/schema\/logo\/image\/\",\"url\":\"https:\/\/sagradafamilia-tickets.com\/wp-content\/uploads\/2022\/08\/Sagrada-Familia-Tick.png\",\"contentUrl\":\"https:\/\/sagradafamilia-tickets.com\/wp-content\/uploads\/2022\/08\/Sagrada-Familia-Tick.png\",\"width\":526,\"height\":50,\"caption\":\"Sagrada Familia Barcelona\"},\"image\":{\"@id\":\"https:\/\/sagradafamilia-tickets.com\/#\/schema\/logo\/image\/\"}}]}<\/script>\n<!-- \/ Yoast SEO plugin. -->","yoast_head_json":{"title":"Gaud\u00ed et la Sagrada Fam\u00edlia","description":"La Sagrada Fam\u00edlia est le chef-d'\u0153uvre d'Antoni Gaudi. Il a travaill\u00e9 \u00e0 sa conception et \u00e0 sa construction pendant la majeure partie de sa vie, jusqu'au jour de sa mort. Plus d'informations ici","robots":{"index":"noindex","follow":"follow","max-snippet":"max-snippet:-1","max-image-preview":"max-image-preview:large","max-video-preview":"max-video-preview:-1"},"og_locale":"fr_FR","og_type":"article","og_title":"Gaud\u00ed et la Sagrada Fam\u00edlia","og_description":"La Sagrada Fam\u00edlia est le chef-d'\u0153uvre d'Antoni Gaudi. Il a travaill\u00e9 \u00e0 sa conception et \u00e0 sa construction pendant la majeure partie de sa vie, jusqu'au jour de sa mort. Plus d'informations ici","og_url":"https:\/\/sagradafamilia-tickets.com\/gaudi-sagrada-familia-architect\/","og_site_name":"Sagrada Familia Barcelona","article_modified_time":"2023-01-04T16:27:58+00:00","og_image":[{"url":"https:\/\/sagradafamilia-tickets.com\/wp-content\/uploads\/2020\/07\/19-675x1024.jpg"}],"twitter_card":"summary_large_image","twitter_misc":{"Dur\u00e9e de lecture estim\u00e9e":"6 minutes"},"schema":{"@context":"https:\/\/schema.org","@graph":[{"@type":"WebPage","@id":"https:\/\/sagradafamilia-tickets.com\/gaudi-sagrada-familia-architect\/","url":"https:\/\/sagradafamilia-tickets.com\/gaudi-sagrada-familia-architect\/","name":"Gaud\u00ed et la Sagrada Fam\u00edlia","isPartOf":{"@id":"https:\/\/sagradafamilia-tickets.com\/#website"},"datePublished":"2022-11-10T18:03:48+00:00","dateModified":"2023-01-04T16:27:58+00:00","description":"La Sagrada Fam\u00edlia est le chef-d'\u0153uvre d'Antoni Gaudi. Il a travaill\u00e9 \u00e0 sa conception et \u00e0 sa construction pendant la majeure partie de sa vie, jusqu'au jour de sa mort. Plus d'informations ici","breadcrumb":{"@id":"https:\/\/sagradafamilia-tickets.com\/gaudi-sagrada-familia-architect\/#breadcrumb"},"inLanguage":"fr-FR","potentialAction":[{"@type":"ReadAction","target":["https:\/\/sagradafamilia-tickets.com\/gaudi-sagrada-familia-architect\/"]}]},{"@type":"BreadcrumbList","@id":"https:\/\/sagradafamilia-tickets.com\/gaudi-sagrada-familia-architect\/#breadcrumb","itemListElement":[{"@type":"ListItem","position":1,"name":"Home","item":"https:\/\/sagradafamilia-tickets.com\/"},{"@type":"ListItem","position":2,"name":"Gaud\u00ed et la Sagrada Fam\u00edlia"}]},{"@type":"WebSite","@id":"https:\/\/sagradafamilia-tickets.com\/#website","url":"https:\/\/sagradafamilia-tickets.com\/","name":"Sagrada Familia Barcelona","description":"Book Your Tickets &amp; Tours","publisher":{"@id":"https:\/\/sagradafamilia-tickets.com\/#organization"},"potentialAction":[{"@type":"SearchAction","target":{"@type":"EntryPoint","urlTemplate":"https:\/\/sagradafamilia-tickets.com\/?s={search_term_string}"},"query-input":"required name=search_term_string"}],"inLanguage":"fr-FR"},{"@type":"Organization","@id":"https:\/\/sagradafamilia-tickets.com\/#organization","name":"Sagrada Familia Barcelona","url":"https:\/\/sagradafamilia-tickets.com\/","logo":{"@type":"ImageObject","inLanguage":"fr-FR","@id":"https:\/\/sagradafamilia-tickets.com\/#\/schema\/logo\/image\/","url":"https:\/\/sagradafamilia-tickets.com\/wp-content\/uploads\/2022\/08\/Sagrada-Familia-Tick.png","contentUrl":"https:\/\/sagradafamilia-tickets.com\/wp-content\/uploads\/2022\/08\/Sagrada-Familia-Tick.png","width":526,"height":50,"caption":"Sagrada Familia Barcelona"},"image":{"@id":"https:\/\/sagradafamilia-tickets.com\/#\/schema\/logo\/image\/"}}]}},"_links":{"self":[{"href":"https:\/\/sagradafamilia-tickets.com\/fr\/wp-json\/wp\/v2\/pages\/44708"}],"collection":[{"href":"https:\/\/sagradafamilia-tickets.com\/fr\/wp-json\/wp\/v2\/pages"}],"about":[{"href":"https:\/\/sagradafamilia-tickets.com\/fr\/wp-json\/wp\/v2\/types\/page"}],"author":[{"embeddable":true,"href":"https:\/\/sagradafamilia-tickets.com\/fr\/wp-json\/wp\/v2\/users\/3"}],"replies":[{"embeddable":true,"href":"https:\/\/sagradafamilia-tickets.com\/fr\/wp-json\/wp\/v2\/comments?post=44708"}],"version-history":[{"count":8,"href":"https:\/\/sagradafamilia-tickets.com\/fr\/wp-json\/wp\/v2\/pages\/44708\/revisions"}],"predecessor-version":[{"id":52091,"href":"https:\/\/sagradafamilia-tickets.com\/fr\/wp-json\/wp\/v2\/pages\/44708\/revisions\/52091"}],"wp:attachment":[{"href":"https:\/\/sagradafamilia-tickets.com\/fr\/wp-json\/wp\/v2\/media?parent=44708"}],"curies":[{"name":"wp","href":"https:\/\/api.w.org\/{rel}","templated":true}]}}