{"id":33818,"date":"2022-09-15T11:47:48","date_gmt":"2022-09-15T10:47:48","guid":{"rendered":"https:\/\/sagradafamilia-tickets.com\/gaudi\/"},"modified":"2022-12-05T13:45:38","modified_gmt":"2022-12-05T12:45:38","slug":"gaudi","status":"publish","type":"page","link":"https:\/\/sagradafamilia-tickets.com\/fr\/gaudi\/","title":{"rendered":"Gaud\u00ed"},"content":{"rendered":"\t\t<div data-elementor-type=\"wp-page\" data-elementor-id=\"33818\" class=\"elementor elementor-33818 elementor-783\">\n\t\t\t\t\t\t<div class=\"elementor-inner\">\n\t\t\t\t<div class=\"elementor-section-wrap\">\n\t\t\t\t\t\t\t\t\t<section class=\"elementor-section elementor-top-section elementor-element elementor-element-127a3e4e elementor-section-full_width elementor-section-height-min-height elementor-section-height-default elementor-section-items-middle\" data-id=\"127a3e4e\" data-element_type=\"section\" data-settings=\"{&quot;background_background&quot;:&quot;classic&quot;}\">\n\t\t\t\t\t\t\t<div class=\"elementor-background-overlay\"><\/div>\n\t\t\t\t\t\t\t<div class=\"elementor-container elementor-column-gap-default\">\n\t\t\t\t\t\t\t<div class=\"elementor-row\">\n\t\t\t\t\t<div class=\"elementor-column elementor-col-100 elementor-top-column elementor-element elementor-element-6931a462\" data-id=\"6931a462\" data-element_type=\"column\">\n\t\t\t<div class=\"elementor-column-wrap elementor-element-populated\">\n\t\t\t\t\t\t\t<div class=\"elementor-widget-wrap\">\n\t\t\t\t\t\t<div class=\"elementor-element elementor-element-1b974058 elementor-widget elementor-widget-heading\" data-id=\"1b974058\" data-element_type=\"widget\" data-widget_type=\"heading.default\">\n\t\t\t\t<div class=\"elementor-widget-container\">\n\t\t\t<h1 class=\"elementor-heading-title elementor-size-default\">Biographie d'Antonio Gaud\u00ed<\/h1>\t\t<\/div>\n\t\t\t\t<\/div>\n\t\t\t\t\t\t<\/div>\n\t\t\t\t\t<\/div>\n\t\t<\/div>\n\t\t\t\t\t\t\t\t<\/div>\n\t\t\t\t\t<\/div>\n\t\t<\/section>\n\t\t\t\t<section class=\"elementor-section elementor-top-section elementor-element elementor-element-4632aff7 elementor-section-boxed elementor-section-height-default elementor-section-height-default\" data-id=\"4632aff7\" data-element_type=\"section\" data-settings=\"{&quot;background_background&quot;:&quot;classic&quot;}\">\n\t\t\t\t\t\t<div class=\"elementor-container elementor-column-gap-default\">\n\t\t\t\t\t\t\t<div class=\"elementor-row\">\n\t\t\t\t\t<div class=\"elementor-column elementor-col-100 elementor-top-column elementor-element elementor-element-435e4797\" data-id=\"435e4797\" data-element_type=\"column\">\n\t\t\t<div class=\"elementor-column-wrap elementor-element-populated\">\n\t\t\t\t\t\t\t<div class=\"elementor-widget-wrap\">\n\t\t\t\t\t\t<div class=\"elementor-element elementor-element-7ac7322a elementor-widget elementor-widget-text-editor\" data-id=\"7ac7322a\" data-element_type=\"widget\" data-widget_type=\"text-editor.default\">\n\t\t\t\t<div class=\"elementor-widget-container\">\n\t\t\t\t\t\t\t\t<div class=\"elementor-text-editor elementor-clearfix\">\n\t\t\t\t<p><b>COVID-19 :\u00a0<\/b> Pour garantir votre sant\u00e9, la Sagrada Fam\u00edlia applique toutes les mesures sanitaires \u00e9tablies par le minist\u00e8re espagnol de la Sant\u00e9. <span style=\"text-decoration: underline;\"><a style=\"color: #ffffff; text-decoration: underline;\" href=\"https:\/\/sagradafamilia-tickets.com\/fr\/covid-19\/\" rel=\"nofollow\">Consultez ici les r\u00e8gles sanitaires pour les visiteurs.<\/a><\/span><\/p>\n\t\t\t\t\t<\/div>\n\t\t\t\t\t\t<\/div>\n\t\t\t\t<\/div>\n\t\t\t\t\t\t<\/div>\n\t\t\t\t\t<\/div>\n\t\t<\/div>\n\t\t\t\t\t\t\t\t<\/div>\n\t\t\t\t\t<\/div>\n\t\t<\/section>\n\t\t\t\t<section class=\"elementor-section elementor-top-section elementor-element elementor-element-299f010 elementor-section-boxed elementor-section-height-default elementor-section-height-default\" data-id=\"299f010\" data-element_type=\"section\">\n\t\t\t\t\t\t<div class=\"elementor-container elementor-column-gap-default\">\n\t\t\t\t\t\t\t<div class=\"elementor-row\">\n\t\t\t\t\t<div class=\"elementor-column elementor-col-100 elementor-top-column elementor-element elementor-element-a0a184a\" data-id=\"a0a184a\" data-element_type=\"column\">\n\t\t\t<div class=\"elementor-column-wrap elementor-element-populated\">\n\t\t\t\t\t\t\t<div class=\"elementor-widget-wrap\">\n\t\t\t\t\t\t<div class=\"elementor-element elementor-element-0c947d0 elementor-widget elementor-widget-woocommerce-breadcrumb\" data-id=\"0c947d0\" data-element_type=\"widget\" data-widget_type=\"woocommerce-breadcrumb.default\">\n\t\t\t\t<div class=\"elementor-widget-container\">\n\t\t\t<nav class=\"woocommerce-breadcrumb\">Accueil<\/nav>\t\t<\/div>\n\t\t\t\t<\/div>\n\t\t\t\t\t\t<\/div>\n\t\t\t\t\t<\/div>\n\t\t<\/div>\n\t\t\t\t\t\t\t\t<\/div>\n\t\t\t\t\t<\/div>\n\t\t<\/section>\n\t\t\t\t<section class=\"elementor-section elementor-top-section elementor-element elementor-element-c4c1e50 elementor-section-content-middle elementor-reverse-tablet elementor-reverse-mobile elementor-section-boxed elementor-section-height-default elementor-section-height-default\" data-id=\"c4c1e50\" data-element_type=\"section\">\n\t\t\t\t\t\t<div class=\"elementor-container elementor-column-gap-default\">\n\t\t\t\t\t\t\t<div class=\"elementor-row\">\n\t\t\t\t\t<div class=\"elementor-column elementor-col-50 elementor-top-column elementor-element elementor-element-4e768332\" data-id=\"4e768332\" data-element_type=\"column\">\n\t\t\t<div class=\"elementor-column-wrap elementor-element-populated\">\n\t\t\t\t\t\t\t<div class=\"elementor-widget-wrap\">\n\t\t\t\t\t\t<div class=\"elementor-element elementor-element-6cb55666 elementor-widget elementor-widget-heading\" data-id=\"6cb55666\" data-element_type=\"widget\" data-widget_type=\"heading.default\">\n\t\t\t\t<div class=\"elementor-widget-container\">\n\t\t\t<h2 class=\"elementor-heading-title elementor-size-default\">Biographie<\/h2>\t\t<\/div>\n\t\t\t\t<\/div>\n\t\t\t\t<div class=\"elementor-element elementor-element-5dc3a0ae elementor-widget-divider--view-line elementor-widget elementor-widget-divider\" data-id=\"5dc3a0ae\" data-element_type=\"widget\" data-widget_type=\"divider.default\">\n\t\t\t\t<div class=\"elementor-widget-container\">\n\t\t\t\t\t<div class=\"elementor-divider\">\n\t\t\t<span class=\"elementor-divider-separator\">\n\t\t\t\t\t\t<\/span>\n\t\t<\/div>\n\t\t\t\t<\/div>\n\t\t\t\t<\/div>\n\t\t\t\t<div class=\"elementor-element elementor-element-7769944 elementor-widget elementor-widget-text-editor\" data-id=\"7769944\" data-element_type=\"widget\" data-widget_type=\"text-editor.default\">\n\t\t\t\t<div class=\"elementor-widget-container\">\n\t\t\t\t\t\t\t\t<div class=\"elementor-text-editor elementor-clearfix\">\n\t\t\t\t<p>Antonio Gaud\u00ed i Cornet \u00e9tait un architecte catalan, internationalement reconnu comme l&rsquo;un des plus grands et prodigieux experts dans son domaine, et comme l&rsquo;un des principaux repr\u00e9sentants du modernisme. Gaud\u00ed est n\u00e9 le 25 juin 1852 dans une famille de chaudronniers, ce qui lui a permis d&rsquo;acqu\u00e9rir une capacit\u00e9 particuli\u00e8re \u00e0 travailler l&rsquo;espace et le volume alors qu&rsquo;il assistait son p\u00e8re et son grand-p\u00e8re dans l&rsquo;atelier familial. Son int\u00e9r\u00eat et son talent pour la conception d&rsquo;espaces et la transformation de mat\u00e9riaux se sont d\u00e9velopp\u00e9s et am\u00e9lior\u00e9s jusqu&rsquo;\u00e0 ce qu&rsquo;il devienne un g\u00e9nie av\u00e9r\u00e9 des cr\u00e9ations tridimensionnelles. Ses \u0153uvres, qui ont un style tr\u00e8s personnel et particulier, se trouvent pour la plupart \u00e0 Barcelone, cela incluant son principal chef-d&rsquo;\u0153uvre, la Sagrada Fam\u00edlia.<\/p>\n\t\t\t\t\t<\/div>\n\t\t\t\t\t\t<\/div>\n\t\t\t\t<\/div>\n\t\t\t\t\t\t<\/div>\n\t\t\t\t\t<\/div>\n\t\t<\/div>\n\t\t\t\t<div class=\"elementor-column elementor-col-50 elementor-top-column elementor-element elementor-element-3912159b\" data-id=\"3912159b\" data-element_type=\"column\">\n\t\t\t<div class=\"elementor-column-wrap elementor-element-populated\">\n\t\t\t\t\t\t\t<div class=\"elementor-widget-wrap\">\n\t\t\t\t\t\t<div class=\"elementor-element elementor-element-19ba0dd8 elementor-widget elementor-widget-image\" data-id=\"19ba0dd8\" data-element_type=\"widget\" data-widget_type=\"image.default\">\n\t\t\t\t<div class=\"elementor-widget-container\">\n\t\t\t\t\t\t\t\t<div class=\"elementor-image\">\n\t\t\t\t\t\t\t\t\t\t\t\t<img width=\"642\" height=\"550\" src=\"https:\/\/sagradafamilia-tickets.com\/wp-content\/uploads\/2020\/07\/2020-07-08_140254.png\" class=\"attachment-large size-large wp-image-33686\" alt=\"Biography of Antoni Gaudi\" loading=\"lazy\" srcset=\"https:\/\/sagradafamilia-tickets.com\/wp-content\/uploads\/2020\/07\/2020-07-08_140254.png 642w, https:\/\/sagradafamilia-tickets.com\/wp-content\/uploads\/2020\/07\/2020-07-08_140254-300x257.png 300w, https:\/\/sagradafamilia-tickets.com\/wp-content\/uploads\/2020\/07\/2020-07-08_140254-600x514.png 600w\" sizes=\"(max-width: 642px) 100vw, 642px\" \/>\t\t\t\t\t\t\t\t\t\t\t\t\t\t<\/div>\n\t\t\t\t\t\t<\/div>\n\t\t\t\t<\/div>\n\t\t\t\t\t\t<\/div>\n\t\t\t\t\t<\/div>\n\t\t<\/div>\n\t\t\t\t\t\t\t\t<\/div>\n\t\t\t\t\t<\/div>\n\t\t<\/section>\n\t\t\t\t<section class=\"elementor-section elementor-top-section elementor-element elementor-element-ea67f95 elementor-section-content-middle elementor-reverse-tablet elementor-reverse-mobile elementor-section-boxed elementor-section-height-default elementor-section-height-default\" data-id=\"ea67f95\" data-element_type=\"section\">\n\t\t\t\t\t\t<div class=\"elementor-container elementor-column-gap-default\">\n\t\t\t\t\t\t\t<div class=\"elementor-row\">\n\t\t\t\t\t<div class=\"elementor-column elementor-col-50 elementor-top-column elementor-element elementor-element-7f3eecc\" data-id=\"7f3eecc\" data-element_type=\"column\">\n\t\t\t<div class=\"elementor-column-wrap elementor-element-populated\">\n\t\t\t\t\t\t\t<div class=\"elementor-widget-wrap\">\n\t\t\t\t\t\t<div class=\"elementor-element elementor-element-b3e4c03 elementor-widget elementor-widget-image\" data-id=\"b3e4c03\" data-element_type=\"widget\" data-widget_type=\"image.default\">\n\t\t\t\t<div class=\"elementor-widget-container\">\n\t\t\t\t\t\t\t\t<div class=\"elementor-image\">\n\t\t\t\t\t\t\t\t\t\t\t\t<img width=\"486\" height=\"1024\" src=\"https:\/\/sagradafamilia-tickets.com\/wp-content\/uploads\/2020\/07\/1-486x1024.jpg\" class=\"attachment-large size-large wp-image-33687\" alt=\"Gaudi was interested in architecture since he was a child\" loading=\"lazy\" srcset=\"https:\/\/sagradafamilia-tickets.com\/wp-content\/uploads\/2020\/07\/1-486x1024.jpg 486w, https:\/\/sagradafamilia-tickets.com\/wp-content\/uploads\/2020\/07\/1-142x300.jpg 142w, https:\/\/sagradafamilia-tickets.com\/wp-content\/uploads\/2020\/07\/1-600x1265.jpg 600w, https:\/\/sagradafamilia-tickets.com\/wp-content\/uploads\/2020\/07\/1.jpg 638w\" sizes=\"(max-width: 486px) 100vw, 486px\" \/>\t\t\t\t\t\t\t\t\t\t\t\t\t\t<\/div>\n\t\t\t\t\t\t<\/div>\n\t\t\t\t<\/div>\n\t\t\t\t\t\t<\/div>\n\t\t\t\t\t<\/div>\n\t\t<\/div>\n\t\t\t\t<div class=\"elementor-column elementor-col-50 elementor-top-column elementor-element elementor-element-f159625\" data-id=\"f159625\" data-element_type=\"column\">\n\t\t\t<div class=\"elementor-column-wrap elementor-element-populated\">\n\t\t\t\t\t\t\t<div class=\"elementor-widget-wrap\">\n\t\t\t\t\t\t<div class=\"elementor-element elementor-element-3e77ae4 elementor-widget elementor-widget-heading\" data-id=\"3e77ae4\" data-element_type=\"widget\" data-widget_type=\"heading.default\">\n\t\t\t\t<div class=\"elementor-widget-container\">\n\t\t\t<h2 class=\"elementor-heading-title elementor-size-default\">Gaud\u00ed, l'architecte<\/h2>\t\t<\/div>\n\t\t\t\t<\/div>\n\t\t\t\t<div class=\"elementor-element elementor-element-cb38c00 elementor-widget-divider--view-line elementor-widget elementor-widget-divider\" data-id=\"cb38c00\" data-element_type=\"widget\" data-widget_type=\"divider.default\">\n\t\t\t\t<div class=\"elementor-widget-container\">\n\t\t\t\t\t<div class=\"elementor-divider\">\n\t\t\t<span class=\"elementor-divider-separator\">\n\t\t\t\t\t\t<\/span>\n\t\t<\/div>\n\t\t\t\t<\/div>\n\t\t\t\t<\/div>\n\t\t\t\t<div class=\"elementor-element elementor-element-d5ccea4 elementor-widget elementor-widget-text-editor\" data-id=\"d5ccea4\" data-element_type=\"widget\" data-widget_type=\"text-editor.default\">\n\t\t\t\t<div class=\"elementor-widget-container\">\n\t\t\t\t\t\t\t\t<div class=\"elementor-text-editor elementor-clearfix\">\n\t\t\t\t<p>D\u00e8s son plus jeune \u00e2ge, Gaud\u00ed s&rsquo;int\u00e9resse \u00e0 l&rsquo;architecture et, en 1870, il se rend \u00e0 Barcelone, la ville la plus moderne d&rsquo;Espagne \u00e0 l&rsquo;\u00e9poque, pour y \u00e9tudier l&rsquo;architecture. Il a occup\u00e9 plusieurs emplois afin de payer sa carri\u00e8re universitaire, qu&rsquo;il a d\u00fb interrompre \u00e0 cause du service militaire. Il a finalement obtenu son dipl\u00f4me d&rsquo;architecte \u00e0 l&rsquo;\u00e9cole provinciale d&rsquo;architecture en 1878.<\/p>\n<p><strong>La carri\u00e8re professionnelle de Gaud\u00ed<\/strong><\/p>\n<p>L&rsquo;\u0153uvre de Gaud\u00ed est g\u00e9n\u00e9ralement class\u00e9e comme moderniste (ou modernisme catalan) pour son d\u00e9sir de renouvellement sans rupture avec la tradition, de sa qu\u00eate de modernit\u00e9, du sens ornemental appliqu\u00e9 \u00e0 ses \u0153uvres et de son caract\u00e8re multidisciplinaire dans lequel l&rsquo;artisanat joue un r\u00f4le central. Gaud\u00ed lui a donn\u00e9 une touche baroque, en adoptant les avanc\u00e9es techniques sans pour autant laisser de c\u00f4t\u00e9 l&rsquo;architecture traditionnelle.<\/p>\n<p>Gaud\u00ed d\u00e9buta sa carri\u00e8re professionnelle en tant qu&rsquo;\u00e9tudiant. Pendant cette p\u00e9riode, il a travaill\u00e9 comme dessinateur pour certains des architectes les plus renomm\u00e9s de la ville, comme Joan Martorell, Josep Fotser\u00e8m Francisco de Paula Villar y Lozano, Leandre Serrallach et Emili Sala Cort\u00e9s. Une fois dipl\u00f4m\u00e9, il a commenc\u00e9 sa carri\u00e8re dans la veine artistique de ses pr\u00e9d\u00e9cesseurs victoriens, mais a rapidement d\u00e9velopp\u00e9 son propre style, composant ses \u0153uvres avec des juxtapositions de masses g\u00e9om\u00e9triques et animant \u00e9galement les surfaces avec de la pierre ou de la brique \u00e0 motifs, de la c\u00e9ramique brillante, des carreaux et des ornements reptiliens ou floraux.<\/p>\n<p>Son premier projet est un ensemble de lampadaires pour la Plaza Real de Barcelone, les kiosques Girossi et la coop\u00e9rative Matar\u00f3, cette derni\u00e8re \u00e9tant sa premi\u00e8re \u0153uvre majeure.<\/p>\n\t\t\t\t\t<\/div>\n\t\t\t\t\t\t<\/div>\n\t\t\t\t<\/div>\n\t\t\t\t\t\t<\/div>\n\t\t\t\t\t<\/div>\n\t\t<\/div>\n\t\t\t\t\t\t\t\t<\/div>\n\t\t\t\t\t<\/div>\n\t\t<\/section>\n\t\t\t\t<section class=\"elementor-section elementor-top-section elementor-element elementor-element-ac93f2b elementor-section-content-middle elementor-reverse-tablet elementor-reverse-mobile elementor-section-boxed elementor-section-height-default elementor-section-height-default\" data-id=\"ac93f2b\" data-element_type=\"section\">\n\t\t\t\t\t\t<div class=\"elementor-container elementor-column-gap-default\">\n\t\t\t\t\t\t\t<div class=\"elementor-row\">\n\t\t\t\t\t<div class=\"elementor-column elementor-col-100 elementor-top-column elementor-element elementor-element-6311656\" data-id=\"6311656\" data-element_type=\"column\">\n\t\t\t<div class=\"elementor-column-wrap elementor-element-populated\">\n\t\t\t\t\t\t\t<div class=\"elementor-widget-wrap\">\n\t\t\t\t\t\t<div class=\"elementor-element elementor-element-9bb4f6a elementor-widget elementor-widget-text-editor\" data-id=\"9bb4f6a\" data-element_type=\"widget\" data-widget_type=\"text-editor.default\">\n\t\t\t\t<div class=\"elementor-widget-container\">\n\t\t\t\t\t\t\t\t<div class=\"elementor-text-editor elementor-clearfix\">\n\t\t\t\t<p><strong>Les d\u00e9buts de Gaud\u00ed<\/strong><\/p>\n<p>Gaud\u00ed avait d\u00e9j\u00e0 attir\u00e9 l&rsquo;attention de l&rsquo;homme d&rsquo;affaires Eusebi G\u00fcell lors de l&rsquo;exposition universelle de Paris en 1878. Il est tellement impressionn\u00e9 par son travail qu&rsquo;il souhaite rencontrer Gaud\u00ed, ce qui marque le d\u00e9but d&rsquo;une collaboration professionnelle et d&rsquo;une longue amiti\u00e9 qui durera jusqu&rsquo;\u00e0 la fin de leur vie.<\/p>\n<p>Sa premi\u00e8re commande pour Gaud\u00ed fut de concevoir le mobilier de la chapelle du panth\u00e9on du palais de Sobrellano, \u00e0 Comillas, qui \u00e9tait en cours de construction par Joan Martorell, l&rsquo;un des ma\u00eetres de Gaud\u00ed. Pour ce projet, il a con\u00e7u un fauteuil, un banc et un tabouret de pri\u00e8re : le fauteuil est tapiss\u00e9 de velours, surmont\u00e9 de deux aigles et du blason de Martorell, le banc a pour figure centrale un dragon et le tabouret de pri\u00e8re est d\u00e9cor\u00e9 de plantes. Il s&rsquo;agit du premier de plusieurs projets communs entre Gaud\u00ed et G\u00fcell, qui l&rsquo;am\u00e8neront \u00e0 concevoir, entre autres, le parc G\u00fcell.<\/p>\n<p><strong>Les mod\u00e8les de cha\u00eenes de Gaud\u00ed<\/strong><\/p>\n<p>Gaud\u00ed n&rsquo;aimait pas dessiner. Outre l&rsquo;utilisation de maquettes au lieu des plans traditionnels, il a con\u00e7u un ensemble complexe de cha\u00eenes suspendues qu&rsquo;il a install\u00e9es au plafond afin de mieux d\u00e9chiffrer la conception de plusieurs de ses commandes religieuses, dont la Sagrada Fam\u00edlia.<\/p>\n<p>Il a consacr\u00e9 dix ans de sa vie \u00e0 d\u00e9velopper ce mod\u00e8le de \u00ab\u00a0cha\u00eene suspendue\u00a0\u00bb, en utilisant des poids et des cordes de suspension. En retournant les formes arqu\u00e9es qui r\u00e9sultaient de cette exp\u00e9rience, Gaud\u00ed trouvait la forme architecturale qu&rsquo;il cherchait. Cet exercice sera essentiel pour sa conception de la Sagrada Fam\u00edlia.<\/p>\n\t\t\t\t\t<\/div>\n\t\t\t\t\t\t<\/div>\n\t\t\t\t<\/div>\n\t\t\t\t\t\t<\/div>\n\t\t\t\t\t<\/div>\n\t\t<\/div>\n\t\t\t\t\t\t\t\t<\/div>\n\t\t\t\t\t<\/div>\n\t\t<\/section>\n\t\t\t\t<section class=\"elementor-section elementor-top-section elementor-element elementor-element-68fbfaf elementor-section-content-middle elementor-reverse-tablet elementor-reverse-mobile elementor-section-boxed elementor-section-height-default elementor-section-height-default\" data-id=\"68fbfaf\" data-element_type=\"section\">\n\t\t\t\t\t\t<div class=\"elementor-container elementor-column-gap-default\">\n\t\t\t\t\t\t\t<div class=\"elementor-row\">\n\t\t\t\t\t<div class=\"elementor-column elementor-col-50 elementor-top-column elementor-element elementor-element-4bc06d3\" data-id=\"4bc06d3\" data-element_type=\"column\">\n\t\t\t<div class=\"elementor-column-wrap elementor-element-populated\">\n\t\t\t\t\t\t\t<div class=\"elementor-widget-wrap\">\n\t\t\t\t\t\t<div class=\"elementor-element elementor-element-7239fa0 elementor-widget elementor-widget-heading\" data-id=\"7239fa0\" data-element_type=\"widget\" data-widget_type=\"heading.default\">\n\t\t\t\t<div class=\"elementor-widget-container\">\n\t\t\t<h2 class=\"elementor-heading-title elementor-size-default\">Les b\u00e2timents de Gaud\u00ed<\/h2>\t\t<\/div>\n\t\t\t\t<\/div>\n\t\t\t\t<div class=\"elementor-element elementor-element-5e2a72c elementor-widget-divider--view-line elementor-widget elementor-widget-divider\" data-id=\"5e2a72c\" data-element_type=\"widget\" data-widget_type=\"divider.default\">\n\t\t\t\t<div class=\"elementor-widget-container\">\n\t\t\t\t\t<div class=\"elementor-divider\">\n\t\t\t<span class=\"elementor-divider-separator\">\n\t\t\t\t\t\t<\/span>\n\t\t<\/div>\n\t\t\t\t<\/div>\n\t\t\t\t<\/div>\n\t\t\t\t<div class=\"elementor-element elementor-element-782d2ca elementor-widget elementor-widget-text-editor\" data-id=\"782d2ca\" data-element_type=\"widget\" data-widget_type=\"text-editor.default\">\n\t\t\t\t<div class=\"elementor-widget-container\">\n\t\t\t\t\t\t\t\t<div class=\"elementor-text-editor elementor-clearfix\">\n\t\t\t\t<p>Antonio Gaud\u00ed a con\u00e7u et travaill\u00e9 sur un certain nombre de projets au cours de sa vie, la plupart d&rsquo;entre eux \u00e9tant situ\u00e9s \u00e0 Barcelone. Il a travers\u00e9 plusieurs p\u00e9riodes de style tout au long de sa carri\u00e8re, mais son style unique \u00e9tait clairement impr\u00e9gn\u00e9 dans son \u0153uvre. Parmi les plus importantes, nous pouvons citer :<\/p>\n<p><strong>El Capricho<\/strong><\/p>\n<p>Il s&rsquo;agit d&rsquo;une villa situ\u00e9e \u00e0 Comillas, en Cantabrie (c\u00f4te nord de l&rsquo;Espagne) et con\u00e7ue par Gaud\u00ed. Cette r\u00e9sidence d&rsquo;\u00e9t\u00e9 a \u00e9t\u00e9 construite entre 1883 et 1885 pour M\u00e1ximo D\u00edaz de Quijano, un riche client qui est d\u00e9c\u00e9d\u00e9 un an avant son ach\u00e8vement. Cette villa appartient \u00e0 la p\u00e9riode orientaliste de Gaud\u00ed.<\/p>\n<p><strong>Palais \u00e9piscopal<\/strong><\/p>\n<p>Le palais \u00e9piscopal d&rsquo;Astorga a \u00e9t\u00e9 construit entre 1889 et 1913. Exemple clair du style moderniste catalan, c&rsquo;est l&rsquo;un des trois b\u00e2timents que Gaud\u00ed a con\u00e7us en dehors de la Catalogne. Il est r\u00e9alis\u00e9 dans un style n\u00e9o-m\u00e9di\u00e9val en harmonie avec son emplacement.<\/p>\n<p><strong>Maison Vicens<\/strong><\/p>\n<p>Situ\u00e9 dans le quartier de Gr\u00e0cia, \u00e0 Carrer de les Carolines, 20-26. C&rsquo;est la premi\u00e8re maison con\u00e7ue par Gaud\u00ed et l&rsquo;un de ses premiers b\u00e2timents de style Art nouveau.<\/p>\n<p><strong>Sagrada Fam\u00edlia<\/strong><\/p>\n<p>La Sagrada Fam\u00edlia est le chef-d&rsquo;\u0153uvre de Gaud\u00ed. Il a repris le projet en tant qu&rsquo;architecte en chef en 1883 et a radicalement chang\u00e9 la conception de l&rsquo;\u00e9glise, en combinant ses styles d&rsquo;architecture et d&rsquo;ing\u00e9nierie avec des formes de style gothique et d&rsquo;Art nouveau curviligne. Il a travaill\u00e9 directement sur la fa\u00e7ade de la Nativit\u00e9 pour \u00e9tablir une sorte de guide pour les g\u00e9n\u00e9rations futures. Le projet devrait \u00eatre achev\u00e9 en 2026.<\/p>\n\t\t\t\t\t<\/div>\n\t\t\t\t\t\t<\/div>\n\t\t\t\t<\/div>\n\t\t\t\t\t\t<\/div>\n\t\t\t\t\t<\/div>\n\t\t<\/div>\n\t\t\t\t<div class=\"elementor-column elementor-col-50 elementor-top-column elementor-element elementor-element-ed8758a\" data-id=\"ed8758a\" data-element_type=\"column\">\n\t\t\t<div class=\"elementor-column-wrap elementor-element-populated\">\n\t\t\t\t\t\t\t<div class=\"elementor-widget-wrap\">\n\t\t\t\t\t\t<div class=\"elementor-element elementor-element-9654f90 elementor-widget elementor-widget-image\" data-id=\"9654f90\" data-element_type=\"widget\" data-widget_type=\"image.default\">\n\t\t\t\t<div class=\"elementor-widget-container\">\n\t\t\t\t\t\t\t\t<div class=\"elementor-image\">\n\t\t\t\t\t\t\t\t\t\t\t\t<img width=\"471\" height=\"1024\" src=\"https:\/\/sagradafamilia-tickets.com\/wp-content\/uploads\/2020\/07\/2-471x1024.jpg\" class=\"attachment-large size-large wp-image-33688\" alt=\"Other projects by Antoni Gaudi\" loading=\"lazy\" srcset=\"https:\/\/sagradafamilia-tickets.com\/wp-content\/uploads\/2020\/07\/2-471x1024.jpg 471w, https:\/\/sagradafamilia-tickets.com\/wp-content\/uploads\/2020\/07\/2-138x300.jpg 138w, https:\/\/sagradafamilia-tickets.com\/wp-content\/uploads\/2020\/07\/2-600x1304.jpg 600w, https:\/\/sagradafamilia-tickets.com\/wp-content\/uploads\/2020\/07\/2.jpg 632w\" sizes=\"(max-width: 471px) 100vw, 471px\" \/>\t\t\t\t\t\t\t\t\t\t\t\t\t\t<\/div>\n\t\t\t\t\t\t<\/div>\n\t\t\t\t<\/div>\n\t\t\t\t\t\t<\/div>\n\t\t\t\t\t<\/div>\n\t\t<\/div>\n\t\t\t\t\t\t\t\t<\/div>\n\t\t\t\t\t<\/div>\n\t\t<\/section>\n\t\t\t\t<section class=\"elementor-section elementor-top-section elementor-element elementor-element-6580364 elementor-section-content-middle elementor-reverse-tablet elementor-reverse-mobile elementor-section-boxed elementor-section-height-default elementor-section-height-default\" data-id=\"6580364\" data-element_type=\"section\">\n\t\t\t\t\t\t<div class=\"elementor-container elementor-column-gap-default\">\n\t\t\t\t\t\t\t<div class=\"elementor-row\">\n\t\t\t\t\t<div class=\"elementor-column elementor-col-100 elementor-top-column elementor-element elementor-element-b7e94fa\" data-id=\"b7e94fa\" data-element_type=\"column\">\n\t\t\t<div class=\"elementor-column-wrap elementor-element-populated\">\n\t\t\t\t\t\t\t<div class=\"elementor-widget-wrap\">\n\t\t\t\t\t\t<div class=\"elementor-element elementor-element-a68e773 elementor-widget elementor-widget-text-editor\" data-id=\"a68e773\" data-element_type=\"widget\" data-widget_type=\"text-editor.default\">\n\t\t\t\t<div class=\"elementor-widget-container\">\n\t\t\t\t\t\t\t\t<div class=\"elementor-text-editor elementor-clearfix\">\n\t\t\t\t<p><strong>Pavillons G\u00fcell<\/strong><\/p>\n<p>Il s&rsquo;agit d&rsquo;un groupe de b\u00e2timents situ\u00e9s dans le quartier de Pedralbes \u00e0 Barcelone. Il a \u00e9t\u00e9 construit entre 1884 et 1887 selon la proposition orientaliste de Gaud\u00ed, tr\u00e8s proche de l&rsquo;art mud\u00e9jar.<\/p>\n<p><strong>Palais G\u00fcell<\/strong><\/p>\n<p>Il s&rsquo;agit d&rsquo;un manoir con\u00e7u par Gaud\u00ed pour le magnat de l&rsquo;industrie Eusebi G\u00fcell, construit entre 1886 et 1888. Il est situ\u00e9 sur la Carrer Nou de la Rambla \u00e0 Barcelone. Le point central de la maison est le hall principal, con\u00e7u pour recevoir des invit\u00e9s de la haute soci\u00e9t\u00e9. Il fait partie des oeuvres d&rsquo;Antoni Gaud\u00ed d\u00e9clar\u00e9es au patrimoine mondial de l&rsquo;UNESCO.<\/p>\n<p><strong>Maison Botines<\/strong><\/p>\n<p>La \u00ab\u00a0Casa Botines\u00a0\u00bb est situ\u00e9e \u00e0 Le\u00f3n, en Espagne, et a \u00e9t\u00e9 construite entre 1891 et 1892. Elle a \u00e9t\u00e9 adapt\u00e9e pour servir de si\u00e8ge \u00e0 la Caja Espa\u00f1a, une caisse d&rsquo;\u00e9pargne locale. Le b\u00e2timent comporte quatre \u00e9tages, un sous-sol et un grenier. Sa conception a un air m\u00e9di\u00e9val et comporte diverses caract\u00e9ristiques n\u00e9o-gothiques.<\/p>\n<p><strong>Caves G\u00fcell<\/strong><\/p>\n<p>Il s&rsquo;agit d&rsquo;un complexe architectural contenant une cave et des b\u00e2timents associ\u00e9s, situ\u00e9 dans le Garraf, \u00e0 Barcelone. La cave pr\u00e9sente un profil frontal triangulaire, avec des toits presque verticaux, des dalles de pierre fortement inclin\u00e9es, surmont\u00e9es de plusieurs chemin\u00e9es et de deux portes qui communiquent avec l&rsquo;ancien b\u00e2timent. Le complexe comporte trois \u00e9tages.<\/p>\n<p><strong>Maison Calvet<\/strong><\/p>\n<p>Elle a \u00e9t\u00e9 con\u00e7ue pour un fabricant de textiles et fonctionnait comme un local commercial au sous-sol et comme une r\u00e9sidence au rez-de-chauss\u00e9e. Construite entre 1989 et 1900, elle est la plus conventionnelle de toutes ses \u0153uvres.<\/p>\n<p><strong>Bellesguard<\/strong><\/p>\n<p>\u00c9galement connu sous le nom de Casa Figueres, ce manoir moderne a \u00e9t\u00e9 construit entre 1900 et 1909. La fa\u00e7ade ext\u00e9rieure est de style n\u00e9o-gothique, car Gaud\u00ed voulait rendre hommage au ch\u00e2teau m\u00e9di\u00e9val d&rsquo;origine qui se trouvait l\u00e0.<\/p>\n<p><strong>Parc G\u00fcell<\/strong><\/p>\n<p>C&rsquo;est un parc public avec des jardins, des \u00e9l\u00e9ments d\u00e9coratifs et architecturaux situ\u00e9 \u00e0 Barcelone. Il a \u00e9t\u00e9 construit entre 1900 et 1914, bien qu&rsquo;il n&rsquo;ait \u00e9t\u00e9 d\u00e9clar\u00e9 parc public qu&rsquo;en 1926. Il est la repr\u00e9sentation de la pl\u00e9nitude artistique de Gaud\u00ed, et appartient \u00e0 sa p\u00e9riode naturaliste. Il s&rsquo;agit d&rsquo;un site du patrimoine mondial de l&rsquo;UNESCO.<\/p>\n<p><strong>Maison Batll\u00f3<\/strong><\/p>\n<p>Il s&rsquo;agit d&rsquo;un b\u00e2timent situ\u00e9 dans le centre de Barcelone, consid\u00e9r\u00e9 comme l&rsquo;un des chefs-d&rsquo;\u0153uvre con\u00e7us par Gaud\u00ed. Il l&rsquo;a redessin\u00e9 en 1904 et a class\u00e9 dans la cat\u00e9gorie Modernisme ou Art nouveau au sens large. Il a une qualit\u00e9 organique, squelettique et visc\u00e9rale.<\/p>\n<p><strong>Jardins d&rsquo;Artigas<\/strong><\/p>\n<p>Il s&rsquo;agit d&rsquo;un parc situ\u00e9 \u00e0 La Pobla de Lillet, \u00e0 Barcelone. Construit entre 1905 et 1906, il est remarquable pour les jardins d&rsquo;arches et les symboles catholiques con\u00e7us par Gaud\u00ed.<\/p>\n<p><strong>Maison Mil\u00e0<\/strong><\/p>\n<p>Commun\u00e9ment appel\u00e9 La Pedrera, ce b\u00e2timent appartient \u00e0 la phase moderniste de Gaud\u00ed. Construite entre 1906 et 1912, elle est la derni\u00e8re r\u00e9sidence priv\u00e9e con\u00e7ue par Gaud\u00ed. Elle a une apparence non conventionnelle et grossi\u00e8re, avec une fa\u00e7ade en pierre ondul\u00e9e et des balcons en fer forg\u00e9 tordus. Il a \u00e9t\u00e9 d\u00e9clar\u00e9 site du patrimoine mondial de l&rsquo;UNESCO en 1984.<\/p>\n<p><strong>\u00c9glise Col\u00f2nia G\u00fcell<\/strong><\/p>\n<p>Construite comme un lieu de culte pour le village sur la colline d&rsquo;un quartier industriel de Santa Coloma de Cervell\u00f3, pr\u00e8s de Barcelone, elle est l&rsquo;une des \u0153uvres inachev\u00e9es de Gaud\u00ed. L&rsquo;\u00e9glise est class\u00e9e au patrimoine mondial de l&rsquo;UNESCO.<\/p>\n<p><strong>\u00c9coles de la Sagrada Fam\u00edlia<\/strong><\/p>\n<p>Il s&rsquo;agissait d&rsquo;un petit b\u00e2timent scolaire destin\u00e9 aux enfants des ouvriers de la Sagrada Fam\u00edlia, mais accessible aux autres enfants du quartier, notamment \u00e0 la classe la plus d\u00e9favoris\u00e9e.<\/p>\n\t\t\t\t\t<\/div>\n\t\t\t\t\t\t<\/div>\n\t\t\t\t<\/div>\n\t\t\t\t\t\t<\/div>\n\t\t\t\t\t<\/div>\n\t\t<\/div>\n\t\t\t\t\t\t\t\t<\/div>\n\t\t\t\t\t<\/div>\n\t\t<\/section>\n\t\t\t\t<section class=\"elementor-section elementor-top-section elementor-element elementor-element-361b34b elementor-section-content-middle elementor-reverse-tablet elementor-reverse-mobile elementor-section-boxed elementor-section-height-default elementor-section-height-default\" data-id=\"361b34b\" data-element_type=\"section\">\n\t\t\t\t\t\t<div class=\"elementor-container elementor-column-gap-default\">\n\t\t\t\t\t\t\t<div class=\"elementor-row\">\n\t\t\t\t\t<div class=\"elementor-column elementor-col-50 elementor-top-column elementor-element elementor-element-e970e75\" data-id=\"e970e75\" data-element_type=\"column\">\n\t\t\t<div class=\"elementor-column-wrap elementor-element-populated\">\n\t\t\t\t\t\t\t<div class=\"elementor-widget-wrap\">\n\t\t\t\t\t\t<div class=\"elementor-element elementor-element-f02474c elementor-align-center elementor-widget elementor-widget-button\" data-id=\"f02474c\" data-element_type=\"widget\" data-widget_type=\"button.default\">\n\t\t\t\t<div class=\"elementor-widget-container\">\n\t\t\t\t\t<div class=\"elementor-button-wrapper\">\n\t\t\t<a href=\"https:\/\/sagradafamilia-tickets.com\/gaudi-sagrada-familia-architect\/\" class=\"elementor-button-link elementor-button elementor-size-sm\" role=\"button\">\n\t\t\t\t\t\t<span class=\"elementor-button-content-wrapper\">\n\t\t\t\t\t\t<span class=\"elementor-button-text\">Gaud\u00ed et la Sagrada Fam\u00edlia<\/span>\n\t\t<\/span>\n\t\t\t\t\t<\/a>\n\t\t<\/div>\n\t\t\t\t<\/div>\n\t\t\t\t<\/div>\n\t\t\t\t\t\t<\/div>\n\t\t\t\t\t<\/div>\n\t\t<\/div>\n\t\t\t\t<div class=\"elementor-column elementor-col-50 elementor-top-column elementor-element elementor-element-4a9d3f2\" data-id=\"4a9d3f2\" data-element_type=\"column\">\n\t\t\t<div class=\"elementor-column-wrap elementor-element-populated\">\n\t\t\t\t\t\t\t<div class=\"elementor-widget-wrap\">\n\t\t\t\t\t\t<div class=\"elementor-element elementor-element-2c4123f elementor-align-center elementor-widget elementor-widget-button\" data-id=\"2c4123f\" data-element_type=\"widget\" data-widget_type=\"button.default\">\n\t\t\t\t<div class=\"elementor-widget-container\">\n\t\t\t\t\t<div class=\"elementor-button-wrapper\">\n\t\t\t<a href=\"https:\/\/sagradafamilia-tickets.com\/gaudi-house-museum\/\" class=\"elementor-button-link elementor-button elementor-size-sm\" role=\"button\">\n\t\t\t\t\t\t<span class=\"elementor-button-content-wrapper\">\n\t\t\t\t\t\t<span class=\"elementor-button-text\">Mus\u00e9e de la Maison Gaud\u00ed<\/span>\n\t\t<\/span>\n\t\t\t\t\t<\/a>\n\t\t<\/div>\n\t\t\t\t<\/div>\n\t\t\t\t<\/div>\n\t\t\t\t\t\t<\/div>\n\t\t\t\t\t<\/div>\n\t\t<\/div>\n\t\t\t\t\t\t\t\t<\/div>\n\t\t\t\t\t<\/div>\n\t\t<\/section>\n\t\t\t\t\t\t\t\t\t<\/div>\n\t\t\t<\/div>\n\t\t\t\t\t<\/div>\n\t\t","protected":false},"excerpt":{"rendered":"<p>Biographie d&rsquo;Antonio Gaud\u00ed COVID-19 :\u00a0 Pour garantir votre sant\u00e9, la Sagrada Fam\u00edlia applique toutes les mesures sanitaires \u00e9tablies par le minist\u00e8re espagnol de la Sant\u00e9. Consultez ici les r\u00e8gles sanitaires pour les visiteurs. Biographie Antonio Gaud\u00ed i Cornet \u00e9tait un architecte catalan, internationalement reconnu comme l&rsquo;un des plus grands et prodigieux experts dans son domaine, &hellip;<\/p>\n<p class=\"read-more\"> <a class=\"\" href=\"https:\/\/sagradafamilia-tickets.com\/fr\/gaudi\/\"> <span class=\"screen-reader-text\">Gaud\u00ed<\/span> Lire la suite\u00a0\u00bb<\/a><\/p>\n","protected":false},"author":3,"featured_media":0,"parent":0,"menu_order":0,"comment_status":"closed","ping_status":"closed","template":"","meta":{"site-sidebar-layout":"no-sidebar","site-content-layout":"page-builder","ast-global-header-display":"","ast-main-header-display":"","ast-hfb-above-header-display":"","ast-hfb-below-header-display":"","ast-hfb-mobile-header-display":"","site-post-title":"disabled","ast-breadcrumbs-content":"","ast-featured-img":"disabled","footer-sml-layout":"","theme-transparent-header-meta":"default","adv-header-id-meta":"","stick-header-meta":"","header-above-stick-meta":"","header-main-stick-meta":"","header-below-stick-meta":""},"yoast_head":"<!-- This site is optimized with the Yoast SEO plugin v20.4 - https:\/\/yoast.com\/wordpress\/plugins\/seo\/ -->\n<title>Histoire d&#039;Antonio Gaud\u00ed | La vie de l&#039;architecte de la Sagrada Fam\u00edlia<\/title>\n<meta name=\"description\" content=\"Gaud\u00ed \u00e9tait un architecte catalan qui avait un style unique et individualiste : aucune de ses \u0153uvres ne se ressemble. Vous voulez en savoir plus sur sa vie et ses b\u00e2timents ?\" \/>\n<meta name=\"robots\" content=\"noindex, follow, max-snippet:-1, max-image-preview:large, max-video-preview:-1\" \/>\n<meta property=\"og:locale\" content=\"fr_FR\" \/>\n<meta property=\"og:type\" content=\"article\" \/>\n<meta property=\"og:title\" content=\"Histoire d&#039;Antonio Gaud\u00ed | La vie de l&#039;architecte de la Sagrada Fam\u00edlia\" \/>\n<meta property=\"og:description\" content=\"Gaud\u00ed \u00e9tait un architecte catalan qui avait un style unique et individualiste : aucune de ses \u0153uvres ne se ressemble. Vous voulez en savoir plus sur sa vie et ses b\u00e2timents ?\" \/>\n<meta property=\"og:url\" content=\"https:\/\/sagradafamilia-tickets.com\/gaudi-history\/\" \/>\n<meta property=\"og:site_name\" content=\"Sagrada Familia Barcelona\" \/>\n<meta property=\"article:modified_time\" content=\"2022-12-05T12:45:38+00:00\" \/>\n<meta property=\"og:image\" content=\"https:\/\/sagradafamilia-tickets.com\/wp-content\/uploads\/2020\/07\/2020-07-08_140254.png\" \/>\n<meta name=\"twitter:card\" content=\"summary_large_image\" \/>\n<meta name=\"twitter:label1\" content=\"Dur\u00e9e de lecture estim\u00e9e\" \/>\n\t<meta name=\"twitter:data1\" content=\"8 minutes\" \/>\n<script type=\"application\/ld+json\" class=\"yoast-schema-graph\">{\"@context\":\"https:\/\/schema.org\",\"@graph\":[{\"@type\":\"WebPage\",\"@id\":\"https:\/\/sagradafamilia-tickets.com\/gaudi-history\/\",\"url\":\"https:\/\/sagradafamilia-tickets.com\/gaudi-history\/\",\"name\":\"Histoire d'Antonio Gaud\u00ed | La vie de l'architecte de la Sagrada Fam\u00edlia\",\"isPartOf\":{\"@id\":\"https:\/\/sagradafamilia-tickets.com\/#website\"},\"datePublished\":\"2022-09-15T10:47:48+00:00\",\"dateModified\":\"2022-12-05T12:45:38+00:00\",\"description\":\"Gaud\u00ed \u00e9tait un architecte catalan qui avait un style unique et individualiste : aucune de ses \u0153uvres ne se ressemble. Vous voulez en savoir plus sur sa vie et ses b\u00e2timents ?\",\"breadcrumb\":{\"@id\":\"https:\/\/sagradafamilia-tickets.com\/gaudi-history\/#breadcrumb\"},\"inLanguage\":\"fr-FR\",\"potentialAction\":[{\"@type\":\"ReadAction\",\"target\":[\"https:\/\/sagradafamilia-tickets.com\/gaudi-history\/\"]}]},{\"@type\":\"BreadcrumbList\",\"@id\":\"https:\/\/sagradafamilia-tickets.com\/gaudi-history\/#breadcrumb\",\"itemListElement\":[{\"@type\":\"ListItem\",\"position\":1,\"name\":\"Home\",\"item\":\"https:\/\/sagradafamilia-tickets.com\/\"},{\"@type\":\"ListItem\",\"position\":2,\"name\":\"Gaud\u00ed\"}]},{\"@type\":\"WebSite\",\"@id\":\"https:\/\/sagradafamilia-tickets.com\/#website\",\"url\":\"https:\/\/sagradafamilia-tickets.com\/\",\"name\":\"Sagrada Familia Barcelona\",\"description\":\"Book Your Tickets &amp; Tours\",\"publisher\":{\"@id\":\"https:\/\/sagradafamilia-tickets.com\/#organization\"},\"potentialAction\":[{\"@type\":\"SearchAction\",\"target\":{\"@type\":\"EntryPoint\",\"urlTemplate\":\"https:\/\/sagradafamilia-tickets.com\/?s={search_term_string}\"},\"query-input\":\"required name=search_term_string\"}],\"inLanguage\":\"fr-FR\"},{\"@type\":\"Organization\",\"@id\":\"https:\/\/sagradafamilia-tickets.com\/#organization\",\"name\":\"Sagrada Familia Barcelona\",\"url\":\"https:\/\/sagradafamilia-tickets.com\/\",\"logo\":{\"@type\":\"ImageObject\",\"inLanguage\":\"fr-FR\",\"@id\":\"https:\/\/sagradafamilia-tickets.com\/#\/schema\/logo\/image\/\",\"url\":\"https:\/\/sagradafamilia-tickets.com\/wp-content\/uploads\/2022\/08\/Sagrada-Familia-Tick.png\",\"contentUrl\":\"https:\/\/sagradafamilia-tickets.com\/wp-content\/uploads\/2022\/08\/Sagrada-Familia-Tick.png\",\"width\":526,\"height\":50,\"caption\":\"Sagrada Familia Barcelona\"},\"image\":{\"@id\":\"https:\/\/sagradafamilia-tickets.com\/#\/schema\/logo\/image\/\"}}]}<\/script>\n<!-- \/ Yoast SEO plugin. -->","yoast_head_json":{"title":"Histoire d'Antonio Gaud\u00ed | La vie de l'architecte de la Sagrada Fam\u00edlia","description":"Gaud\u00ed \u00e9tait un architecte catalan qui avait un style unique et individualiste : aucune de ses \u0153uvres ne se ressemble. Vous voulez en savoir plus sur sa vie et ses b\u00e2timents ?","robots":{"index":"noindex","follow":"follow","max-snippet":"max-snippet:-1","max-image-preview":"max-image-preview:large","max-video-preview":"max-video-preview:-1"},"og_locale":"fr_FR","og_type":"article","og_title":"Histoire d'Antonio Gaud\u00ed | La vie de l'architecte de la Sagrada Fam\u00edlia","og_description":"Gaud\u00ed \u00e9tait un architecte catalan qui avait un style unique et individualiste : aucune de ses \u0153uvres ne se ressemble. Vous voulez en savoir plus sur sa vie et ses b\u00e2timents ?","og_url":"https:\/\/sagradafamilia-tickets.com\/gaudi-history\/","og_site_name":"Sagrada Familia Barcelona","article_modified_time":"2022-12-05T12:45:38+00:00","og_image":[{"url":"https:\/\/sagradafamilia-tickets.com\/wp-content\/uploads\/2020\/07\/2020-07-08_140254.png"}],"twitter_card":"summary_large_image","twitter_misc":{"Dur\u00e9e de lecture estim\u00e9e":"8 minutes"},"schema":{"@context":"https:\/\/schema.org","@graph":[{"@type":"WebPage","@id":"https:\/\/sagradafamilia-tickets.com\/gaudi-history\/","url":"https:\/\/sagradafamilia-tickets.com\/gaudi-history\/","name":"Histoire d'Antonio Gaud\u00ed | La vie de l'architecte de la Sagrada Fam\u00edlia","isPartOf":{"@id":"https:\/\/sagradafamilia-tickets.com\/#website"},"datePublished":"2022-09-15T10:47:48+00:00","dateModified":"2022-12-05T12:45:38+00:00","description":"Gaud\u00ed \u00e9tait un architecte catalan qui avait un style unique et individualiste : aucune de ses \u0153uvres ne se ressemble. Vous voulez en savoir plus sur sa vie et ses b\u00e2timents ?","breadcrumb":{"@id":"https:\/\/sagradafamilia-tickets.com\/gaudi-history\/#breadcrumb"},"inLanguage":"fr-FR","potentialAction":[{"@type":"ReadAction","target":["https:\/\/sagradafamilia-tickets.com\/gaudi-history\/"]}]},{"@type":"BreadcrumbList","@id":"https:\/\/sagradafamilia-tickets.com\/gaudi-history\/#breadcrumb","itemListElement":[{"@type":"ListItem","position":1,"name":"Home","item":"https:\/\/sagradafamilia-tickets.com\/"},{"@type":"ListItem","position":2,"name":"Gaud\u00ed"}]},{"@type":"WebSite","@id":"https:\/\/sagradafamilia-tickets.com\/#website","url":"https:\/\/sagradafamilia-tickets.com\/","name":"Sagrada Familia Barcelona","description":"Book Your Tickets &amp; Tours","publisher":{"@id":"https:\/\/sagradafamilia-tickets.com\/#organization"},"potentialAction":[{"@type":"SearchAction","target":{"@type":"EntryPoint","urlTemplate":"https:\/\/sagradafamilia-tickets.com\/?s={search_term_string}"},"query-input":"required name=search_term_string"}],"inLanguage":"fr-FR"},{"@type":"Organization","@id":"https:\/\/sagradafamilia-tickets.com\/#organization","name":"Sagrada Familia Barcelona","url":"https:\/\/sagradafamilia-tickets.com\/","logo":{"@type":"ImageObject","inLanguage":"fr-FR","@id":"https:\/\/sagradafamilia-tickets.com\/#\/schema\/logo\/image\/","url":"https:\/\/sagradafamilia-tickets.com\/wp-content\/uploads\/2022\/08\/Sagrada-Familia-Tick.png","contentUrl":"https:\/\/sagradafamilia-tickets.com\/wp-content\/uploads\/2022\/08\/Sagrada-Familia-Tick.png","width":526,"height":50,"caption":"Sagrada Familia Barcelona"},"image":{"@id":"https:\/\/sagradafamilia-tickets.com\/#\/schema\/logo\/image\/"}}]}},"_links":{"self":[{"href":"https:\/\/sagradafamilia-tickets.com\/fr\/wp-json\/wp\/v2\/pages\/33818"}],"collection":[{"href":"https:\/\/sagradafamilia-tickets.com\/fr\/wp-json\/wp\/v2\/pages"}],"about":[{"href":"https:\/\/sagradafamilia-tickets.com\/fr\/wp-json\/wp\/v2\/types\/page"}],"author":[{"embeddable":true,"href":"https:\/\/sagradafamilia-tickets.com\/fr\/wp-json\/wp\/v2\/users\/3"}],"replies":[{"embeddable":true,"href":"https:\/\/sagradafamilia-tickets.com\/fr\/wp-json\/wp\/v2\/comments?post=33818"}],"version-history":[{"count":6,"href":"https:\/\/sagradafamilia-tickets.com\/fr\/wp-json\/wp\/v2\/pages\/33818\/revisions"}],"predecessor-version":[{"id":48016,"href":"https:\/\/sagradafamilia-tickets.com\/fr\/wp-json\/wp\/v2\/pages\/33818\/revisions\/48016"}],"wp:attachment":[{"href":"https:\/\/sagradafamilia-tickets.com\/fr\/wp-json\/wp\/v2\/media?parent=33818"}],"curies":[{"name":"wp","href":"https:\/\/api.w.org\/{rel}","templated":true}]}}