{"id":3995,"date":"2020-07-08T17:09:42","date_gmt":"2020-07-08T17:09:42","guid":{"rendered":"https:\/\/sagradafamilia-tickets.com\/gaudi-house-museum\/"},"modified":"2023-01-04T17:17:10","modified_gmt":"2023-01-04T16:17:10","slug":"casa-museo-gaudi","status":"publish","type":"page","link":"https:\/\/sagradafamilia-tickets.com\/es\/casa-museo-gaudi\/","title":{"rendered":"La Casa Museo Gaud\u00ed"},"content":{"rendered":"\t\t<div data-elementor-type=\"wp-page\" data-elementor-id=\"3995\" class=\"elementor elementor-3995 elementor-3222\">\n\t\t\t\t\t\t<div class=\"elementor-inner\">\n\t\t\t\t<div class=\"elementor-section-wrap\">\n\t\t\t\t\t\t\t\t\t<section class=\"elementor-section elementor-top-section elementor-element elementor-element-608995a0 elementor-section-full_width elementor-section-height-min-height elementor-section-height-default elementor-section-items-middle\" data-id=\"608995a0\" data-element_type=\"section\" data-settings=\"{&quot;background_background&quot;:&quot;classic&quot;}\">\n\t\t\t\t\t\t\t<div class=\"elementor-background-overlay\"><\/div>\n\t\t\t\t\t\t\t<div class=\"elementor-container elementor-column-gap-default\">\n\t\t\t\t\t\t\t<div class=\"elementor-row\">\n\t\t\t\t\t<div class=\"elementor-column elementor-col-100 elementor-top-column elementor-element elementor-element-1df58d95\" data-id=\"1df58d95\" data-element_type=\"column\">\n\t\t\t<div class=\"elementor-column-wrap elementor-element-populated\">\n\t\t\t\t\t\t\t<div class=\"elementor-widget-wrap\">\n\t\t\t\t\t\t<div class=\"elementor-element elementor-element-e9e9e38 elementor-widget elementor-widget-heading\" data-id=\"e9e9e38\" data-element_type=\"widget\" data-widget_type=\"heading.default\">\n\t\t\t\t<div class=\"elementor-widget-container\">\n\t\t\t<h1 class=\"elementor-heading-title elementor-size-default\">Casa Museo Gaud\u00ed<\/h1>\t\t<\/div>\n\t\t\t\t<\/div>\n\t\t\t\t\t\t<\/div>\n\t\t\t\t\t<\/div>\n\t\t<\/div>\n\t\t\t\t\t\t\t\t<\/div>\n\t\t\t\t\t<\/div>\n\t\t<\/section>\n\t\t\t\t<section class=\"elementor-section elementor-top-section elementor-element elementor-element-fde135c elementor-section-boxed elementor-section-height-default elementor-section-height-default\" data-id=\"fde135c\" data-element_type=\"section\" data-settings=\"{&quot;background_background&quot;:&quot;classic&quot;}\">\n\t\t\t\t\t\t<div class=\"elementor-container elementor-column-gap-default\">\n\t\t\t\t\t\t\t<div class=\"elementor-row\">\n\t\t\t\t\t<div class=\"elementor-column elementor-col-100 elementor-top-column elementor-element elementor-element-59946f8\" data-id=\"59946f8\" data-element_type=\"column\">\n\t\t\t<div class=\"elementor-column-wrap elementor-element-populated\">\n\t\t\t\t\t\t\t<div class=\"elementor-widget-wrap\">\n\t\t\t\t\t\t<div class=\"elementor-element elementor-element-3c58bbf elementor-widget elementor-widget-text-editor\" data-id=\"3c58bbf\" data-element_type=\"widget\" data-widget_type=\"text-editor.default\">\n\t\t\t\t<div class=\"elementor-widget-container\">\n\t\t\t\t\t\t\t\t<div class=\"elementor-text-editor elementor-clearfix\">\n\t\t\t\t<p>COVID-19: Para garantizar la salud de todos, la Sagrada Fam\u00edlia est\u00e1 aplicando todas las medidas de salud establecidas por el Ministerio de Sanidad espa\u00f1ol. <span style=\"color: #ffffff;\"><a style=\"color: #ffffff;\" href=\"https:\/\/sagradafamilia-tickets.com\/es\/medidas-de-seguridad-covid-19\/\" target=\"_blank\" rel=\"noopener\"><span style=\"text-decoration: underline;\">Consulte aqu\u00ed las normas a cumplir para los visitantes.<\/span><\/a><\/span><\/p>\t\t\t\t\t<\/div>\n\t\t\t\t\t\t<\/div>\n\t\t\t\t<\/div>\n\t\t\t\t\t\t<\/div>\n\t\t\t\t\t<\/div>\n\t\t<\/div>\n\t\t\t\t\t\t\t\t<\/div>\n\t\t\t\t\t<\/div>\n\t\t<\/section>\n\t\t\t\t<section class=\"elementor-section elementor-top-section elementor-element elementor-element-c219c46 elementor-section-boxed elementor-section-height-default elementor-section-height-default\" data-id=\"c219c46\" data-element_type=\"section\">\n\t\t\t\t\t\t<div class=\"elementor-container elementor-column-gap-default\">\n\t\t\t\t\t\t\t<div class=\"elementor-row\">\n\t\t\t\t\t<div class=\"elementor-column elementor-col-100 elementor-top-column elementor-element elementor-element-c45b833\" data-id=\"c45b833\" data-element_type=\"column\">\n\t\t\t<div class=\"elementor-column-wrap elementor-element-populated\">\n\t\t\t\t\t\t\t<div class=\"elementor-widget-wrap\">\n\t\t\t\t\t\t<div class=\"elementor-element elementor-element-b54c4d6 elementor-widget elementor-widget-woocommerce-breadcrumb\" data-id=\"b54c4d6\" data-element_type=\"widget\" data-widget_type=\"woocommerce-breadcrumb.default\">\n\t\t\t\t<div class=\"elementor-widget-container\">\n\t\t\t<nav class=\"woocommerce-breadcrumb\">Inicio<\/nav>\t\t<\/div>\n\t\t\t\t<\/div>\n\t\t\t\t\t\t<\/div>\n\t\t\t\t\t<\/div>\n\t\t<\/div>\n\t\t\t\t\t\t\t\t<\/div>\n\t\t\t\t\t<\/div>\n\t\t<\/section>\n\t\t\t\t<section class=\"elementor-section elementor-top-section elementor-element elementor-element-7f33b9f elementor-section-boxed elementor-section-height-default elementor-section-height-default\" data-id=\"7f33b9f\" data-element_type=\"section\">\n\t\t\t\t\t\t<div class=\"elementor-container elementor-column-gap-default\">\n\t\t\t\t\t\t\t<div class=\"elementor-row\">\n\t\t\t\t\t<div class=\"elementor-column elementor-col-100 elementor-top-column elementor-element elementor-element-7eae1b8\" data-id=\"7eae1b8\" data-element_type=\"column\">\n\t\t\t<div class=\"elementor-column-wrap elementor-element-populated\">\n\t\t\t\t\t\t\t<div class=\"elementor-widget-wrap\">\n\t\t\t\t\t\t<div class=\"elementor-element elementor-element-27413a2 elementor-widget elementor-widget-text-editor\" data-id=\"27413a2\" data-element_type=\"widget\" data-widget_type=\"text-editor.default\">\n\t\t\t\t<div class=\"elementor-widget-container\">\n\t\t\t\t\t\t\t\t<div class=\"elementor-text-editor elementor-clearfix\">\n\t\t\t\t<p>La Casa Museo Gaud\u00ed es la casa donde vivi\u00f3 Gaud\u00ed de 1906 a 1925, es decir, su residencia personal durante casi 20 a\u00f1os. Se encuentra dentro del Park G\u00fcell y contiene una colecci\u00f3n de objetos y muebles dise\u00f1ados por el propio Gaud\u00ed. Se inaugur\u00f3 como una casa museo el 28 de septiembre de 1963 y est\u00e1 abierta para visitantes mediante una entrada especial que pueden adquirir online antes de su visita.<\/p>\t\t\t\t\t<\/div>\n\t\t\t\t\t\t<\/div>\n\t\t\t\t<\/div>\n\t\t\t\t\t\t<\/div>\n\t\t\t\t\t<\/div>\n\t\t<\/div>\n\t\t\t\t\t\t\t\t<\/div>\n\t\t\t\t\t<\/div>\n\t\t<\/section>\n\t\t\t\t<section class=\"elementor-section elementor-top-section elementor-element elementor-element-af7a0a3 elementor-section-content-middle elementor-reverse-tablet elementor-reverse-mobile elementor-section-boxed elementor-section-height-default elementor-section-height-default\" data-id=\"af7a0a3\" data-element_type=\"section\">\n\t\t\t\t\t\t<div class=\"elementor-container elementor-column-gap-default\">\n\t\t\t\t\t\t\t<div class=\"elementor-row\">\n\t\t\t\t\t<div class=\"elementor-column elementor-col-50 elementor-top-column elementor-element elementor-element-e727a9c\" data-id=\"e727a9c\" data-element_type=\"column\">\n\t\t\t<div class=\"elementor-column-wrap elementor-element-populated\">\n\t\t\t\t\t\t\t<div class=\"elementor-widget-wrap\">\n\t\t\t\t\t\t<div class=\"elementor-element elementor-element-4be4f00 elementor-widget elementor-widget-heading\" data-id=\"4be4f00\" data-element_type=\"widget\" data-widget_type=\"heading.default\">\n\t\t\t\t<div class=\"elementor-widget-container\">\n\t\t\t<h2 class=\"elementor-heading-title elementor-size-default\">Casa de Gaud\u00ed<\/h2>\t\t<\/div>\n\t\t\t\t<\/div>\n\t\t\t\t<div class=\"elementor-element elementor-element-41e841d elementor-widget-divider--view-line elementor-widget elementor-widget-divider\" data-id=\"41e841d\" data-element_type=\"widget\" data-widget_type=\"divider.default\">\n\t\t\t\t<div class=\"elementor-widget-container\">\n\t\t\t\t\t<div class=\"elementor-divider\">\n\t\t\t<span class=\"elementor-divider-separator\">\n\t\t\t\t\t\t<\/span>\n\t\t<\/div>\n\t\t\t\t<\/div>\n\t\t\t\t<\/div>\n\t\t\t\t<div class=\"elementor-element elementor-element-d43ab7b elementor-widget elementor-widget-text-editor\" data-id=\"d43ab7b\" data-element_type=\"widget\" data-widget_type=\"text-editor.default\">\n\t\t\t\t<div class=\"elementor-widget-container\">\n\t\t\t\t\t\t\t\t<div class=\"elementor-text-editor elementor-clearfix\">\n\t\t\t\t<p>En 1906, Gaud\u00ed se mud\u00f3 a esta casa ubicada dentro del Park G\u00fcell junto a su padre, Francesc Gaud\u00ed i Sierra, y posteriormente con su sobrina, Rosa Egea i Gaud\u00ed. M\u00e1s tarde ese a\u00f1o falleci\u00f3 su padre y seis a\u00f1os m\u00e1s tarde, en 1912, tambi\u00e9n falleci\u00f3 su sobrina. Despu\u00e9s de ambas p\u00e9rdidas, Gaud\u00ed vivi\u00f3 solo; durante su estancia all\u00ed, sus vecinos fueron las familias G\u00fcell y Trias.<\/p><p>Durante las pr\u00f3ximas d\u00e9cadas, esta fue la residencia de Gaud\u00ed, que continu\u00f3 trabajando desde all\u00ed en sus proyectos m\u00e1s importantes, incluida la Sagrada Fam\u00edlia, a la que le dedic\u00f3 su tiempo exclusivamente a partir de 1914. En 1925, Gaud\u00ed se traslad\u00f3 al taller de la Sagrada Fam\u00edlia para estar m\u00e1s cerca de la construcci\u00f3n. Dada la importancia hist\u00f3rica de la casa para entender al genio y a su obra (adem\u00e1s de su ubicaci\u00f3n privilegiada), se inaugur\u00f3 como casa museo en 1963.<\/p><p>Antoni Gaud\u00ed vivi\u00f3 en la casa modelo durante unos 20 a\u00f1os, mientras segu\u00eda trabajando en sus proyectos m\u00e1s importantes y, a partir de 1914, se dedic\u00f3 exclusivamente a la construcci\u00f3n de la Sagrada Fam\u00edlia. Posteriormente, en 1925, Gaud\u00ed se traslad\u00f3 al taller de la Sagrada Fam\u00edlia para estar m\u00e1s cerca de la construcci\u00f3n. En 1963 se inaugur\u00f3 como casa museo hist\u00f3rica.<\/p>\t\t\t\t\t<\/div>\n\t\t\t\t\t\t<\/div>\n\t\t\t\t<\/div>\n\t\t\t\t\t\t<\/div>\n\t\t\t\t\t<\/div>\n\t\t<\/div>\n\t\t\t\t<div class=\"elementor-column elementor-col-50 elementor-top-column elementor-element elementor-element-713cc9c\" data-id=\"713cc9c\" data-element_type=\"column\">\n\t\t\t<div class=\"elementor-column-wrap elementor-element-populated\">\n\t\t\t\t\t\t\t<div class=\"elementor-widget-wrap\">\n\t\t\t\t\t\t<div class=\"elementor-element elementor-element-13b5396 elementor-widget elementor-widget-image\" data-id=\"13b5396\" data-element_type=\"widget\" data-widget_type=\"image.default\">\n\t\t\t\t<div class=\"elementor-widget-container\">\n\t\t\t\t\t\t\t\t<div class=\"elementor-image\">\n\t\t\t\t\t\t\t\t\t\t\t\t<img width=\"563\" height=\"511\" src=\"https:\/\/sagradafamilia-tickets.com\/wp-content\/uploads\/2020\/07\/gaudi1.jpg\" class=\"attachment-large size-large wp-image-3882\" alt=\"Antoni Gaudi&#039;s house is located in Park Guell\" loading=\"lazy\" srcset=\"https:\/\/sagradafamilia-tickets.com\/wp-content\/uploads\/2020\/07\/gaudi1.jpg 563w, https:\/\/sagradafamilia-tickets.com\/wp-content\/uploads\/2020\/07\/gaudi1-300x272.jpg 300w\" sizes=\"(max-width: 563px) 100vw, 563px\" \/>\t\t\t\t\t\t\t\t\t\t\t\t\t\t<\/div>\n\t\t\t\t\t\t<\/div>\n\t\t\t\t<\/div>\n\t\t\t\t\t\t<\/div>\n\t\t\t\t\t<\/div>\n\t\t<\/div>\n\t\t\t\t\t\t\t\t<\/div>\n\t\t\t\t\t<\/div>\n\t\t<\/section>\n\t\t\t\t<section class=\"elementor-section elementor-top-section elementor-element elementor-element-0cf5462 elementor-section-content-middle elementor-reverse-tablet elementor-reverse-mobile elementor-section-boxed elementor-section-height-default elementor-section-height-default\" data-id=\"0cf5462\" data-element_type=\"section\">\n\t\t\t\t\t\t<div class=\"elementor-container elementor-column-gap-default\">\n\t\t\t\t\t\t\t<div class=\"elementor-row\">\n\t\t\t\t\t<div class=\"elementor-column elementor-col-50 elementor-top-column elementor-element elementor-element-fe2858f\" data-id=\"fe2858f\" data-element_type=\"column\">\n\t\t\t<div class=\"elementor-column-wrap elementor-element-populated\">\n\t\t\t\t\t\t\t<div class=\"elementor-widget-wrap\">\n\t\t\t\t\t\t<div class=\"elementor-element elementor-element-ce863e0 elementor-widget elementor-widget-image\" data-id=\"ce863e0\" data-element_type=\"widget\" data-widget_type=\"image.default\">\n\t\t\t\t<div class=\"elementor-widget-container\">\n\t\t\t\t\t\t\t\t<div class=\"elementor-image\">\n\t\t\t\t\t\t\t\t\t\t\t\t<img width=\"570\" height=\"647\" src=\"https:\/\/sagradafamilia-tickets.com\/wp-content\/uploads\/2020\/07\/model.jpg\" class=\"attachment-large size-large wp-image-3885\" alt=\"3D modeling of the Sagrada Familia\" loading=\"lazy\" srcset=\"https:\/\/sagradafamilia-tickets.com\/wp-content\/uploads\/2020\/07\/model.jpg 570w, https:\/\/sagradafamilia-tickets.com\/wp-content\/uploads\/2020\/07\/model-264x300.jpg 264w\" sizes=\"(max-width: 570px) 100vw, 570px\" \/>\t\t\t\t\t\t\t\t\t\t\t\t\t\t<\/div>\n\t\t\t\t\t\t<\/div>\n\t\t\t\t<\/div>\n\t\t\t\t\t\t<\/div>\n\t\t\t\t\t<\/div>\n\t\t<\/div>\n\t\t\t\t<div class=\"elementor-column elementor-col-50 elementor-top-column elementor-element elementor-element-21ba569\" data-id=\"21ba569\" data-element_type=\"column\">\n\t\t\t<div class=\"elementor-column-wrap elementor-element-populated\">\n\t\t\t\t\t\t\t<div class=\"elementor-widget-wrap\">\n\t\t\t\t\t\t<div class=\"elementor-element elementor-element-23a2b41 elementor-widget elementor-widget-heading\" data-id=\"23a2b41\" data-element_type=\"widget\" data-widget_type=\"heading.default\">\n\t\t\t\t<div class=\"elementor-widget-container\">\n\t\t\t<h2 class=\"elementor-heading-title elementor-size-default\">Sagrada Fam\u00edlia Modelo<\/h2>\t\t<\/div>\n\t\t\t\t<\/div>\n\t\t\t\t<div class=\"elementor-element elementor-element-b0ff5f6 elementor-widget-divider--view-line elementor-widget elementor-widget-divider\" data-id=\"b0ff5f6\" data-element_type=\"widget\" data-widget_type=\"divider.default\">\n\t\t\t\t<div class=\"elementor-widget-container\">\n\t\t\t\t\t<div class=\"elementor-divider\">\n\t\t\t<span class=\"elementor-divider-separator\">\n\t\t\t\t\t\t<\/span>\n\t\t<\/div>\n\t\t\t\t<\/div>\n\t\t\t\t<\/div>\n\t\t\t\t<div class=\"elementor-element elementor-element-3595f94 elementor-widget elementor-widget-text-editor\" data-id=\"3595f94\" data-element_type=\"widget\" data-widget_type=\"text-editor.default\">\n\t\t\t\t<div class=\"elementor-widget-container\">\n\t\t\t\t\t\t\t\t<div class=\"elementor-text-editor elementor-clearfix\">\n\t\t\t\t<p>Gaud\u00ed prefer\u00eda modelar la arquitectura a dibujarla; especialmente modelos hechos con cadenas que colgaban del techo, o cuerdas con peque\u00f1as pesas atadas a ellas. El proceso de experimentaci\u00f3n con tales modelos le llev\u00f3 a descubrir una forma de utilizar las t\u00e9cnicas tradicionales catalanas de alba\u00f1iler\u00eda de maneras nuevas y m\u00e1s complejas. Una cadena suspendida por ambos extremos da lugar a una curva catenaria que distribuye la carga est\u00e1tica de forma natural -la tensi\u00f3n, en este caso- y uniforme entre los eslabones de la cadena. Gaud\u00ed aplic\u00f3 esta analog\u00eda tensi\u00f3n-compresi\u00f3n a las cadenas colgadas de forma asim\u00e9trica, lo que le permiti\u00f3 dise\u00f1ar una arquitectura mucho m\u00e1s fluida.\u00a0<\/p><p>Se sabe que Gaud\u00ed dibuj\u00f3 el contorno del templo que estaba dise\u00f1ando en un tablero de madera, a escala 1:10, que luego fij\u00f3 al techo. Colgaba cuerdas en los puntos donde se colocar\u00edan las columnas. Luego, colocaba peque\u00f1os sacos llenos de bolitas en cada uno de los arcos catenarios formados por las cuerdas. Fotografiaba la maqueta desde varios \u00e1ngulos hasta llegar a la forma exacta de la estructura de la iglesia, sabiendo por la maqueta exactamente d\u00f3nde ir\u00edan las columnas. La maqueta original est\u00e1 expuesta en Barcelona.<\/p>\t\t\t\t\t<\/div>\n\t\t\t\t\t\t<\/div>\n\t\t\t\t<\/div>\n\t\t\t\t\t\t<\/div>\n\t\t\t\t\t<\/div>\n\t\t<\/div>\n\t\t\t\t\t\t\t\t<\/div>\n\t\t\t\t\t<\/div>\n\t\t<\/section>\n\t\t\t\t<section class=\"elementor-section elementor-top-section elementor-element elementor-element-0fb4850 elementor-section-content-middle elementor-reverse-tablet elementor-reverse-mobile elementor-section-boxed elementor-section-height-default elementor-section-height-default\" data-id=\"0fb4850\" data-element_type=\"section\">\n\t\t\t\t\t\t<div class=\"elementor-container elementor-column-gap-default\">\n\t\t\t\t\t\t\t<div class=\"elementor-row\">\n\t\t\t\t\t<div class=\"elementor-column elementor-col-50 elementor-top-column elementor-element elementor-element-ab3855e\" data-id=\"ab3855e\" data-element_type=\"column\">\n\t\t\t<div class=\"elementor-column-wrap elementor-element-populated\">\n\t\t\t\t\t\t\t<div class=\"elementor-widget-wrap\">\n\t\t\t\t\t\t<div class=\"elementor-element elementor-element-1927fb5 elementor-widget elementor-widget-heading\" data-id=\"1927fb5\" data-element_type=\"widget\" data-widget_type=\"heading.default\">\n\t\t\t\t<div class=\"elementor-widget-container\">\n\t\t\t<h2 class=\"elementor-heading-title elementor-size-default\">Historia de la casa de Gaud\u00ed<\/h2>\t\t<\/div>\n\t\t\t\t<\/div>\n\t\t\t\t<div class=\"elementor-element elementor-element-9b88bc5 elementor-widget-divider--view-line elementor-widget elementor-widget-divider\" data-id=\"9b88bc5\" data-element_type=\"widget\" data-widget_type=\"divider.default\">\n\t\t\t\t<div class=\"elementor-widget-container\">\n\t\t\t\t\t<div class=\"elementor-divider\">\n\t\t\t<span class=\"elementor-divider-separator\">\n\t\t\t\t\t\t<\/span>\n\t\t<\/div>\n\t\t\t\t<\/div>\n\t\t\t\t<\/div>\n\t\t\t\t<div class=\"elementor-element elementor-element-92006a2 elementor-widget elementor-widget-text-editor\" data-id=\"92006a2\" data-element_type=\"widget\" data-widget_type=\"text-editor.default\">\n\t\t\t\t<div class=\"elementor-widget-container\">\n\t\t\t\t\t\t\t\t<div class=\"elementor-text-editor elementor-clearfix\">\n\t\t\t\t<p>A finales del siglo XIX, el magnate industrial Eusebi G\u00fcell i Bacigalupi regres\u00f3 a Barcelona tras una estancia en Inglaterra, con la intenci\u00f3n de construir una ciudad jard\u00edn para la \u00e9lite catalana en los terrenos de la finca Can Muntaner de Dalt, que hab\u00eda adquirido en 1899. G\u00fcell encarg\u00f3 el proyecto a Antoni Gaud\u00ed, con la visi\u00f3n de tener sesenta casas con jardines y todos los servicios necesarios.<\/p><p>El proyecto no se complet\u00f3 porque las obras se detuvieron en 1914. S\u00f3lo se construyeron dos de las casas de todo el conjunto previsto: la Casa del doctor Trias i Dom\u00e8necech, y lo que hoy es la Casa Museo Gaud\u00ed, que entonces serv\u00eda de atractivo para los potenciales compradores de terrenos. El inmueble modelo fue dise\u00f1ado por el arquitecto Francesc Berenguer i Mestres, construido por el contratista Josep Casanovas i Pardo y firmado por el propio Gaud\u00ed, entre 1903 y 1905. Gaud\u00ed compr\u00f3 la casa y vivi\u00f3 all\u00ed con su padre y su sobrina. Ambos fallecieron en los a\u00f1os siguientes a su compra y Gaud\u00ed permaneci\u00f3 viviendo all\u00ed hasta 1925, cuando se traslad\u00f3 al taller de la Sagrada Fam\u00edlia unos meses antes de su muerte, en 1926.<\/p>\t\t\t\t\t<\/div>\n\t\t\t\t\t\t<\/div>\n\t\t\t\t<\/div>\n\t\t\t\t\t\t<\/div>\n\t\t\t\t\t<\/div>\n\t\t<\/div>\n\t\t\t\t<div class=\"elementor-column elementor-col-50 elementor-top-column elementor-element elementor-element-4136949\" data-id=\"4136949\" data-element_type=\"column\">\n\t\t\t<div class=\"elementor-column-wrap elementor-element-populated\">\n\t\t\t\t\t\t\t<div class=\"elementor-widget-wrap\">\n\t\t\t\t\t\t<div class=\"elementor-element elementor-element-1a1e1aa elementor-widget elementor-widget-image\" data-id=\"1a1e1aa\" data-element_type=\"widget\" data-widget_type=\"image.default\">\n\t\t\t\t<div class=\"elementor-widget-container\">\n\t\t\t\t\t\t\t\t<div class=\"elementor-image\">\n\t\t\t\t\t\t\t\t\t\t\t\t<img width=\"570\" height=\"622\" src=\"https:\/\/sagradafamilia-tickets.com\/wp-content\/uploads\/2020\/07\/house-history.jpg\" class=\"attachment-large size-large wp-image-3886\" alt=\"Eusebi Guell had the idea of creating Park Guell\" loading=\"lazy\" srcset=\"https:\/\/sagradafamilia-tickets.com\/wp-content\/uploads\/2020\/07\/house-history.jpg 570w, https:\/\/sagradafamilia-tickets.com\/wp-content\/uploads\/2020\/07\/house-history-275x300.jpg 275w\" sizes=\"(max-width: 570px) 100vw, 570px\" \/>\t\t\t\t\t\t\t\t\t\t\t\t\t\t<\/div>\n\t\t\t\t\t\t<\/div>\n\t\t\t\t<\/div>\n\t\t\t\t\t\t<\/div>\n\t\t\t\t\t<\/div>\n\t\t<\/div>\n\t\t\t\t\t\t\t\t<\/div>\n\t\t\t\t\t<\/div>\n\t\t<\/section>\n\t\t\t\t<section class=\"elementor-section elementor-top-section elementor-element elementor-element-81ebadf elementor-section-content-middle elementor-reverse-tablet elementor-reverse-mobile elementor-section-boxed elementor-section-height-default elementor-section-height-default\" data-id=\"81ebadf\" data-element_type=\"section\">\n\t\t\t\t\t\t<div class=\"elementor-container elementor-column-gap-default\">\n\t\t\t\t\t\t\t<div class=\"elementor-row\">\n\t\t\t\t\t<div class=\"elementor-column elementor-col-50 elementor-top-column elementor-element elementor-element-a32e4a0\" data-id=\"a32e4a0\" data-element_type=\"column\">\n\t\t\t<div class=\"elementor-column-wrap elementor-element-populated\">\n\t\t\t\t\t\t\t<div class=\"elementor-widget-wrap\">\n\t\t\t\t\t\t<div class=\"elementor-element elementor-element-5ffb50f elementor-widget elementor-widget-heading\" data-id=\"5ffb50f\" data-element_type=\"widget\" data-widget_type=\"heading.default\">\n\t\t\t\t<div class=\"elementor-widget-container\">\n\t\t\t<h2 class=\"elementor-heading-title elementor-size-default\">Interior de la casa de Gaud\u00ed<\/h2>\t\t<\/div>\n\t\t\t\t<\/div>\n\t\t\t\t<div class=\"elementor-element elementor-element-69689f2 elementor-widget-divider--view-line elementor-widget elementor-widget-divider\" data-id=\"69689f2\" data-element_type=\"widget\" data-widget_type=\"divider.default\">\n\t\t\t\t<div class=\"elementor-widget-container\">\n\t\t\t\t\t<div class=\"elementor-divider\">\n\t\t\t<span class=\"elementor-divider-separator\">\n\t\t\t\t\t\t<\/span>\n\t\t<\/div>\n\t\t\t\t<\/div>\n\t\t\t\t<\/div>\n\t\t\t\t<div class=\"elementor-element elementor-element-5c9c0b1 elementor-widget elementor-widget-text-editor\" data-id=\"5c9c0b1\" data-element_type=\"widget\" data-widget_type=\"text-editor.default\">\n\t\t\t\t<div class=\"elementor-widget-container\">\n\t\t\t\t\t\t\t\t<div class=\"elementor-text-editor elementor-clearfix\">\n\t\t\t\t<p>Tras la muerte de Gaud\u00ed el 10 de junio de 1926, se puso a la venta su residencia en el Park G\u00fcell y ese mismo a\u00f1o la compr\u00f3 una pareja de italianos, Francesc Chiappo Arietti y su esposa Josefina Sala Barucchi, quienes se mudaron de inmediato. La pareja era admiradora de la obra de Gaud\u00ed y r\u00e1pidamente la bautizaron como Casa Gaud\u00ed. El 28 de septiembre de 1963 abri\u00f3 sus puertas al p\u00fablico como Casa Museo Gaud\u00ed.<\/p>\n<p>El edificio tiene cuatro plantas: la baja y la primera muestran la colecci\u00f3n abierta al p\u00fablico; el s\u00f3tano no es accesible para los visitantes y el segundo piso contiene la Biblioteca Enric Casanelles, a la que se puede acceder con permiso previo.<\/p>\n<p>La colecci\u00f3n est\u00e1 organizada para emular la \u00e9poca en la que Gaud\u00ed vivi\u00f3 en la casa, algo que es m\u00e1s palpable en lugares como el dormitorio, el estudio o la puerta interior, donde pueden verse algunas de las pertenencias personales del arquitecto. Hay elementos de hierro forjado tambi\u00e9n dise\u00f1ados por Gaud\u00ed expuestos en el jard\u00edn y se consideran los elementos m\u00e1s valiosos de toda la colecci\u00f3n, que tambi\u00e9n incluye muebles, esculturas, dibujos, pinturas y otros elementos de los compa\u00f1eros de trabajo de Gaud\u00ed que tambi\u00e9n se exhiben en varias salas del museo.<\/p>\t\t\t\t\t<\/div>\n\t\t\t\t\t\t<\/div>\n\t\t\t\t<\/div>\n\t\t\t\t\t\t<\/div>\n\t\t\t\t\t<\/div>\n\t\t<\/div>\n\t\t\t\t<div class=\"elementor-column elementor-col-50 elementor-top-column elementor-element elementor-element-d954b52\" data-id=\"d954b52\" data-element_type=\"column\">\n\t\t\t<div class=\"elementor-column-wrap elementor-element-populated\">\n\t\t\t\t\t\t\t<div class=\"elementor-widget-wrap\">\n\t\t\t\t\t\t<div class=\"elementor-element elementor-element-4740f37 elementor-widget elementor-widget-image\" data-id=\"4740f37\" data-element_type=\"widget\" data-widget_type=\"image.default\">\n\t\t\t\t<div class=\"elementor-widget-container\">\n\t\t\t\t\t\t\t\t<div class=\"elementor-image\">\n\t\t\t\t\t\t\t\t\t\t\t\t<img width=\"566\" height=\"758\" src=\"https:\/\/sagradafamilia-tickets.com\/wp-content\/uploads\/2020\/07\/inside-gaudi-house.jpg\" class=\"attachment-large size-large wp-image-3888\" alt=\"Gaudi&#039;s house in the park guell\" loading=\"lazy\" srcset=\"https:\/\/sagradafamilia-tickets.com\/wp-content\/uploads\/2020\/07\/inside-gaudi-house.jpg 566w, https:\/\/sagradafamilia-tickets.com\/wp-content\/uploads\/2020\/07\/inside-gaudi-house-224x300.jpg 224w\" sizes=\"(max-width: 566px) 100vw, 566px\" \/>\t\t\t\t\t\t\t\t\t\t\t\t\t\t<\/div>\n\t\t\t\t\t\t<\/div>\n\t\t\t\t<\/div>\n\t\t\t\t\t\t<\/div>\n\t\t\t\t\t<\/div>\n\t\t<\/div>\n\t\t\t\t\t\t\t\t<\/div>\n\t\t\t\t\t<\/div>\n\t\t<\/section>\n\t\t\t\t\t\t\t\t\t<\/div>\n\t\t\t<\/div>\n\t\t\t\t\t<\/div>\n\t\t","protected":false},"excerpt":{"rendered":"<p>Casa Museo Gaud\u00ed COVID-19: Para garantizar la salud de todos, la Sagrada Fam\u00edlia est\u00e1 aplicando todas las medidas de salud establecidas por el Ministerio de Sanidad espa\u00f1ol. Consulte aqu\u00ed las normas a cumplir para los visitantes. La Casa Museo Gaud\u00ed es la casa donde vivi\u00f3 Gaud\u00ed de 1906 a 1925, es decir, su residencia personal &hellip;<\/p>\n<p class=\"read-more\"> <a class=\"\" href=\"https:\/\/sagradafamilia-tickets.com\/es\/casa-museo-gaudi\/\"> <span class=\"screen-reader-text\">La Casa Museo Gaud\u00ed<\/span> Leer m\u00e1s &raquo;<\/a><\/p>\n","protected":false},"author":3,"featured_media":0,"parent":0,"menu_order":0,"comment_status":"closed","ping_status":"closed","template":"","meta":{"site-sidebar-layout":"no-sidebar","site-content-layout":"page-builder","ast-global-header-display":"","ast-main-header-display":"","ast-hfb-above-header-display":"","ast-hfb-below-header-display":"","ast-hfb-mobile-header-display":"","site-post-title":"disabled","ast-breadcrumbs-content":"","ast-featured-img":"disabled","footer-sml-layout":"","theme-transparent-header-meta":"default","adv-header-id-meta":"","stick-header-meta":"","header-above-stick-meta":"","header-main-stick-meta":"","header-below-stick-meta":""},"yoast_head":"<!-- This site is optimized with the Yoast SEO plugin v20.4 - https:\/\/yoast.com\/wordpress\/plugins\/seo\/ -->\n<title>La Casa Museo Gaud\u00ed - Sagrada Familia Barcelona<\/title>\n<meta name=\"description\" content=\"Gaud\u00ed vivi\u00f3 durante 20 a\u00f1os en esta casa situada en el Park G\u00fcell. No dejes de descubrir la Casa Museo Gaud\u00ed. Encuentra aqu\u00ed m\u00e1s informaci\u00f3n.\" \/>\n<meta name=\"robots\" content=\"noindex, follow, max-snippet:-1, max-image-preview:large, max-video-preview:-1\" \/>\n<meta property=\"og:locale\" content=\"es_ES\" \/>\n<meta property=\"og:type\" content=\"article\" \/>\n<meta property=\"og:title\" content=\"La Casa Museo Gaud\u00ed - Sagrada Familia Barcelona\" \/>\n<meta property=\"og:description\" content=\"Gaud\u00ed vivi\u00f3 durante 20 a\u00f1os en esta casa situada en el Park G\u00fcell. No dejes de descubrir la Casa Museo Gaud\u00ed. Encuentra aqu\u00ed m\u00e1s informaci\u00f3n.\" \/>\n<meta property=\"og:url\" content=\"https:\/\/sagradafamilia-tickets.com\/gaudi-house-museum\/\" \/>\n<meta property=\"og:site_name\" content=\"Sagrada Familia Barcelona\" \/>\n<meta property=\"article:modified_time\" content=\"2023-01-04T16:17:10+00:00\" \/>\n<meta property=\"og:image\" content=\"https:\/\/sagradafamilia-tickets.com\/wp-content\/uploads\/2020\/07\/gaudi1.jpg\" \/>\n<meta name=\"twitter:card\" content=\"summary_large_image\" \/>\n<meta name=\"twitter:label1\" content=\"Tiempo de lectura\" \/>\n\t<meta name=\"twitter:data1\" content=\"6 minutos\" \/>\n<script type=\"application\/ld+json\" class=\"yoast-schema-graph\">{\"@context\":\"https:\/\/schema.org\",\"@graph\":[{\"@type\":\"WebPage\",\"@id\":\"https:\/\/sagradafamilia-tickets.com\/gaudi-house-museum\/\",\"url\":\"https:\/\/sagradafamilia-tickets.com\/gaudi-house-museum\/\",\"name\":\"La Casa Museo Gaud\u00ed - Sagrada Familia Barcelona\",\"isPartOf\":{\"@id\":\"https:\/\/sagradafamilia-tickets.com\/#website\"},\"datePublished\":\"2020-07-08T17:09:42+00:00\",\"dateModified\":\"2023-01-04T16:17:10+00:00\",\"description\":\"Gaud\u00ed vivi\u00f3 durante 20 a\u00f1os en esta casa situada en el Park G\u00fcell. No dejes de descubrir la Casa Museo Gaud\u00ed. Encuentra aqu\u00ed m\u00e1s informaci\u00f3n.\",\"breadcrumb\":{\"@id\":\"https:\/\/sagradafamilia-tickets.com\/gaudi-house-museum\/#breadcrumb\"},\"inLanguage\":\"es\",\"potentialAction\":[{\"@type\":\"ReadAction\",\"target\":[\"https:\/\/sagradafamilia-tickets.com\/gaudi-house-museum\/\"]}]},{\"@type\":\"BreadcrumbList\",\"@id\":\"https:\/\/sagradafamilia-tickets.com\/gaudi-house-museum\/#breadcrumb\",\"itemListElement\":[{\"@type\":\"ListItem\",\"position\":1,\"name\":\"Home\",\"item\":\"https:\/\/sagradafamilia-tickets.com\/\"},{\"@type\":\"ListItem\",\"position\":2,\"name\":\"La Casa Museo Gaud\u00ed\"}]},{\"@type\":\"WebSite\",\"@id\":\"https:\/\/sagradafamilia-tickets.com\/#website\",\"url\":\"https:\/\/sagradafamilia-tickets.com\/\",\"name\":\"Sagrada Familia Barcelona\",\"description\":\"Book Your Tickets &amp; Tours\",\"publisher\":{\"@id\":\"https:\/\/sagradafamilia-tickets.com\/#organization\"},\"potentialAction\":[{\"@type\":\"SearchAction\",\"target\":{\"@type\":\"EntryPoint\",\"urlTemplate\":\"https:\/\/sagradafamilia-tickets.com\/?s={search_term_string}\"},\"query-input\":\"required name=search_term_string\"}],\"inLanguage\":\"es\"},{\"@type\":\"Organization\",\"@id\":\"https:\/\/sagradafamilia-tickets.com\/#organization\",\"name\":\"Sagrada Familia Barcelona\",\"url\":\"https:\/\/sagradafamilia-tickets.com\/\",\"logo\":{\"@type\":\"ImageObject\",\"inLanguage\":\"es\",\"@id\":\"https:\/\/sagradafamilia-tickets.com\/#\/schema\/logo\/image\/\",\"url\":\"https:\/\/sagradafamilia-tickets.com\/wp-content\/uploads\/2022\/08\/Sagrada-Familia-Tick.png\",\"contentUrl\":\"https:\/\/sagradafamilia-tickets.com\/wp-content\/uploads\/2022\/08\/Sagrada-Familia-Tick.png\",\"width\":526,\"height\":50,\"caption\":\"Sagrada Familia Barcelona\"},\"image\":{\"@id\":\"https:\/\/sagradafamilia-tickets.com\/#\/schema\/logo\/image\/\"}}]}<\/script>\n<!-- \/ Yoast SEO plugin. -->","yoast_head_json":{"title":"La Casa Museo Gaud\u00ed - Sagrada Familia Barcelona","description":"Gaud\u00ed vivi\u00f3 durante 20 a\u00f1os en esta casa situada en el Park G\u00fcell. No dejes de descubrir la Casa Museo Gaud\u00ed. Encuentra aqu\u00ed m\u00e1s informaci\u00f3n.","robots":{"index":"noindex","follow":"follow","max-snippet":"max-snippet:-1","max-image-preview":"max-image-preview:large","max-video-preview":"max-video-preview:-1"},"og_locale":"es_ES","og_type":"article","og_title":"La Casa Museo Gaud\u00ed - Sagrada Familia Barcelona","og_description":"Gaud\u00ed vivi\u00f3 durante 20 a\u00f1os en esta casa situada en el Park G\u00fcell. No dejes de descubrir la Casa Museo Gaud\u00ed. Encuentra aqu\u00ed m\u00e1s informaci\u00f3n.","og_url":"https:\/\/sagradafamilia-tickets.com\/gaudi-house-museum\/","og_site_name":"Sagrada Familia Barcelona","article_modified_time":"2023-01-04T16:17:10+00:00","og_image":[{"url":"https:\/\/sagradafamilia-tickets.com\/wp-content\/uploads\/2020\/07\/gaudi1.jpg"}],"twitter_card":"summary_large_image","twitter_misc":{"Tiempo de lectura":"6 minutos"},"schema":{"@context":"https:\/\/schema.org","@graph":[{"@type":"WebPage","@id":"https:\/\/sagradafamilia-tickets.com\/gaudi-house-museum\/","url":"https:\/\/sagradafamilia-tickets.com\/gaudi-house-museum\/","name":"La Casa Museo Gaud\u00ed - Sagrada Familia Barcelona","isPartOf":{"@id":"https:\/\/sagradafamilia-tickets.com\/#website"},"datePublished":"2020-07-08T17:09:42+00:00","dateModified":"2023-01-04T16:17:10+00:00","description":"Gaud\u00ed vivi\u00f3 durante 20 a\u00f1os en esta casa situada en el Park G\u00fcell. No dejes de descubrir la Casa Museo Gaud\u00ed. Encuentra aqu\u00ed m\u00e1s informaci\u00f3n.","breadcrumb":{"@id":"https:\/\/sagradafamilia-tickets.com\/gaudi-house-museum\/#breadcrumb"},"inLanguage":"es","potentialAction":[{"@type":"ReadAction","target":["https:\/\/sagradafamilia-tickets.com\/gaudi-house-museum\/"]}]},{"@type":"BreadcrumbList","@id":"https:\/\/sagradafamilia-tickets.com\/gaudi-house-museum\/#breadcrumb","itemListElement":[{"@type":"ListItem","position":1,"name":"Home","item":"https:\/\/sagradafamilia-tickets.com\/"},{"@type":"ListItem","position":2,"name":"La Casa Museo Gaud\u00ed"}]},{"@type":"WebSite","@id":"https:\/\/sagradafamilia-tickets.com\/#website","url":"https:\/\/sagradafamilia-tickets.com\/","name":"Sagrada Familia Barcelona","description":"Book Your Tickets &amp; Tours","publisher":{"@id":"https:\/\/sagradafamilia-tickets.com\/#organization"},"potentialAction":[{"@type":"SearchAction","target":{"@type":"EntryPoint","urlTemplate":"https:\/\/sagradafamilia-tickets.com\/?s={search_term_string}"},"query-input":"required name=search_term_string"}],"inLanguage":"es"},{"@type":"Organization","@id":"https:\/\/sagradafamilia-tickets.com\/#organization","name":"Sagrada Familia Barcelona","url":"https:\/\/sagradafamilia-tickets.com\/","logo":{"@type":"ImageObject","inLanguage":"es","@id":"https:\/\/sagradafamilia-tickets.com\/#\/schema\/logo\/image\/","url":"https:\/\/sagradafamilia-tickets.com\/wp-content\/uploads\/2022\/08\/Sagrada-Familia-Tick.png","contentUrl":"https:\/\/sagradafamilia-tickets.com\/wp-content\/uploads\/2022\/08\/Sagrada-Familia-Tick.png","width":526,"height":50,"caption":"Sagrada Familia Barcelona"},"image":{"@id":"https:\/\/sagradafamilia-tickets.com\/#\/schema\/logo\/image\/"}}]}},"_links":{"self":[{"href":"https:\/\/sagradafamilia-tickets.com\/es\/wp-json\/wp\/v2\/pages\/3995"}],"collection":[{"href":"https:\/\/sagradafamilia-tickets.com\/es\/wp-json\/wp\/v2\/pages"}],"about":[{"href":"https:\/\/sagradafamilia-tickets.com\/es\/wp-json\/wp\/v2\/types\/page"}],"author":[{"embeddable":true,"href":"https:\/\/sagradafamilia-tickets.com\/es\/wp-json\/wp\/v2\/users\/3"}],"replies":[{"embeddable":true,"href":"https:\/\/sagradafamilia-tickets.com\/es\/wp-json\/wp\/v2\/comments?post=3995"}],"version-history":[{"count":22,"href":"https:\/\/sagradafamilia-tickets.com\/es\/wp-json\/wp\/v2\/pages\/3995\/revisions"}],"predecessor-version":[{"id":52077,"href":"https:\/\/sagradafamilia-tickets.com\/es\/wp-json\/wp\/v2\/pages\/3995\/revisions\/52077"}],"wp:attachment":[{"href":"https:\/\/sagradafamilia-tickets.com\/es\/wp-json\/wp\/v2\/media?parent=3995"}],"curies":[{"name":"wp","href":"https:\/\/api.w.org\/{rel}","templated":true}]}}