{"id":3979,"date":"2020-07-08T15:43:29","date_gmt":"2020-07-08T15:43:29","guid":{"rendered":"https:\/\/sagradafamilia-tickets.com\/visit-sagrada-familia\/towers\/"},"modified":"2023-01-04T16:38:17","modified_gmt":"2023-01-04T15:38:17","slug":"las-torres","status":"publish","type":"page","link":"https:\/\/sagradafamilia-tickets.com\/es\/visita-sagrada-familia\/las-torres\/","title":{"rendered":"Las Torres de la Sagrada Familia"},"content":{"rendered":"\t\t<div data-elementor-type=\"wp-page\" data-elementor-id=\"3979\" class=\"elementor elementor-3979 elementor-3210\">\n\t\t\t\t\t\t<div class=\"elementor-inner\">\n\t\t\t\t<div class=\"elementor-section-wrap\">\n\t\t\t\t\t\t\t\t\t<section class=\"elementor-section elementor-top-section elementor-element elementor-element-608995a0 elementor-section-full_width elementor-section-height-min-height elementor-section-height-default elementor-section-items-middle\" data-id=\"608995a0\" data-element_type=\"section\" data-settings=\"{&quot;background_background&quot;:&quot;classic&quot;}\">\n\t\t\t\t\t\t\t<div class=\"elementor-background-overlay\"><\/div>\n\t\t\t\t\t\t\t<div class=\"elementor-container elementor-column-gap-default\">\n\t\t\t\t\t\t\t<div class=\"elementor-row\">\n\t\t\t\t\t<div class=\"elementor-column elementor-col-100 elementor-top-column elementor-element elementor-element-1df58d95\" data-id=\"1df58d95\" data-element_type=\"column\">\n\t\t\t<div class=\"elementor-column-wrap elementor-element-populated\">\n\t\t\t\t\t\t\t<div class=\"elementor-widget-wrap\">\n\t\t\t\t\t\t<div class=\"elementor-element elementor-element-e9e9e38 elementor-widget elementor-widget-heading\" data-id=\"e9e9e38\" data-element_type=\"widget\" data-widget_type=\"heading.default\">\n\t\t\t\t<div class=\"elementor-widget-container\">\n\t\t\t<h1 class=\"elementor-heading-title elementor-size-default\">Torres de la Sagrada Fam\u00edlia<\/h1>\t\t<\/div>\n\t\t\t\t<\/div>\n\t\t\t\t\t\t<\/div>\n\t\t\t\t\t<\/div>\n\t\t<\/div>\n\t\t\t\t\t\t\t\t<\/div>\n\t\t\t\t\t<\/div>\n\t\t<\/section>\n\t\t\t\t<section class=\"elementor-section elementor-top-section elementor-element elementor-element-79149282 elementor-section-boxed elementor-section-height-default elementor-section-height-default\" data-id=\"79149282\" data-element_type=\"section\" data-settings=\"{&quot;background_background&quot;:&quot;classic&quot;}\">\n\t\t\t\t\t\t<div class=\"elementor-container elementor-column-gap-default\">\n\t\t\t\t\t\t\t<div class=\"elementor-row\">\n\t\t\t\t\t<div class=\"elementor-column elementor-col-100 elementor-top-column elementor-element elementor-element-5328642\" data-id=\"5328642\" data-element_type=\"column\">\n\t\t\t<div class=\"elementor-column-wrap elementor-element-populated\">\n\t\t\t\t\t\t\t<div class=\"elementor-widget-wrap\">\n\t\t\t\t\t\t<div class=\"elementor-element elementor-element-30d28cff elementor-widget elementor-widget-text-editor\" data-id=\"30d28cff\" data-element_type=\"widget\" data-widget_type=\"text-editor.default\">\n\t\t\t\t<div class=\"elementor-widget-container\">\n\t\t\t\t\t\t\t\t<div class=\"elementor-text-editor elementor-clearfix\">\n\t\t\t\t<p><b>COVID-19:<\/b> COVID-19: Para garantizar la salud de todos, la Sagrada Fam\u00edlia est\u00e1 aplicando todas las medidas de salud establecidas por el Ministerio de Sanidad espa\u00f1ol <span style=\"text-decoration: underline;\"><a style=\"color: #ffffff; text-decoration: underline;\" href=\"https:\/\/sagradafamiliaticket.org\/covid-19-safety-measures\/\" rel=\"nofollow\">Consulte aqu\u00ed las normas a cumplir para los visitantes.<\/a><\/span><\/p>\t\t\t\t\t<\/div>\n\t\t\t\t\t\t<\/div>\n\t\t\t\t<\/div>\n\t\t\t\t\t\t<\/div>\n\t\t\t\t\t<\/div>\n\t\t<\/div>\n\t\t\t\t\t\t\t\t<\/div>\n\t\t\t\t\t<\/div>\n\t\t<\/section>\n\t\t\t\t<section class=\"elementor-section elementor-top-section elementor-element elementor-element-c219c46 elementor-section-boxed elementor-section-height-default elementor-section-height-default\" data-id=\"c219c46\" data-element_type=\"section\">\n\t\t\t\t\t\t<div class=\"elementor-container elementor-column-gap-default\">\n\t\t\t\t\t\t\t<div class=\"elementor-row\">\n\t\t\t\t\t<div class=\"elementor-column elementor-col-100 elementor-top-column elementor-element elementor-element-c45b833\" data-id=\"c45b833\" data-element_type=\"column\">\n\t\t\t<div class=\"elementor-column-wrap elementor-element-populated\">\n\t\t\t\t\t\t\t<div class=\"elementor-widget-wrap\">\n\t\t\t\t\t\t<div class=\"elementor-element elementor-element-b54c4d6 elementor-widget elementor-widget-woocommerce-breadcrumb\" data-id=\"b54c4d6\" data-element_type=\"widget\" data-widget_type=\"woocommerce-breadcrumb.default\">\n\t\t\t\t<div class=\"elementor-widget-container\">\n\t\t\t<nav class=\"woocommerce-breadcrumb\">Inicio<\/nav>\t\t<\/div>\n\t\t\t\t<\/div>\n\t\t\t\t\t\t<\/div>\n\t\t\t\t\t<\/div>\n\t\t<\/div>\n\t\t\t\t\t\t\t\t<\/div>\n\t\t\t\t\t<\/div>\n\t\t<\/section>\n\t\t\t\t<section class=\"elementor-section elementor-top-section elementor-element elementor-element-7f33b9f elementor-section-boxed elementor-section-height-default elementor-section-height-default\" data-id=\"7f33b9f\" data-element_type=\"section\">\n\t\t\t\t\t\t<div class=\"elementor-container elementor-column-gap-default\">\n\t\t\t\t\t\t\t<div class=\"elementor-row\">\n\t\t\t\t\t<div class=\"elementor-column elementor-col-100 elementor-top-column elementor-element elementor-element-7eae1b8\" data-id=\"7eae1b8\" data-element_type=\"column\">\n\t\t\t<div class=\"elementor-column-wrap elementor-element-populated\">\n\t\t\t\t\t\t\t<div class=\"elementor-widget-wrap\">\n\t\t\t\t\t\t<div class=\"elementor-element elementor-element-27413a2 elementor-widget elementor-widget-text-editor\" data-id=\"27413a2\" data-element_type=\"widget\" data-widget_type=\"text-editor.default\">\n\t\t\t\t<div class=\"elementor-widget-container\">\n\t\t\t\t\t\t\t\t<div class=\"elementor-text-editor elementor-clearfix\">\n\t\t\t\t<p>La Sagrada Fam\u00edlia fue imaginada por Antoni Gaud\u00ed con un total de 18 torres o agujas, cada una dedicada a una figura religiosa importante. Doce de las torres est\u00e1n hechas en honor a los Doce Ap\u00f3stoles y est\u00e1n distribuidas en las tres fachadas del Templo. Las otras seis torres est\u00e1n dedicadas a los cuatro evangelistas, la Virgen Mar\u00eda y Jesucristo. Hasta la fecha se han completado ocho, y corresponden a los cuatro Ap\u00f3stoles de la Fachada de la Natividad y los cuatro Ap\u00f3stoles de la Fachada de la Pasi\u00f3n. La Fachada Gloria y sus Torres est\u00e1n actualmente en construcci\u00f3n.<\/p>\t\t\t\t\t<\/div>\n\t\t\t\t\t\t<\/div>\n\t\t\t\t<\/div>\n\t\t\t\t\t\t<\/div>\n\t\t\t\t\t<\/div>\n\t\t<\/div>\n\t\t\t\t\t\t\t\t<\/div>\n\t\t\t\t\t<\/div>\n\t\t<\/section>\n\t\t\t\t<section class=\"elementor-section elementor-top-section elementor-element elementor-element-81ebadf elementor-section-content-middle elementor-reverse-tablet elementor-reverse-mobile elementor-section-boxed elementor-section-height-default elementor-section-height-default\" data-id=\"81ebadf\" data-element_type=\"section\">\n\t\t\t\t\t\t<div class=\"elementor-container elementor-column-gap-default\">\n\t\t\t\t\t\t\t<div class=\"elementor-row\">\n\t\t\t\t\t<div class=\"elementor-column elementor-col-50 elementor-top-column elementor-element elementor-element-a32e4a0\" data-id=\"a32e4a0\" data-element_type=\"column\">\n\t\t\t<div class=\"elementor-column-wrap elementor-element-populated\">\n\t\t\t\t\t\t\t<div class=\"elementor-widget-wrap\">\n\t\t\t\t\t\t<div class=\"elementor-element elementor-element-5ffb50f elementor-widget elementor-widget-heading\" data-id=\"5ffb50f\" data-element_type=\"widget\" data-widget_type=\"heading.default\">\n\t\t\t\t<div class=\"elementor-widget-container\">\n\t\t\t<h2 class=\"elementor-heading-title elementor-size-default\">Torres del Nacimiento<\/h2>\t\t<\/div>\n\t\t\t\t<\/div>\n\t\t\t\t<div class=\"elementor-element elementor-element-69689f2 elementor-widget-divider--view-line elementor-widget elementor-widget-divider\" data-id=\"69689f2\" data-element_type=\"widget\" data-widget_type=\"divider.default\">\n\t\t\t\t<div class=\"elementor-widget-container\">\n\t\t\t\t\t<div class=\"elementor-divider\">\n\t\t\t<span class=\"elementor-divider-separator\">\n\t\t\t\t\t\t<\/span>\n\t\t<\/div>\n\t\t\t\t<\/div>\n\t\t\t\t<\/div>\n\t\t\t\t<div class=\"elementor-element elementor-element-d1c1772 elementor-widget elementor-widget-text-editor\" data-id=\"d1c1772\" data-element_type=\"widget\" data-widget_type=\"text-editor.default\">\n\t\t\t\t<div class=\"elementor-widget-container\">\n\t\t\t\t\t\t\t\t<div class=\"elementor-text-editor elementor-clearfix\">\n\t\t\t\t<p>La Fachada de la Natividad es una parte \u00fanica del tempo, pues fue construida bajo la supervisi\u00f3n directa de Gaud\u00ed. Tras su fallecimiento en 1926, la \u00fanica torre que se termin\u00f3 fue la de San Bernab\u00e9. Las otras tres, dedicadas a San Sim\u00f3n, San Judas Tadeo y San Mateo, est\u00e1n bastante avanzadas. Los campanarios: los dos del interior tienen una altura de 107 metros, y los dos del exterior tienen una altura de 98 metros. Este es uno de los elementos principales y m\u00e1s caracter\u00edsticos de la fachada. Son totalmente accesibles a trav\u00e9s de escaleras de caracol, con un espacio vac\u00edo relevante que alcanza la cima. La longitud de todos los campanarios se abre a trav\u00e9s de una especie de persianas que permiten que el sonido de las campanas tubulares se difunda seg\u00fan lo planeado por Gaud\u00ed. La silueta de la parte superior se asemeja al bast\u00f3n de un obispo y, adem\u00e1s, hay otros s\u00edmbolos para admirar: \u00a0el nudo del anillo del obispo y la cruz de oro con las may\u00fasculas del ap\u00f3stol a quien est\u00e1 dedicada cada torre.<\/p>\n\t\t\t\t\t<\/div>\n\t\t\t\t\t\t<\/div>\n\t\t\t\t<\/div>\n\t\t\t\t\t\t<\/div>\n\t\t\t\t\t<\/div>\n\t\t<\/div>\n\t\t\t\t<div class=\"elementor-column elementor-col-50 elementor-top-column elementor-element elementor-element-d954b52\" data-id=\"d954b52\" data-element_type=\"column\">\n\t\t\t<div class=\"elementor-column-wrap elementor-element-populated\">\n\t\t\t\t\t\t\t<div class=\"elementor-widget-wrap\">\n\t\t\t\t\t\t<div class=\"elementor-element elementor-element-4740f37 elementor-widget elementor-widget-image\" data-id=\"4740f37\" data-element_type=\"widget\" data-widget_type=\"image.default\">\n\t\t\t\t<div class=\"elementor-widget-container\">\n\t\t\t\t\t\t\t\t<div class=\"elementor-image\">\n\t\t\t\t\t\t\t\t\t\t\t\t<img width=\"712\" height=\"804\" src=\"https:\/\/sagradafamilia-tickets.com\/wp-content\/uploads\/2020\/07\/15.jpg\" class=\"attachment-large size-large wp-image-3901\" alt=\"\" loading=\"lazy\" srcset=\"https:\/\/sagradafamilia-tickets.com\/wp-content\/uploads\/2020\/07\/15.jpg 712w, https:\/\/sagradafamilia-tickets.com\/wp-content\/uploads\/2020\/07\/15-266x300.jpg 266w, https:\/\/sagradafamilia-tickets.com\/wp-content\/uploads\/2020\/07\/15-600x678.jpg 600w\" sizes=\"(max-width: 712px) 100vw, 712px\" \/>\t\t\t\t\t\t\t\t\t\t\t\t\t\t<\/div>\n\t\t\t\t\t\t<\/div>\n\t\t\t\t<\/div>\n\t\t\t\t\t\t<\/div>\n\t\t\t\t\t<\/div>\n\t\t<\/div>\n\t\t\t\t\t\t\t\t<\/div>\n\t\t\t\t\t<\/div>\n\t\t<\/section>\n\t\t\t\t<section class=\"elementor-section elementor-top-section elementor-element elementor-element-8386e19 elementor-section-content-middle elementor-reverse-tablet elementor-reverse-mobile elementor-section-boxed elementor-section-height-default elementor-section-height-default\" data-id=\"8386e19\" data-element_type=\"section\">\n\t\t\t\t\t\t<div class=\"elementor-container elementor-column-gap-default\">\n\t\t\t\t\t\t\t<div class=\"elementor-row\">\n\t\t\t\t\t<div class=\"elementor-column elementor-col-100 elementor-top-column elementor-element elementor-element-bbe96cb\" data-id=\"bbe96cb\" data-element_type=\"column\">\n\t\t\t<div class=\"elementor-column-wrap elementor-element-populated\">\n\t\t\t\t\t\t\t<div class=\"elementor-widget-wrap\">\n\t\t\t\t\t\t<div class=\"elementor-element elementor-element-6827c6a elementor-widget elementor-widget-text-editor\" data-id=\"6827c6a\" data-element_type=\"widget\" data-widget_type=\"text-editor.default\">\n\t\t\t\t<div class=\"elementor-widget-container\">\n\t\t\t\t\t\t\t\t<div class=\"elementor-text-editor elementor-clearfix\">\n\t\t\t\t<p>Cada una de las torres est\u00e1 dedicada a un ap\u00f3stol, representado en una gran estatua ubicada en el punto justo en el que las torres pasan de una estructura cuadrada a una circular, lo que permite que en los espacios triangulares resultantes se formen balcones que sirven de base y que puedes visitar para disfrutar de excelentes vistas. La Fachada de la Natividad enfrenta el noreste, que es el lugar donde nace el sol y que a su vez representa el nacimiento de Jesucristo. Desde la cima de las torres tendr\u00e1s las mejores vistas del lado este de la ciudad de Barcelona, que incluye las monta\u00f1as y el mar que ba\u00f1a la costa. Tambi\u00e9n podr\u00e1s disfrutar de las impresionantes vistas de las esculturas de las torres pues todas son accesibles para los visitantes y est\u00e1n interconectadas mediante un puente. El acceso es a trav\u00e9s de un ascensor para subir, y para bajar es necesario hacerlo por las escaleras.<\/p>\n\t\t\t\t\t<\/div>\n\t\t\t\t\t\t<\/div>\n\t\t\t\t<\/div>\n\t\t\t\t\t\t<\/div>\n\t\t\t\t\t<\/div>\n\t\t<\/div>\n\t\t\t\t\t\t\t\t<\/div>\n\t\t\t\t\t<\/div>\n\t\t<\/section>\n\t\t\t\t<section class=\"elementor-section elementor-top-section elementor-element elementor-element-b5969c5 elementor-section-content-middle elementor-reverse-tablet elementor-reverse-mobile elementor-section-boxed elementor-section-height-default elementor-section-height-default\" data-id=\"b5969c5\" data-element_type=\"section\">\n\t\t\t\t\t\t<div class=\"elementor-container elementor-column-gap-default\">\n\t\t\t\t\t\t\t<div class=\"elementor-row\">\n\t\t\t\t\t<div class=\"elementor-column elementor-col-50 elementor-top-column elementor-element elementor-element-2b33212\" data-id=\"2b33212\" data-element_type=\"column\">\n\t\t\t<div class=\"elementor-column-wrap elementor-element-populated\">\n\t\t\t\t\t\t\t<div class=\"elementor-widget-wrap\">\n\t\t\t\t\t\t<div class=\"elementor-element elementor-element-32a4675 elementor-widget elementor-widget-image\" data-id=\"32a4675\" data-element_type=\"widget\" data-widget_type=\"image.default\">\n\t\t\t\t<div class=\"elementor-widget-container\">\n\t\t\t\t\t\t\t\t<div class=\"elementor-image\">\n\t\t\t\t\t\t\t\t\t\t\t\t<img width=\"713\" height=\"876\" src=\"https:\/\/sagradafamilia-tickets.com\/wp-content\/uploads\/2020\/07\/16-2.jpg\" class=\"attachment-large size-large wp-image-3913\" alt=\"\" loading=\"lazy\" srcset=\"https:\/\/sagradafamilia-tickets.com\/wp-content\/uploads\/2020\/07\/16-2.jpg 713w, https:\/\/sagradafamilia-tickets.com\/wp-content\/uploads\/2020\/07\/16-2-244x300.jpg 244w, https:\/\/sagradafamilia-tickets.com\/wp-content\/uploads\/2020\/07\/16-2-600x737.jpg 600w\" sizes=\"(max-width: 713px) 100vw, 713px\" \/>\t\t\t\t\t\t\t\t\t\t\t\t\t\t<\/div>\n\t\t\t\t\t\t<\/div>\n\t\t\t\t<\/div>\n\t\t\t\t\t\t<\/div>\n\t\t\t\t\t<\/div>\n\t\t<\/div>\n\t\t\t\t<div class=\"elementor-column elementor-col-50 elementor-top-column elementor-element elementor-element-15f85c1\" data-id=\"15f85c1\" data-element_type=\"column\">\n\t\t\t<div class=\"elementor-column-wrap elementor-element-populated\">\n\t\t\t\t\t\t\t<div class=\"elementor-widget-wrap\">\n\t\t\t\t\t\t<div class=\"elementor-element elementor-element-0ea51a5 elementor-widget elementor-widget-heading\" data-id=\"0ea51a5\" data-element_type=\"widget\" data-widget_type=\"heading.default\">\n\t\t\t\t<div class=\"elementor-widget-container\">\n\t\t\t<h2 class=\"elementor-heading-title elementor-size-default\">Torres de la Fachada de la Pasi\u00f3n<\/h2>\t\t<\/div>\n\t\t\t\t<\/div>\n\t\t\t\t<div class=\"elementor-element elementor-element-82be753 elementor-widget-divider--view-line elementor-widget elementor-widget-divider\" data-id=\"82be753\" data-element_type=\"widget\" data-widget_type=\"divider.default\">\n\t\t\t\t<div class=\"elementor-widget-container\">\n\t\t\t\t\t<div class=\"elementor-divider\">\n\t\t\t<span class=\"elementor-divider-separator\">\n\t\t\t\t\t\t<\/span>\n\t\t<\/div>\n\t\t\t\t<\/div>\n\t\t\t\t<\/div>\n\t\t\t\t<div class=\"elementor-element elementor-element-ee9578c elementor-widget elementor-widget-text-editor\" data-id=\"ee9578c\" data-element_type=\"widget\" data-widget_type=\"text-editor.default\">\n\t\t\t\t<div class=\"elementor-widget-container\">\n\t\t\t\t\t\t\t\t<div class=\"elementor-text-editor elementor-clearfix\">\n\t\t\t\t<p><span style=\"font-size: 16px; font-style: normal; font-weight: 400;\">La Fachada de la Pasi\u00f3n est\u00e1 orientada al oeste y representa el sufrimiento y el dolor de Cristo durante su crucifixi\u00f3n. En cuanto a la decoraci\u00f3n, es lo opuesto a la Fachada del Nacimiento, m\u00e1s cruda y simple. Es la \u00fanica parte de la Sagrada Fam\u00edlia que tiene l\u00edneas rectas y formas geom\u00e9tricas de bordes. Esta fachada representa la pasi\u00f3n y muerte de Jesucristo y la igual de la Natividad, tiene cuatro campanarios dedicados a cuatro ap\u00f3stoles: Santiago, Santo Tom\u00e1s, San Felipe y San Bartolom\u00e9. Los dos centrales tienen una altura de 112 metros y los del exterior 107 metros de altura.\u00a0<\/span><\/p><p><span style=\"font-size: 16px; font-style: normal; font-weight: 400;\">Cada una de las torres est\u00e1 representada por una enorme estatua, situada a un tercio de la altura de su longitud total. Tienen una forma m\u00e1s romboidal, pero a cierta altura se vuelven el\u00edpticas, y son completamente accesibles a trav\u00e9s de escaleras de caracol con un importante espacio vac\u00edo central. Los campanarios en toda su longitud se abren a trav\u00e9s de una especie de persianas que permiten exactamente la difusi\u00f3n sonora planificada por Gaud\u00ed para las campanas tubulares. Las torres de la Fachada de la Pasi\u00f3n son m\u00e1s recientes, comenzaron en 1954 y terminaron en 2018. Hay dos tipos de vistas que puedes disfrutar desde las torres de la Fachada de la Pasi\u00f3n: puedes admirar las esculturas esquel\u00e9ticas en las cuatro torres de la Fachada de la Pasi\u00f3n, y tambi\u00e9n una vista impresionante del Mar Mediterr\u00e1neo que ba\u00f1a la ciudad.\u00a0<\/span><\/p>\t\t\t\t\t<\/div>\n\t\t\t\t\t\t<\/div>\n\t\t\t\t<\/div>\n\t\t\t\t\t\t<\/div>\n\t\t\t\t\t<\/div>\n\t\t<\/div>\n\t\t\t\t\t\t\t\t<\/div>\n\t\t\t\t\t<\/div>\n\t\t<\/section>\n\t\t\t\t<section class=\"elementor-section elementor-top-section elementor-element elementor-element-0fb4850 elementor-section-content-middle elementor-reverse-tablet elementor-reverse-mobile elementor-section-boxed elementor-section-height-default elementor-section-height-default\" data-id=\"0fb4850\" data-element_type=\"section\">\n\t\t\t\t\t\t<div class=\"elementor-container elementor-column-gap-default\">\n\t\t\t\t\t\t\t<div class=\"elementor-row\">\n\t\t\t\t\t<div class=\"elementor-column elementor-col-50 elementor-top-column elementor-element elementor-element-ab3855e\" data-id=\"ab3855e\" data-element_type=\"column\">\n\t\t\t<div class=\"elementor-column-wrap elementor-element-populated\">\n\t\t\t\t\t\t\t<div class=\"elementor-widget-wrap\">\n\t\t\t\t\t\t<div class=\"elementor-element elementor-element-1927fb5 elementor-widget elementor-widget-heading\" data-id=\"1927fb5\" data-element_type=\"widget\" data-widget_type=\"heading.default\">\n\t\t\t\t<div class=\"elementor-widget-container\">\n\t\t\t<h2 class=\"elementor-heading-title elementor-size-default\">Torres centrales<\/h2>\t\t<\/div>\n\t\t\t\t<\/div>\n\t\t\t\t<div class=\"elementor-element elementor-element-9b88bc5 elementor-widget-divider--view-line elementor-widget elementor-widget-divider\" data-id=\"9b88bc5\" data-element_type=\"widget\" data-widget_type=\"divider.default\">\n\t\t\t\t<div class=\"elementor-widget-container\">\n\t\t\t\t\t<div class=\"elementor-divider\">\n\t\t\t<span class=\"elementor-divider-separator\">\n\t\t\t\t\t\t<\/span>\n\t\t<\/div>\n\t\t\t\t<\/div>\n\t\t\t\t<\/div>\n\t\t\t\t<div class=\"elementor-element elementor-element-92006a2 elementor-widget elementor-widget-text-editor\" data-id=\"92006a2\" data-element_type=\"widget\" data-widget_type=\"text-editor.default\">\n\t\t\t\t<div class=\"elementor-widget-container\">\n\t\t\t\t\t\t\t\t<div class=\"elementor-text-editor elementor-clearfix\">\n\t\t\t\t<p>Entre su inicio y el d\u00eda de hoy, la ciudad de Barcelona ha vivido momentos hist\u00f3ricos en sus intentos por terminar la construcci\u00f3n de la Sagrada Fam\u00edlia. En 2019, las Torres Centrales ganaron tanta altura que ahora son m\u00e1s altas que los campanarios que caracterizaron el templo durante tantos a\u00f1os. Esto significa que la imagen ic\u00f3nica que el templo ha representado durante m\u00e1s de un siglo (aquella en que las siluetas de las torres de la Fachada del Nacimiento tocaban el cielo) va quedando atr\u00e1s a medida que avanza la construcci\u00f3n del edificio, ya que se espera que las seis Torres Centrales alcancen hasta 172.50 metros en 2022. Las Torres Centrales representan lo siguiente: Jesucristo en el centro, la Virgen Mar\u00eda y los cuatro evangelistas a su alrededor. Los cuatro evangelistas fueron los autores de los Evangelios, que son los textos que describen la vida ejemplar de Jesucristo. Los cuatro evangelios de la Biblia fueron escritos por Mateo, Marcos, Lucas y Juan, el primero y el \u00faltimo fueron disc\u00edpulos directos de Jes\u00fas. Por eso los evangelistas son muy importantes ya que representan, hasta cierto punto, la palabra de Dios. Estas torres alcanzar\u00e1n los 125 metros de altura.<\/p>\t\t\t\t\t<\/div>\n\t\t\t\t\t\t<\/div>\n\t\t\t\t<\/div>\n\t\t\t\t\t\t<\/div>\n\t\t\t\t\t<\/div>\n\t\t<\/div>\n\t\t\t\t<div class=\"elementor-column elementor-col-50 elementor-top-column elementor-element elementor-element-4136949\" data-id=\"4136949\" data-element_type=\"column\">\n\t\t\t<div class=\"elementor-column-wrap elementor-element-populated\">\n\t\t\t\t\t\t\t<div class=\"elementor-widget-wrap\">\n\t\t\t\t\t\t<div class=\"elementor-element elementor-element-1a1e1aa elementor-widget elementor-widget-image\" data-id=\"1a1e1aa\" data-element_type=\"widget\" data-widget_type=\"image.default\">\n\t\t\t\t<div class=\"elementor-widget-container\">\n\t\t\t\t\t\t\t\t<div class=\"elementor-image\">\n\t\t\t\t\t\t\t\t\t\t\t\t<img width=\"710\" height=\"837\" src=\"https:\/\/sagradafamilia-tickets.com\/wp-content\/uploads\/2020\/07\/17.jpg\" class=\"attachment-large size-large wp-image-3903\" alt=\"\" loading=\"lazy\" srcset=\"https:\/\/sagradafamilia-tickets.com\/wp-content\/uploads\/2020\/07\/17.jpg 710w, https:\/\/sagradafamilia-tickets.com\/wp-content\/uploads\/2020\/07\/17-254x300.jpg 254w, https:\/\/sagradafamilia-tickets.com\/wp-content\/uploads\/2020\/07\/17-600x707.jpg 600w\" sizes=\"(max-width: 710px) 100vw, 710px\" \/>\t\t\t\t\t\t\t\t\t\t\t\t\t\t<\/div>\n\t\t\t\t\t\t<\/div>\n\t\t\t\t<\/div>\n\t\t\t\t\t\t<\/div>\n\t\t\t\t\t<\/div>\n\t\t<\/div>\n\t\t\t\t\t\t\t\t<\/div>\n\t\t\t\t\t<\/div>\n\t\t<\/section>\n\t\t\t\t<section class=\"elementor-section elementor-top-section elementor-element elementor-element-e9624b3 elementor-section-content-middle elementor-reverse-tablet elementor-reverse-mobile elementor-section-boxed elementor-section-height-default elementor-section-height-default\" data-id=\"e9624b3\" data-element_type=\"section\">\n\t\t\t\t\t\t<div class=\"elementor-container elementor-column-gap-default\">\n\t\t\t\t\t\t\t<div class=\"elementor-row\">\n\t\t\t\t\t<div class=\"elementor-column elementor-col-100 elementor-top-column elementor-element elementor-element-89cd4b1\" data-id=\"89cd4b1\" data-element_type=\"column\">\n\t\t\t<div class=\"elementor-column-wrap elementor-element-populated\">\n\t\t\t\t\t\t\t<div class=\"elementor-widget-wrap\">\n\t\t\t\t\t\t<div class=\"elementor-element elementor-element-5c9c0b1 elementor-widget elementor-widget-text-editor\" data-id=\"5c9c0b1\" data-element_type=\"widget\" data-widget_type=\"text-editor.default\">\n\t\t\t\t<div class=\"elementor-widget-container\">\n\t\t\t\t\t\t\t\t<div class=\"elementor-text-editor elementor-clearfix\">\n\t\t\t\t<p>La torre de la Virgen Mar\u00eda es muy importante y se coloca frente a Jes\u00fas, aunque un poco m\u00e1s peque\u00f1a que las torres de los evangelistas, con una altura de 123 metros. En el centro de todos ellos se encuentra la Torre de Jesucristo, que tendr\u00e1 172.50 metros de altura, y esto har\u00e1 de la Sagrada Fam\u00edlia la iglesia m\u00e1s alta del mundo una vez finalizada. Adem\u00e1s, la altura de la Torre Central fue intencionalmente dise\u00f1ada por Gaud\u00ed para ser un metro m\u00e1s corta que la colina de Montju\u00efc en Barcelona, la colina m\u00e1s alta de la ciudad, porque cre\u00eda que su edificio no deb\u00eda ser m\u00e1s alto que la obra de Dios.<\/p>\t\t\t\t\t<\/div>\n\t\t\t\t\t\t<\/div>\n\t\t\t\t<\/div>\n\t\t\t\t\t\t<\/div>\n\t\t\t\t\t<\/div>\n\t\t<\/div>\n\t\t\t\t\t\t\t\t<\/div>\n\t\t\t\t\t<\/div>\n\t\t<\/section>\n\t\t\t\t<section class=\"elementor-section elementor-top-section elementor-element elementor-element-0cf5462 elementor-section-content-middle elementor-reverse-tablet elementor-reverse-mobile elementor-section-boxed elementor-section-height-default elementor-section-height-default\" data-id=\"0cf5462\" data-element_type=\"section\">\n\t\t\t\t\t\t<div class=\"elementor-container elementor-column-gap-default\">\n\t\t\t\t\t\t\t<div class=\"elementor-row\">\n\t\t\t\t\t<div class=\"elementor-column elementor-col-50 elementor-top-column elementor-element elementor-element-fe2858f\" data-id=\"fe2858f\" data-element_type=\"column\">\n\t\t\t<div class=\"elementor-column-wrap elementor-element-populated\">\n\t\t\t\t\t\t\t<div class=\"elementor-widget-wrap\">\n\t\t\t\t\t\t<div class=\"elementor-element elementor-element-ce863e0 elementor-widget elementor-widget-image\" data-id=\"ce863e0\" data-element_type=\"widget\" data-widget_type=\"image.default\">\n\t\t\t\t<div class=\"elementor-widget-container\">\n\t\t\t\t\t\t\t\t<div class=\"elementor-image\">\n\t\t\t\t\t\t\t\t\t\t\t\t<img width=\"713\" height=\"687\" src=\"https:\/\/sagradafamilia-tickets.com\/wp-content\/uploads\/2020\/07\/lift.jpg\" class=\"attachment-large size-large wp-image-3912\" alt=\"\" loading=\"lazy\" srcset=\"https:\/\/sagradafamilia-tickets.com\/wp-content\/uploads\/2020\/07\/lift.jpg 713w, https:\/\/sagradafamilia-tickets.com\/wp-content\/uploads\/2020\/07\/lift-300x289.jpg 300w, https:\/\/sagradafamilia-tickets.com\/wp-content\/uploads\/2020\/07\/lift-600x578.jpg 600w\" sizes=\"(max-width: 713px) 100vw, 713px\" \/>\t\t\t\t\t\t\t\t\t\t\t\t\t\t<\/div>\n\t\t\t\t\t\t<\/div>\n\t\t\t\t<\/div>\n\t\t\t\t\t\t<\/div>\n\t\t\t\t\t<\/div>\n\t\t<\/div>\n\t\t\t\t<div class=\"elementor-column elementor-col-50 elementor-top-column elementor-element elementor-element-21ba569\" data-id=\"21ba569\" data-element_type=\"column\">\n\t\t\t<div class=\"elementor-column-wrap elementor-element-populated\">\n\t\t\t\t\t\t\t<div class=\"elementor-widget-wrap\">\n\t\t\t\t\t\t<div class=\"elementor-element elementor-element-23a2b41 elementor-widget elementor-widget-heading\" data-id=\"23a2b41\" data-element_type=\"widget\" data-widget_type=\"heading.default\">\n\t\t\t\t<div class=\"elementor-widget-container\">\n\t\t\t<h2 class=\"elementor-heading-title elementor-size-default\">Subir a las torres de la Sagrada Fam\u00edlia<\/h2>\t\t<\/div>\n\t\t\t\t<\/div>\n\t\t\t\t<div class=\"elementor-element elementor-element-b0ff5f6 elementor-widget-divider--view-line elementor-widget elementor-widget-divider\" data-id=\"b0ff5f6\" data-element_type=\"widget\" data-widget_type=\"divider.default\">\n\t\t\t\t<div class=\"elementor-widget-container\">\n\t\t\t\t\t<div class=\"elementor-divider\">\n\t\t\t<span class=\"elementor-divider-separator\">\n\t\t\t\t\t\t<\/span>\n\t\t<\/div>\n\t\t\t\t<\/div>\n\t\t\t\t<\/div>\n\t\t\t\t<div class=\"elementor-element elementor-element-3595f94 elementor-widget elementor-widget-text-editor\" data-id=\"3595f94\" data-element_type=\"widget\" data-widget_type=\"text-editor.default\">\n\t\t\t\t<div class=\"elementor-widget-container\">\n\t\t\t\t\t\t\t\t<div class=\"elementor-text-editor elementor-clearfix\">\n\t\t\t\t<p>Las Torres de la Fachada de la Natividad y la Fachada de la Pasi\u00f3n est\u00e1n terminadas y est\u00e1n abiertas para los visitantes durante todo el a\u00f1o, por un costo adicional a la entrada general. Ofrecen una vista espectacular de la ciudad de Barcelona con el Mar Mediterr\u00e1neo. Una vez que las torres centrales y las torres de la Fachada Gloria est\u00e9n terminadas, tambi\u00e9n ser\u00e1n accesibles al p\u00fablico. El camino para subir a las torres es a trav\u00e9s de un ascensor; hay uno en cada fachada para subir y disfrutar de las impresionantes vistas que ofrecen. Por motivos de seguridad, no se recomienda subir a personas con problemas de movilidad, pues el descenso hay que hacerlo por escaleras.<\/p>\n\t\t\t\t\t<\/div>\n\t\t\t\t\t\t<\/div>\n\t\t\t\t<\/div>\n\t\t\t\t\t\t<\/div>\n\t\t\t\t\t<\/div>\n\t\t<\/div>\n\t\t\t\t\t\t\t\t<\/div>\n\t\t\t\t\t<\/div>\n\t\t<\/section>\n\t\t\t\t<section class=\"elementor-section elementor-top-section elementor-element elementor-element-149e165 elementor-section-content-middle elementor-reverse-tablet elementor-reverse-mobile elementor-section-boxed elementor-section-height-default elementor-section-height-default\" data-id=\"149e165\" data-element_type=\"section\">\n\t\t\t\t\t\t<div class=\"elementor-container elementor-column-gap-default\">\n\t\t\t\t\t\t\t<div class=\"elementor-row\">\n\t\t\t\t\t<div class=\"elementor-column elementor-col-100 elementor-top-column elementor-element elementor-element-64cb862\" data-id=\"64cb862\" data-element_type=\"column\">\n\t\t\t<div class=\"elementor-column-wrap elementor-element-populated\">\n\t\t\t\t\t\t\t<div class=\"elementor-widget-wrap\">\n\t\t\t\t\t\t<div class=\"elementor-element elementor-element-b1d85ca elementor-align-center elementor-widget elementor-widget-button\" data-id=\"b1d85ca\" data-element_type=\"widget\" data-widget_type=\"button.default\">\n\t\t\t\t<div class=\"elementor-widget-container\">\n\t\t\t\t\t<div class=\"elementor-button-wrapper\">\n\t\t\t<a href=\"https:\/\/sagradafamilia-tickets.com\/es\/entradas-sagrada-familia\/\" class=\"elementor-button-link elementor-button elementor-size-sm\" role=\"button\">\n\t\t\t\t\t\t<span class=\"elementor-button-content-wrapper\">\n\t\t\t\t\t\t<span class=\"elementor-button-text\">Consigue tus entradas<\/span>\n\t\t<\/span>\n\t\t\t\t\t<\/a>\n\t\t<\/div>\n\t\t\t\t<\/div>\n\t\t\t\t<\/div>\n\t\t\t\t\t\t<\/div>\n\t\t\t\t\t<\/div>\n\t\t<\/div>\n\t\t\t\t\t\t\t\t<\/div>\n\t\t\t\t\t<\/div>\n\t\t<\/section>\n\t\t\t\t\t\t\t\t\t<\/div>\n\t\t\t<\/div>\n\t\t\t\t\t<\/div>\n\t\t","protected":false},"excerpt":{"rendered":"<p>Torres de la Sagrada Fam\u00edlia COVID-19: COVID-19: Para garantizar la salud de todos, la Sagrada Fam\u00edlia est\u00e1 aplicando todas las medidas de salud establecidas por el Ministerio de Sanidad espa\u00f1ol Consulte aqu\u00ed las normas a cumplir para los visitantes. La Sagrada Fam\u00edlia fue imaginada por Antoni Gaud\u00ed con un total de 18 torres o agujas, &hellip;<\/p>\n<p class=\"read-more\"> <a class=\"\" href=\"https:\/\/sagradafamilia-tickets.com\/es\/visita-sagrada-familia\/las-torres\/\"> <span class=\"screen-reader-text\">Las Torres de la Sagrada Familia<\/span> Leer m\u00e1s &raquo;<\/a><\/p>\n","protected":false},"author":3,"featured_media":0,"parent":3965,"menu_order":0,"comment_status":"closed","ping_status":"closed","template":"","meta":{"site-sidebar-layout":"no-sidebar","site-content-layout":"page-builder","ast-global-header-display":"","ast-main-header-display":"","ast-hfb-above-header-display":"","ast-hfb-below-header-display":"","ast-hfb-mobile-header-display":"","site-post-title":"disabled","ast-breadcrumbs-content":"","ast-featured-img":"disabled","footer-sml-layout":"","theme-transparent-header-meta":"default","adv-header-id-meta":"","stick-header-meta":"","header-above-stick-meta":"","header-main-stick-meta":"","header-below-stick-meta":""},"yoast_head":"<!-- This site is optimized with the Yoast SEO plugin v20.4 - https:\/\/yoast.com\/wordpress\/plugins\/seo\/ -->\n<title>Torres de la Sagrada Familia | Informaci\u00f3n de la Sagrada Familia<\/title>\n<meta name=\"description\" content=\"Antoni Gaud\u00ed designed la Sagrada Familia with 18 Towers in total, each one represents an important religious figure with Jesus at the centre, learn more here!\" \/>\n<meta name=\"robots\" content=\"noindex, follow, max-snippet:-1, max-image-preview:large, max-video-preview:-1\" \/>\n<meta property=\"og:locale\" content=\"es_ES\" \/>\n<meta property=\"og:type\" content=\"article\" \/>\n<meta property=\"og:title\" content=\"Torres de la Sagrada Familia | Informaci\u00f3n de la Sagrada Familia\" \/>\n<meta property=\"og:description\" content=\"Antoni Gaud\u00ed designed la Sagrada Familia with 18 Towers in total, each one represents an important religious figure with Jesus at the centre, learn more here!\" \/>\n<meta property=\"og:url\" content=\"https:\/\/sagradafamilia-tickets.com\/visit-sagrada-familia\/towers\/\" \/>\n<meta property=\"og:site_name\" content=\"Sagrada Familia Barcelona\" \/>\n<meta property=\"article:modified_time\" content=\"2023-01-04T15:38:17+00:00\" \/>\n<meta property=\"og:image\" content=\"https:\/\/sagradafamilia-tickets.com\/wp-content\/uploads\/2020\/07\/15.jpg\" \/>\n<meta name=\"twitter:card\" content=\"summary_large_image\" \/>\n<meta name=\"twitter:label1\" content=\"Tiempo de lectura\" \/>\n\t<meta name=\"twitter:data1\" content=\"7 minutos\" \/>\n<script type=\"application\/ld+json\" class=\"yoast-schema-graph\">{\"@context\":\"https:\/\/schema.org\",\"@graph\":[{\"@type\":\"WebPage\",\"@id\":\"https:\/\/sagradafamilia-tickets.com\/visit-sagrada-familia\/towers\/\",\"url\":\"https:\/\/sagradafamilia-tickets.com\/visit-sagrada-familia\/towers\/\",\"name\":\"Torres de la Sagrada Familia | Informaci\u00f3n de la Sagrada Familia\",\"isPartOf\":{\"@id\":\"https:\/\/sagradafamilia-tickets.com\/#website\"},\"datePublished\":\"2020-07-08T15:43:29+00:00\",\"dateModified\":\"2023-01-04T15:38:17+00:00\",\"description\":\"Antoni Gaud\u00ed designed la Sagrada Familia with 18 Towers in total, each one represents an important religious figure with Jesus at the centre, learn more here!\",\"breadcrumb\":{\"@id\":\"https:\/\/sagradafamilia-tickets.com\/visit-sagrada-familia\/towers\/#breadcrumb\"},\"inLanguage\":\"es\",\"potentialAction\":[{\"@type\":\"ReadAction\",\"target\":[\"https:\/\/sagradafamilia-tickets.com\/visit-sagrada-familia\/towers\/\"]}]},{\"@type\":\"BreadcrumbList\",\"@id\":\"https:\/\/sagradafamilia-tickets.com\/visit-sagrada-familia\/towers\/#breadcrumb\",\"itemListElement\":[{\"@type\":\"ListItem\",\"position\":1,\"name\":\"Home\",\"item\":\"https:\/\/sagradafamilia-tickets.com\/\"},{\"@type\":\"ListItem\",\"position\":2,\"name\":\"Visita la Sagrada Familia\",\"item\":\"https:\/\/sagradafamilia-tickets.com\/visit-sagrada-familia\/\"},{\"@type\":\"ListItem\",\"position\":3,\"name\":\"Las Torres de la Sagrada Familia\"}]},{\"@type\":\"WebSite\",\"@id\":\"https:\/\/sagradafamilia-tickets.com\/#website\",\"url\":\"https:\/\/sagradafamilia-tickets.com\/\",\"name\":\"Sagrada Familia Barcelona\",\"description\":\"Book Your Tickets &amp; Tours\",\"publisher\":{\"@id\":\"https:\/\/sagradafamilia-tickets.com\/#organization\"},\"potentialAction\":[{\"@type\":\"SearchAction\",\"target\":{\"@type\":\"EntryPoint\",\"urlTemplate\":\"https:\/\/sagradafamilia-tickets.com\/?s={search_term_string}\"},\"query-input\":\"required name=search_term_string\"}],\"inLanguage\":\"es\"},{\"@type\":\"Organization\",\"@id\":\"https:\/\/sagradafamilia-tickets.com\/#organization\",\"name\":\"Sagrada Familia Barcelona\",\"url\":\"https:\/\/sagradafamilia-tickets.com\/\",\"logo\":{\"@type\":\"ImageObject\",\"inLanguage\":\"es\",\"@id\":\"https:\/\/sagradafamilia-tickets.com\/#\/schema\/logo\/image\/\",\"url\":\"https:\/\/sagradafamilia-tickets.com\/wp-content\/uploads\/2022\/08\/Sagrada-Familia-Tick.png\",\"contentUrl\":\"https:\/\/sagradafamilia-tickets.com\/wp-content\/uploads\/2022\/08\/Sagrada-Familia-Tick.png\",\"width\":526,\"height\":50,\"caption\":\"Sagrada Familia Barcelona\"},\"image\":{\"@id\":\"https:\/\/sagradafamilia-tickets.com\/#\/schema\/logo\/image\/\"}}]}<\/script>\n<!-- \/ Yoast SEO plugin. -->","yoast_head_json":{"title":"Torres de la Sagrada Familia | Informaci\u00f3n de la Sagrada Familia","description":"Antoni Gaud\u00ed designed la Sagrada Familia with 18 Towers in total, each one represents an important religious figure with Jesus at the centre, learn more here!","robots":{"index":"noindex","follow":"follow","max-snippet":"max-snippet:-1","max-image-preview":"max-image-preview:large","max-video-preview":"max-video-preview:-1"},"og_locale":"es_ES","og_type":"article","og_title":"Torres de la Sagrada Familia | Informaci\u00f3n de la Sagrada Familia","og_description":"Antoni Gaud\u00ed designed la Sagrada Familia with 18 Towers in total, each one represents an important religious figure with Jesus at the centre, learn more here!","og_url":"https:\/\/sagradafamilia-tickets.com\/visit-sagrada-familia\/towers\/","og_site_name":"Sagrada Familia Barcelona","article_modified_time":"2023-01-04T15:38:17+00:00","og_image":[{"url":"https:\/\/sagradafamilia-tickets.com\/wp-content\/uploads\/2020\/07\/15.jpg"}],"twitter_card":"summary_large_image","twitter_misc":{"Tiempo de lectura":"7 minutos"},"schema":{"@context":"https:\/\/schema.org","@graph":[{"@type":"WebPage","@id":"https:\/\/sagradafamilia-tickets.com\/visit-sagrada-familia\/towers\/","url":"https:\/\/sagradafamilia-tickets.com\/visit-sagrada-familia\/towers\/","name":"Torres de la Sagrada Familia | Informaci\u00f3n de la Sagrada Familia","isPartOf":{"@id":"https:\/\/sagradafamilia-tickets.com\/#website"},"datePublished":"2020-07-08T15:43:29+00:00","dateModified":"2023-01-04T15:38:17+00:00","description":"Antoni Gaud\u00ed designed la Sagrada Familia with 18 Towers in total, each one represents an important religious figure with Jesus at the centre, learn more here!","breadcrumb":{"@id":"https:\/\/sagradafamilia-tickets.com\/visit-sagrada-familia\/towers\/#breadcrumb"},"inLanguage":"es","potentialAction":[{"@type":"ReadAction","target":["https:\/\/sagradafamilia-tickets.com\/visit-sagrada-familia\/towers\/"]}]},{"@type":"BreadcrumbList","@id":"https:\/\/sagradafamilia-tickets.com\/visit-sagrada-familia\/towers\/#breadcrumb","itemListElement":[{"@type":"ListItem","position":1,"name":"Home","item":"https:\/\/sagradafamilia-tickets.com\/"},{"@type":"ListItem","position":2,"name":"Visita la Sagrada Familia","item":"https:\/\/sagradafamilia-tickets.com\/visit-sagrada-familia\/"},{"@type":"ListItem","position":3,"name":"Las Torres de la Sagrada Familia"}]},{"@type":"WebSite","@id":"https:\/\/sagradafamilia-tickets.com\/#website","url":"https:\/\/sagradafamilia-tickets.com\/","name":"Sagrada Familia Barcelona","description":"Book Your Tickets &amp; Tours","publisher":{"@id":"https:\/\/sagradafamilia-tickets.com\/#organization"},"potentialAction":[{"@type":"SearchAction","target":{"@type":"EntryPoint","urlTemplate":"https:\/\/sagradafamilia-tickets.com\/?s={search_term_string}"},"query-input":"required name=search_term_string"}],"inLanguage":"es"},{"@type":"Organization","@id":"https:\/\/sagradafamilia-tickets.com\/#organization","name":"Sagrada Familia Barcelona","url":"https:\/\/sagradafamilia-tickets.com\/","logo":{"@type":"ImageObject","inLanguage":"es","@id":"https:\/\/sagradafamilia-tickets.com\/#\/schema\/logo\/image\/","url":"https:\/\/sagradafamilia-tickets.com\/wp-content\/uploads\/2022\/08\/Sagrada-Familia-Tick.png","contentUrl":"https:\/\/sagradafamilia-tickets.com\/wp-content\/uploads\/2022\/08\/Sagrada-Familia-Tick.png","width":526,"height":50,"caption":"Sagrada Familia Barcelona"},"image":{"@id":"https:\/\/sagradafamilia-tickets.com\/#\/schema\/logo\/image\/"}}]}},"_links":{"self":[{"href":"https:\/\/sagradafamilia-tickets.com\/es\/wp-json\/wp\/v2\/pages\/3979"}],"collection":[{"href":"https:\/\/sagradafamilia-tickets.com\/es\/wp-json\/wp\/v2\/pages"}],"about":[{"href":"https:\/\/sagradafamilia-tickets.com\/es\/wp-json\/wp\/v2\/types\/page"}],"author":[{"embeddable":true,"href":"https:\/\/sagradafamilia-tickets.com\/es\/wp-json\/wp\/v2\/users\/3"}],"replies":[{"embeddable":true,"href":"https:\/\/sagradafamilia-tickets.com\/es\/wp-json\/wp\/v2\/comments?post=3979"}],"version-history":[{"count":35,"href":"https:\/\/sagradafamilia-tickets.com\/es\/wp-json\/wp\/v2\/pages\/3979\/revisions"}],"predecessor-version":[{"id":52047,"href":"https:\/\/sagradafamilia-tickets.com\/es\/wp-json\/wp\/v2\/pages\/3979\/revisions\/52047"}],"up":[{"embeddable":true,"href":"https:\/\/sagradafamilia-tickets.com\/es\/wp-json\/wp\/v2\/pages\/3965"}],"wp:attachment":[{"href":"https:\/\/sagradafamilia-tickets.com\/es\/wp-json\/wp\/v2\/media?parent=3979"}],"curies":[{"name":"wp","href":"https:\/\/api.w.org\/{rel}","templated":true}]}}